{"id":617,"date":"2012-01-27T14:42:46","date_gmt":"2012-01-27T14:42:46","guid":{"rendered":"http:\/\/www.erfahrungsfeld-schoen-und-gut.de\/?page_id=617"},"modified":"2025-12-05T08:50:08","modified_gmt":"2025-12-05T08:50:08","slug":"chronologie-neu","status":"publish","type":"page","link":"https:\/\/www.erfahrungsfeld-schoen-und-gut.de\/?page_id=617","title":{"rendered":"Chronologie"},"content":{"rendered":"<h3>30. September 2025:<\/h3>\n<p>Im September konnte mit einer gro\u00dfz\u00fcgigen finanziellen Unterst\u00fctzung des Zonta Club Siegen Area &#8211; <span style=\"color: #ff0000;\">Dankesch\u00f6n \ud83d\ude42<\/span> &#8211; die \u201aZOASE&#8216; im Erfahrungsfeld SCH\u00d6NUNDGUT eingeweiht werden. Dieses Projekt wurde auf dem Gel\u00e4nde der Hoppmann Stiftung mit den Teilnehmenden der Gartenwerkstatt, der Jugendwerkstatt sowie der Produktionsschule Siegen realisiert.<\/p>\n<p>Am Tag der offiziellen Einwihung am 15. September standen die Teilnehmenden aus den beteiligten Werkst\u00e4tten im Zentrum. Mit ihrer Arbeit der letzten Wochen haben sie die Umsetzung des Projektes tatkr\u00e4ftig erst erm\u00f6glicht. Die ZOASE soll sich im Laufe der Zeit auch weiterentwickeln und ver\u00e4ndern.<\/p>\n<p><a href=\"http:\/\/www.erfahrungsfeld-schoen-und-gut.de\/wp-content\/uploads\/2025\/11\/Zoase-1.jpeg\"><img loading=\"lazy\" decoding=\"async\" class=\"alignnone size-medium wp-image-2417\" src=\"http:\/\/www.erfahrungsfeld-schoen-und-gut.de\/wp-content\/uploads\/2025\/11\/Zoase-1-300x225.jpeg\" alt=\"\" width=\"300\" height=\"225\" srcset=\"https:\/\/www.erfahrungsfeld-schoen-und-gut.de\/wp-content\/uploads\/2025\/11\/Zoase-1-300x225.jpeg 300w, https:\/\/www.erfahrungsfeld-schoen-und-gut.de\/wp-content\/uploads\/2025\/11\/Zoase-1-1024x768.jpeg 1024w, https:\/\/www.erfahrungsfeld-schoen-und-gut.de\/wp-content\/uploads\/2025\/11\/Zoase-1-768x576.jpeg 768w, https:\/\/www.erfahrungsfeld-schoen-und-gut.de\/wp-content\/uploads\/2025\/11\/Zoase-1-1536x1152.jpeg 1536w, https:\/\/www.erfahrungsfeld-schoen-und-gut.de\/wp-content\/uploads\/2025\/11\/Zoase-1-400x300.jpeg 400w, https:\/\/www.erfahrungsfeld-schoen-und-gut.de\/wp-content\/uploads\/2025\/11\/Zoase-1.jpeg 1600w\" sizes=\"auto, (max-width: 300px) 100vw, 300px\" \/><\/a> <a href=\"http:\/\/www.erfahrungsfeld-schoen-und-gut.de\/wp-content\/uploads\/2025\/11\/Zoase-2.jpeg\"><img loading=\"lazy\" decoding=\"async\" class=\"alignnone size-medium wp-image-2416\" src=\"http:\/\/www.erfahrungsfeld-schoen-und-gut.de\/wp-content\/uploads\/2025\/11\/Zoase-2-300x225.jpeg\" alt=\"\" width=\"300\" height=\"225\" srcset=\"https:\/\/www.erfahrungsfeld-schoen-und-gut.de\/wp-content\/uploads\/2025\/11\/Zoase-2-300x225.jpeg 300w, https:\/\/www.erfahrungsfeld-schoen-und-gut.de\/wp-content\/uploads\/2025\/11\/Zoase-2-1024x768.jpeg 1024w, https:\/\/www.erfahrungsfeld-schoen-und-gut.de\/wp-content\/uploads\/2025\/11\/Zoase-2-768x576.jpeg 768w, https:\/\/www.erfahrungsfeld-schoen-und-gut.de\/wp-content\/uploads\/2025\/11\/Zoase-2-1536x1152.jpeg 1536w, https:\/\/www.erfahrungsfeld-schoen-und-gut.de\/wp-content\/uploads\/2025\/11\/Zoase-2-400x300.jpeg 400w, https:\/\/www.erfahrungsfeld-schoen-und-gut.de\/wp-content\/uploads\/2025\/11\/Zoase-2.jpeg 1600w\" sizes=\"auto, (max-width: 300px) 100vw, 300px\" \/><\/a><\/p>\n<h3>Mai 2025:<\/h3>\n<p>Das Au\u00dfengel\u00e4nde der Gartenwerkstatt wurde neu gestaltet und dadurch erheblich aufgewertet. Allen Beteiligten gilt unser herzlicher Dank!!!<\/p>\n<p><a href=\"http:\/\/www.erfahrungsfeld-schoen-und-gut.de\/wp-content\/uploads\/2025\/11\/2006-05-Aussengelaende-002.jpeg\"><img loading=\"lazy\" decoding=\"async\" class=\"alignnone size-medium wp-image-2413\" src=\"http:\/\/www.erfahrungsfeld-schoen-und-gut.de\/wp-content\/uploads\/2025\/11\/2006-05-Aussengelaende-002-300x225.jpeg\" alt=\"\" width=\"300\" height=\"225\" srcset=\"https:\/\/www.erfahrungsfeld-schoen-und-gut.de\/wp-content\/uploads\/2025\/11\/2006-05-Aussengelaende-002-300x225.jpeg 300w, https:\/\/www.erfahrungsfeld-schoen-und-gut.de\/wp-content\/uploads\/2025\/11\/2006-05-Aussengelaende-002-1024x768.jpeg 1024w, https:\/\/www.erfahrungsfeld-schoen-und-gut.de\/wp-content\/uploads\/2025\/11\/2006-05-Aussengelaende-002-768x576.jpeg 768w, https:\/\/www.erfahrungsfeld-schoen-und-gut.de\/wp-content\/uploads\/2025\/11\/2006-05-Aussengelaende-002-1536x1152.jpeg 1536w, https:\/\/www.erfahrungsfeld-schoen-und-gut.de\/wp-content\/uploads\/2025\/11\/2006-05-Aussengelaende-002-400x300.jpeg 400w, https:\/\/www.erfahrungsfeld-schoen-und-gut.de\/wp-content\/uploads\/2025\/11\/2006-05-Aussengelaende-002.jpeg 1600w\" sizes=\"auto, (max-width: 300px) 100vw, 300px\" \/>\u00a0 <\/a><a href=\"http:\/\/www.erfahrungsfeld-schoen-und-gut.de\/wp-content\/uploads\/2025\/11\/2006-05-Aussengelaende-001.jpeg\"><img loading=\"lazy\" decoding=\"async\" class=\"alignnone size-medium wp-image-2414\" src=\"http:\/\/www.erfahrungsfeld-schoen-und-gut.de\/wp-content\/uploads\/2025\/11\/2006-05-Aussengelaende-001-300x225.jpeg\" alt=\"\" width=\"300\" height=\"225\" srcset=\"https:\/\/www.erfahrungsfeld-schoen-und-gut.de\/wp-content\/uploads\/2025\/11\/2006-05-Aussengelaende-001-300x225.jpeg 300w, https:\/\/www.erfahrungsfeld-schoen-und-gut.de\/wp-content\/uploads\/2025\/11\/2006-05-Aussengelaende-001-1024x768.jpeg 1024w, https:\/\/www.erfahrungsfeld-schoen-und-gut.de\/wp-content\/uploads\/2025\/11\/2006-05-Aussengelaende-001-768x576.jpeg 768w, https:\/\/www.erfahrungsfeld-schoen-und-gut.de\/wp-content\/uploads\/2025\/11\/2006-05-Aussengelaende-001-1536x1152.jpeg 1536w, https:\/\/www.erfahrungsfeld-schoen-und-gut.de\/wp-content\/uploads\/2025\/11\/2006-05-Aussengelaende-001-400x300.jpeg 400w, https:\/\/www.erfahrungsfeld-schoen-und-gut.de\/wp-content\/uploads\/2025\/11\/2006-05-Aussengelaende-001.jpeg 1600w\" sizes=\"auto, (max-width: 300px) 100vw, 300px\" \/><\/a><\/p>\n<h3>April 2025:<\/h3>\n<p>Der Anstrich der &#8222;alten&#8220; Jugendwerkstatt war nach fast 15 Jahren f\u00e4llig. Es hat sich gelohnt \ud83d\ude42 !!!<\/p>\n<p><a href=\"http:\/\/www.erfahrungsfeld-schoen-und-gut.de\/wp-content\/uploads\/2025\/11\/2025-06-Malerarbeiten.jpeg\"><img loading=\"lazy\" decoding=\"async\" class=\"alignnone size-medium wp-image-2415\" src=\"http:\/\/www.erfahrungsfeld-schoen-und-gut.de\/wp-content\/uploads\/2025\/11\/2025-06-Malerarbeiten-300x225.jpeg\" alt=\"\" width=\"300\" height=\"225\" srcset=\"https:\/\/www.erfahrungsfeld-schoen-und-gut.de\/wp-content\/uploads\/2025\/11\/2025-06-Malerarbeiten-300x225.jpeg 300w, https:\/\/www.erfahrungsfeld-schoen-und-gut.de\/wp-content\/uploads\/2025\/11\/2025-06-Malerarbeiten-1024x768.jpeg 1024w, https:\/\/www.erfahrungsfeld-schoen-und-gut.de\/wp-content\/uploads\/2025\/11\/2025-06-Malerarbeiten-768x576.jpeg 768w, https:\/\/www.erfahrungsfeld-schoen-und-gut.de\/wp-content\/uploads\/2025\/11\/2025-06-Malerarbeiten-1536x1152.jpeg 1536w, https:\/\/www.erfahrungsfeld-schoen-und-gut.de\/wp-content\/uploads\/2025\/11\/2025-06-Malerarbeiten-400x300.jpeg 400w, https:\/\/www.erfahrungsfeld-schoen-und-gut.de\/wp-content\/uploads\/2025\/11\/2025-06-Malerarbeiten.jpeg 2048w\" sizes=\"auto, (max-width: 300px) 100vw, 300px\" \/><\/a><\/p>\n<h3>M\u00e4rz 2025:<\/h3>\n<p>In Eigenarbeit wurde der Bereich vor dem Caf\u00e9 neu gepflastert. Sch\u00f6n, oder?<\/p>\n<p><a href=\"http:\/\/www.erfahrungsfeld-schoen-und-gut.de\/wp-content\/uploads\/2025\/11\/Cafeflaeche-gepflastert.jpeg\"><img loading=\"lazy\" decoding=\"async\" class=\"alignnone size-medium wp-image-2411\" src=\"http:\/\/www.erfahrungsfeld-schoen-und-gut.de\/wp-content\/uploads\/2025\/11\/Cafeflaeche-gepflastert-300x225.jpeg\" alt=\"\" width=\"300\" height=\"225\" srcset=\"https:\/\/www.erfahrungsfeld-schoen-und-gut.de\/wp-content\/uploads\/2025\/11\/Cafeflaeche-gepflastert-300x225.jpeg 300w, https:\/\/www.erfahrungsfeld-schoen-und-gut.de\/wp-content\/uploads\/2025\/11\/Cafeflaeche-gepflastert-1024x768.jpeg 1024w, https:\/\/www.erfahrungsfeld-schoen-und-gut.de\/wp-content\/uploads\/2025\/11\/Cafeflaeche-gepflastert-768x576.jpeg 768w, https:\/\/www.erfahrungsfeld-schoen-und-gut.de\/wp-content\/uploads\/2025\/11\/Cafeflaeche-gepflastert-1536x1152.jpeg 1536w, https:\/\/www.erfahrungsfeld-schoen-und-gut.de\/wp-content\/uploads\/2025\/11\/Cafeflaeche-gepflastert-400x300.jpeg 400w, https:\/\/www.erfahrungsfeld-schoen-und-gut.de\/wp-content\/uploads\/2025\/11\/Cafeflaeche-gepflastert.jpeg 1600w\" sizes=\"auto, (max-width: 300px) 100vw, 300px\" \/><\/a><\/p>\n<h3>6. November 2024:<\/h3>\n<p>Die Hoppmann Stiftung &#8222;Demokratie im Alltag&#8220; hat mit rund 100 G\u00e4sten ihr 50-j\u00e4hriges Jubil\u00e4um in der Martinikirche in Siegen gefeiert.<\/p>\n<h3>14. September 2024:<\/h3>\n<p>Stadtteilfest Fischbacherberg<\/p>\n<p><a href=\"http:\/\/www.erfahrungsfeld-schoen-und-gut.de\/wp-content\/uploads\/2024\/10\/2024-09-14-Stadtteilfest-007-scaled.jpg\"><img loading=\"lazy\" decoding=\"async\" class=\"alignnone size-medium wp-image-2338\" src=\"http:\/\/www.erfahrungsfeld-schoen-und-gut.de\/wp-content\/uploads\/2024\/10\/2024-09-14-Stadtteilfest-007-300x169.jpg\" alt=\"\" width=\"300\" height=\"169\" srcset=\"https:\/\/www.erfahrungsfeld-schoen-und-gut.de\/wp-content\/uploads\/2024\/10\/2024-09-14-Stadtteilfest-007-300x169.jpg 300w, https:\/\/www.erfahrungsfeld-schoen-und-gut.de\/wp-content\/uploads\/2024\/10\/2024-09-14-Stadtteilfest-007-1024x576.jpg 1024w, https:\/\/www.erfahrungsfeld-schoen-und-gut.de\/wp-content\/uploads\/2024\/10\/2024-09-14-Stadtteilfest-007-768x432.jpg 768w, https:\/\/www.erfahrungsfeld-schoen-und-gut.de\/wp-content\/uploads\/2024\/10\/2024-09-14-Stadtteilfest-007-1536x864.jpg 1536w, https:\/\/www.erfahrungsfeld-schoen-und-gut.de\/wp-content\/uploads\/2024\/10\/2024-09-14-Stadtteilfest-007-2048x1152.jpg 2048w, https:\/\/www.erfahrungsfeld-schoen-und-gut.de\/wp-content\/uploads\/2024\/10\/2024-09-14-Stadtteilfest-007-500x281.jpg 500w\" sizes=\"auto, (max-width: 300px) 100vw, 300px\" \/><\/a> <a href=\"http:\/\/www.erfahrungsfeld-schoen-und-gut.de\/wp-content\/uploads\/2024\/10\/2024-09-14-Stadtteilfest-001-scaled.jpg\"><img loading=\"lazy\" decoding=\"async\" class=\"alignnone size-medium wp-image-2344\" src=\"http:\/\/www.erfahrungsfeld-schoen-und-gut.de\/wp-content\/uploads\/2024\/10\/2024-09-14-Stadtteilfest-001-300x169.jpg\" alt=\"\" width=\"300\" height=\"169\" srcset=\"https:\/\/www.erfahrungsfeld-schoen-und-gut.de\/wp-content\/uploads\/2024\/10\/2024-09-14-Stadtteilfest-001-300x169.jpg 300w, https:\/\/www.erfahrungsfeld-schoen-und-gut.de\/wp-content\/uploads\/2024\/10\/2024-09-14-Stadtteilfest-001-1024x576.jpg 1024w, https:\/\/www.erfahrungsfeld-schoen-und-gut.de\/wp-content\/uploads\/2024\/10\/2024-09-14-Stadtteilfest-001-768x432.jpg 768w, https:\/\/www.erfahrungsfeld-schoen-und-gut.de\/wp-content\/uploads\/2024\/10\/2024-09-14-Stadtteilfest-001-1536x864.jpg 1536w, https:\/\/www.erfahrungsfeld-schoen-und-gut.de\/wp-content\/uploads\/2024\/10\/2024-09-14-Stadtteilfest-001-2048x1152.jpg 2048w, https:\/\/www.erfahrungsfeld-schoen-und-gut.de\/wp-content\/uploads\/2024\/10\/2024-09-14-Stadtteilfest-001-500x281.jpg 500w\" sizes=\"auto, (max-width: 300px) 100vw, 300px\" \/><\/a><\/p>\n<h3>25. September 2024:<\/h3>\n<p>Was man mit schwerem Ger\u00e4t in kurzer Zeit alles schaffen, wurde bei der Modulierung des Au\u00dfengel\u00e4ndes von der Gartenwerkstatt deutlich. Innerhalb von wenigen Tagen konnte die Fl\u00e4che eingeebnet werden. Dabei wurden aus dem Erdreich auch unerwartet viele Ziegelsteine zu Tage gef\u00f6dert. Wer noch welche braucht, kann gerne zugreifen.<\/p>\n<p><a href=\"http:\/\/www.erfahrungsfeld-schoen-und-gut.de\/wp-content\/uploads\/2024\/12\/2024-09-20-Modulierung-Aussengelaende-scaled.jpg\"><img loading=\"lazy\" decoding=\"async\" class=\"alignnone size-medium wp-image-2378\" src=\"http:\/\/www.erfahrungsfeld-schoen-und-gut.de\/wp-content\/uploads\/2024\/12\/2024-09-20-Modulierung-Aussengelaende-300x169.jpg\" alt=\"\" width=\"300\" height=\"169\" srcset=\"https:\/\/www.erfahrungsfeld-schoen-und-gut.de\/wp-content\/uploads\/2024\/12\/2024-09-20-Modulierung-Aussengelaende-300x169.jpg 300w, https:\/\/www.erfahrungsfeld-schoen-und-gut.de\/wp-content\/uploads\/2024\/12\/2024-09-20-Modulierung-Aussengelaende-1024x576.jpg 1024w, https:\/\/www.erfahrungsfeld-schoen-und-gut.de\/wp-content\/uploads\/2024\/12\/2024-09-20-Modulierung-Aussengelaende-768x432.jpg 768w, https:\/\/www.erfahrungsfeld-schoen-und-gut.de\/wp-content\/uploads\/2024\/12\/2024-09-20-Modulierung-Aussengelaende-1536x864.jpg 1536w, https:\/\/www.erfahrungsfeld-schoen-und-gut.de\/wp-content\/uploads\/2024\/12\/2024-09-20-Modulierung-Aussengelaende-2048x1152.jpg 2048w, https:\/\/www.erfahrungsfeld-schoen-und-gut.de\/wp-content\/uploads\/2024\/12\/2024-09-20-Modulierung-Aussengelaende-500x281.jpg 500w\" sizes=\"auto, (max-width: 300px) 100vw, 300px\" \/> <\/a><a href=\"http:\/\/www.erfahrungsfeld-schoen-und-gut.de\/wp-content\/uploads\/2024\/12\/2024-09-25-Modulierung-Aussengelaende-5-scaled.jpg\"><img loading=\"lazy\" decoding=\"async\" class=\"alignnone size-medium wp-image-2376\" src=\"http:\/\/www.erfahrungsfeld-schoen-und-gut.de\/wp-content\/uploads\/2024\/12\/2024-09-25-Modulierung-Aussengelaende-5-300x169.jpg\" alt=\"\" width=\"300\" height=\"169\" srcset=\"https:\/\/www.erfahrungsfeld-schoen-und-gut.de\/wp-content\/uploads\/2024\/12\/2024-09-25-Modulierung-Aussengelaende-5-300x169.jpg 300w, https:\/\/www.erfahrungsfeld-schoen-und-gut.de\/wp-content\/uploads\/2024\/12\/2024-09-25-Modulierung-Aussengelaende-5-1024x576.jpg 1024w, https:\/\/www.erfahrungsfeld-schoen-und-gut.de\/wp-content\/uploads\/2024\/12\/2024-09-25-Modulierung-Aussengelaende-5-768x432.jpg 768w, https:\/\/www.erfahrungsfeld-schoen-und-gut.de\/wp-content\/uploads\/2024\/12\/2024-09-25-Modulierung-Aussengelaende-5-1536x864.jpg 1536w, https:\/\/www.erfahrungsfeld-schoen-und-gut.de\/wp-content\/uploads\/2024\/12\/2024-09-25-Modulierung-Aussengelaende-5-2048x1152.jpg 2048w, https:\/\/www.erfahrungsfeld-schoen-und-gut.de\/wp-content\/uploads\/2024\/12\/2024-09-25-Modulierung-Aussengelaende-5-500x281.jpg 500w\" sizes=\"auto, (max-width: 300px) 100vw, 300px\" \/><\/a><\/p>\n<p><a href=\"http:\/\/www.erfahrungsfeld-schoen-und-gut.de\/wp-content\/uploads\/2024\/12\/2024-09-20-Modulierung-Aussengelaende-Ziegelsteine-scaled.jpg\"><img loading=\"lazy\" decoding=\"async\" class=\"alignnone size-medium wp-image-2375\" src=\"http:\/\/www.erfahrungsfeld-schoen-und-gut.de\/wp-content\/uploads\/2024\/12\/2024-09-20-Modulierung-Aussengelaende-Ziegelsteine-300x169.jpg\" alt=\"\" width=\"300\" height=\"169\" srcset=\"https:\/\/www.erfahrungsfeld-schoen-und-gut.de\/wp-content\/uploads\/2024\/12\/2024-09-20-Modulierung-Aussengelaende-Ziegelsteine-300x169.jpg 300w, https:\/\/www.erfahrungsfeld-schoen-und-gut.de\/wp-content\/uploads\/2024\/12\/2024-09-20-Modulierung-Aussengelaende-Ziegelsteine-1024x576.jpg 1024w, https:\/\/www.erfahrungsfeld-schoen-und-gut.de\/wp-content\/uploads\/2024\/12\/2024-09-20-Modulierung-Aussengelaende-Ziegelsteine-768x432.jpg 768w, https:\/\/www.erfahrungsfeld-schoen-und-gut.de\/wp-content\/uploads\/2024\/12\/2024-09-20-Modulierung-Aussengelaende-Ziegelsteine-1536x864.jpg 1536w, https:\/\/www.erfahrungsfeld-schoen-und-gut.de\/wp-content\/uploads\/2024\/12\/2024-09-20-Modulierung-Aussengelaende-Ziegelsteine-2048x1152.jpg 2048w, https:\/\/www.erfahrungsfeld-schoen-und-gut.de\/wp-content\/uploads\/2024\/12\/2024-09-20-Modulierung-Aussengelaende-Ziegelsteine-500x281.jpg 500w\" sizes=\"auto, (max-width: 300px) 100vw, 300px\" \/><\/a><\/p>\n<h3>29. Juni 2024:<\/h3>\n<p>Ebenfalls anl\u00e4sslich des Jubil\u00e4ums fanden zwei Podiumsdiskussionen hintereinander auf dem Erfahrungsfeld SCH\u00d6NUNDGUT statt. Die erste Veranstaltung stand unter dem Motto \u201eDemokratie am Arbeitsplatz &#8211; Schnee von gestern oder brandaktuell?\u201c. Hierzu diskutierten unter der Moderation von Andrea Dittmann die Hoppmann Kollegen Peter Schulthoff, Stefan Langenbach und Tom Blasberg sowie Klaus Fenster von der IHK Siegen.<\/p>\n<p><a href=\"http:\/\/www.erfahrungsfeld-schoen-und-gut.de\/wp-content\/uploads\/2024\/10\/29.06.-Diskutanten-Erste-Runde-1-scaled.jpg\"><img loading=\"lazy\" decoding=\"async\" class=\"alignnone size-medium wp-image-2371\" src=\"http:\/\/www.erfahrungsfeld-schoen-und-gut.de\/wp-content\/uploads\/2024\/10\/29.06.-Diskutanten-Erste-Runde-1-300x169.jpg\" alt=\"\" width=\"300\" height=\"169\" srcset=\"https:\/\/www.erfahrungsfeld-schoen-und-gut.de\/wp-content\/uploads\/2024\/10\/29.06.-Diskutanten-Erste-Runde-1-300x169.jpg 300w, https:\/\/www.erfahrungsfeld-schoen-und-gut.de\/wp-content\/uploads\/2024\/10\/29.06.-Diskutanten-Erste-Runde-1-1024x576.jpg 1024w, https:\/\/www.erfahrungsfeld-schoen-und-gut.de\/wp-content\/uploads\/2024\/10\/29.06.-Diskutanten-Erste-Runde-1-768x432.jpg 768w, https:\/\/www.erfahrungsfeld-schoen-und-gut.de\/wp-content\/uploads\/2024\/10\/29.06.-Diskutanten-Erste-Runde-1-1536x864.jpg 1536w, https:\/\/www.erfahrungsfeld-schoen-und-gut.de\/wp-content\/uploads\/2024\/10\/29.06.-Diskutanten-Erste-Runde-1-2048x1152.jpg 2048w, https:\/\/www.erfahrungsfeld-schoen-und-gut.de\/wp-content\/uploads\/2024\/10\/29.06.-Diskutanten-Erste-Runde-1-500x281.jpg 500w\" sizes=\"auto, (max-width: 300px) 100vw, 300px\" \/><\/a><\/p>\n<p>Die zweite Runde hatte das Thema \u201eDemokratie im Alltag?! Talk und Kultur\u201c und fand unter Moderation von Ralf Schumann mit den Diskutanten Ingmar Schilz von der SPD, Samuel Wittenburg von Volt, Frank Moschner vom Verein Rabauki, Landtagsabgeordneten Jens Kamieth von der CDU und Maryam Nematullah, Vorstandsmitglied im Siegener Jugendparlament. Die tollen kulturellen Beitr\u00e4ge stammten vom Poetry-Slammer Matthias Beitzel und von Gitarrist Werner Hucks.<\/p>\n<p><a href=\"http:\/\/www.erfahrungsfeld-schoen-und-gut.de\/wp-content\/uploads\/2024\/10\/Stiftung-Podiumsdiskussion-2.jpg\"><img loading=\"lazy\" decoding=\"async\" class=\"alignnone size-medium wp-image-2368\" src=\"http:\/\/www.erfahrungsfeld-schoen-und-gut.de\/wp-content\/uploads\/2024\/10\/Stiftung-Podiumsdiskussion-2-300x169.jpg\" alt=\"\" width=\"300\" height=\"169\" srcset=\"https:\/\/www.erfahrungsfeld-schoen-und-gut.de\/wp-content\/uploads\/2024\/10\/Stiftung-Podiumsdiskussion-2-300x169.jpg 300w, https:\/\/www.erfahrungsfeld-schoen-und-gut.de\/wp-content\/uploads\/2024\/10\/Stiftung-Podiumsdiskussion-2-1024x576.jpg 1024w, https:\/\/www.erfahrungsfeld-schoen-und-gut.de\/wp-content\/uploads\/2024\/10\/Stiftung-Podiumsdiskussion-2-768x432.jpg 768w, https:\/\/www.erfahrungsfeld-schoen-und-gut.de\/wp-content\/uploads\/2024\/10\/Stiftung-Podiumsdiskussion-2-500x281.jpg 500w, https:\/\/www.erfahrungsfeld-schoen-und-gut.de\/wp-content\/uploads\/2024\/10\/Stiftung-Podiumsdiskussion-2.jpg 1386w\" sizes=\"auto, (max-width: 300px) 100vw, 300px\" \/><\/a><\/p>\n<p>Beide Formate waren total interessant und passten hervorragend zum Jubil\u00e4um der Hoppmann Stiftung Demokratie im Alltag. Beide hatten jedoch nicht die gew\u00fcnschte Resonanz, die man sich erhofft hatte und die die Veranstaltungen verdient h\u00e4tten.<\/p>\n<p>&#8212;&#8212;&#8212;&#8212;&#8212;-<\/p>\n<p>Anschlie\u00dfend bev\u00f6lkerten rund 180-200 Mitarbeitende der Hoppmann Autowelt das Gel\u00e4nde, denn die Hoppmann Stiftung hatte zur Stiftungsjubil\u00e4umsparty eingeladen. An diesem lauen Sommerabend war die Stimmung ausgelassen und locker. Alle G\u00e4ste erfreuten sich u.a. an leckeren Bratw\u00fcrstchen und kalten Getr\u00e4nke. Kurz vor Mittagnacht l\u00f6ste ein Gewitter die Verannstaltung auf. Doch es hat Spa\u00df gemacht.<\/p>\n<h3>21. Juni 2024:<\/h3>\n<p>Die Hoppmann Stiftung hatte f\u00fcr den 21. Juni ausgew\u00e4hlte G\u00e4ste ins Haus der Siegerl\u00e4nder Wirtschaft geladen. Die Einladung hatte sich an Freunde und F\u00f6rderer, Kooperationspartner, die Politik und Vertreter*innen des Unternehmens Hoppmann gerichtet. Rund 80 Personen waren der Einladung gefolgt.<\/p>\n<p>Nach einem sch\u00f6nen musikalischen Auftakt durch eine Band der Musikschule Siegen richtete die stellvertretende B\u00fcrgermeisterin ein Gru\u00dfwort an die G\u00e4ste, in der sie das Engagement der Stiftung f\u00fcr die Region und insbesondere das \u201eLeuchtturmprojekt SCH\u00d6NUNDGUT\u201c sehr lobte.<\/p>\n<p>Anschlie\u00dfend bekamen die G\u00e4ste durch verschiedene Beitr\u00e4ge seitens des Stiftungsvorstands interessante Einblicke in die Stiftungsgeschichte und auch die aktuellen Projekte.<\/p>\n<p><a href=\"http:\/\/www.erfahrungsfeld-schoen-und-gut.de\/wp-content\/uploads\/2025\/12\/2024-6-21.jpeg\"><img loading=\"lazy\" decoding=\"async\" class=\"alignnone size-medium wp-image-2423\" src=\"http:\/\/www.erfahrungsfeld-schoen-und-gut.de\/wp-content\/uploads\/2025\/12\/2024-6-21-300x169.jpeg\" alt=\"\" width=\"300\" height=\"169\" srcset=\"https:\/\/www.erfahrungsfeld-schoen-und-gut.de\/wp-content\/uploads\/2025\/12\/2024-6-21-300x169.jpeg 300w, https:\/\/www.erfahrungsfeld-schoen-und-gut.de\/wp-content\/uploads\/2025\/12\/2024-6-21-1024x576.jpeg 1024w, https:\/\/www.erfahrungsfeld-schoen-und-gut.de\/wp-content\/uploads\/2025\/12\/2024-6-21-768x432.jpeg 768w, https:\/\/www.erfahrungsfeld-schoen-und-gut.de\/wp-content\/uploads\/2025\/12\/2024-6-21-1536x864.jpeg 1536w, https:\/\/www.erfahrungsfeld-schoen-und-gut.de\/wp-content\/uploads\/2025\/12\/2024-6-21-500x281.jpeg 500w, https:\/\/www.erfahrungsfeld-schoen-und-gut.de\/wp-content\/uploads\/2025\/12\/2024-6-21.jpeg 2016w\" sizes=\"auto, (max-width: 300px) 100vw, 300px\" \/><\/a><\/p>\n<p>Die Teilnehmenden bedankten sich bei der Verabschiedung f\u00fcr die vielen guten Eindr\u00fccke, die sie \u00fcber die Stiftungsarbeit gewinnen konnten.<\/p>\n<h3>01. Januar 2024:<\/h3>\n<p>Die Gartenwerkstatt wird in Betrieb genommen. Unser Kooperationspartner hat sich hierf\u00fcr personell verst\u00e4rkt und geht nun intensiv auf die Suche nach Teilnehmer*innen.<\/p>\n<p><a href=\"http:\/\/www.erfahrungsfeld-schoen-und-gut.de\/wp-content\/uploads\/2024\/03\/Gartenwerkstatt-Mai-2023-scaled.jpg\"><img loading=\"lazy\" decoding=\"async\" class=\"alignnone size-thumbnail wp-image-2288\" src=\"http:\/\/www.erfahrungsfeld-schoen-und-gut.de\/wp-content\/uploads\/2024\/03\/Gartenwerkstatt-Mai-2023-150x150.jpg\" alt=\"\" width=\"150\" height=\"150\" srcset=\"https:\/\/www.erfahrungsfeld-schoen-und-gut.de\/wp-content\/uploads\/2024\/03\/Gartenwerkstatt-Mai-2023-150x150.jpg 150w, https:\/\/www.erfahrungsfeld-schoen-und-gut.de\/wp-content\/uploads\/2024\/03\/Gartenwerkstatt-Mai-2023-144x144.jpg 144w\" sizes=\"auto, (max-width: 150px) 100vw, 150px\" \/><\/a><\/p>\n<h3>23. September 2023:<\/h3>\n<p>Etwa 50 Hoppfrauen, Hoppm\u00e4nner und Hoppkinder trafen sich auf dem Erfahrungsfeld zu einem sogenannten <span style=\"color: #339966;\"><strong>Hoppmann-Aktionstag<\/strong><\/span>, an dessen Ende einige bemerkenswerte Objekte entstanden sind, die ab sofort auf dem Feld &#8222;zuhause&#8220; sind und der Allgemeinheit zur Nutzung und\/oder zum Staunen zur Verf\u00fcgung stehen.<\/p>\n<p><a href=\"http:\/\/www.erfahrungsfeld-schoen-und-gut.de\/wp-content\/uploads\/2023\/09\/Aktionstag-5-Schrottskulptur-1.jpg\"><img loading=\"lazy\" decoding=\"async\" class=\"alignnone size-thumbnail wp-image-2261\" src=\"http:\/\/www.erfahrungsfeld-schoen-und-gut.de\/wp-content\/uploads\/2023\/09\/Aktionstag-5-Schrottskulptur-1-150x150.jpg\" alt=\"\" width=\"150\" height=\"150\" srcset=\"https:\/\/www.erfahrungsfeld-schoen-und-gut.de\/wp-content\/uploads\/2023\/09\/Aktionstag-5-Schrottskulptur-1-150x150.jpg 150w, https:\/\/www.erfahrungsfeld-schoen-und-gut.de\/wp-content\/uploads\/2023\/09\/Aktionstag-5-Schrottskulptur-1-144x144.jpg 144w\" sizes=\"auto, (max-width: 150px) 100vw, 150px\" \/><\/a> <a href=\"http:\/\/www.erfahrungsfeld-schoen-und-gut.de\/wp-content\/uploads\/2023\/09\/Aktionstag-2-Baummobile-scaled.jpg\"><img loading=\"lazy\" decoding=\"async\" class=\"alignnone size-thumbnail wp-image-2256\" src=\"http:\/\/www.erfahrungsfeld-schoen-und-gut.de\/wp-content\/uploads\/2023\/09\/Aktionstag-2-Baummobile-150x150.jpg\" alt=\"\" width=\"150\" height=\"150\" srcset=\"https:\/\/www.erfahrungsfeld-schoen-und-gut.de\/wp-content\/uploads\/2023\/09\/Aktionstag-2-Baummobile-150x150.jpg 150w, https:\/\/www.erfahrungsfeld-schoen-und-gut.de\/wp-content\/uploads\/2023\/09\/Aktionstag-2-Baummobile-144x144.jpg 144w\" sizes=\"auto, (max-width: 150px) 100vw, 150px\" \/><\/a> <a href=\"http:\/\/www.erfahrungsfeld-schoen-und-gut.de\/wp-content\/uploads\/2023\/09\/Aktionstag-1-Haengematten-scaled.jpg\"><img loading=\"lazy\" decoding=\"async\" class=\"alignnone size-thumbnail wp-image-2255\" src=\"http:\/\/www.erfahrungsfeld-schoen-und-gut.de\/wp-content\/uploads\/2023\/09\/Aktionstag-1-Haengematten-150x150.jpg\" alt=\"\" width=\"150\" height=\"150\" srcset=\"https:\/\/www.erfahrungsfeld-schoen-und-gut.de\/wp-content\/uploads\/2023\/09\/Aktionstag-1-Haengematten-150x150.jpg 150w, https:\/\/www.erfahrungsfeld-schoen-und-gut.de\/wp-content\/uploads\/2023\/09\/Aktionstag-1-Haengematten-144x144.jpg 144w\" sizes=\"auto, (max-width: 150px) 100vw, 150px\" \/><\/a> <a href=\"http:\/\/www.erfahrungsfeld-schoen-und-gut.de\/wp-content\/uploads\/2023\/09\/Aktionstag-3-10-Esskastanien-scaled.jpg\"><img loading=\"lazy\" decoding=\"async\" class=\"alignnone size-thumbnail wp-image-2254\" src=\"http:\/\/www.erfahrungsfeld-schoen-und-gut.de\/wp-content\/uploads\/2023\/09\/Aktionstag-3-10-Esskastanien-150x150.jpg\" alt=\"\" width=\"150\" height=\"150\" srcset=\"https:\/\/www.erfahrungsfeld-schoen-und-gut.de\/wp-content\/uploads\/2023\/09\/Aktionstag-3-10-Esskastanien-150x150.jpg 150w, https:\/\/www.erfahrungsfeld-schoen-und-gut.de\/wp-content\/uploads\/2023\/09\/Aktionstag-3-10-Esskastanien-144x144.jpg 144w\" sizes=\"auto, (max-width: 150px) 100vw, 150px\" \/><\/a> <a href=\"http:\/\/www.erfahrungsfeld-schoen-und-gut.de\/wp-content\/uploads\/2023\/09\/Aktionstag-4-Bemalte-Steine-scaled.jpg\"><img loading=\"lazy\" decoding=\"async\" class=\"alignnone size-thumbnail wp-image-2253\" src=\"http:\/\/www.erfahrungsfeld-schoen-und-gut.de\/wp-content\/uploads\/2023\/09\/Aktionstag-4-Bemalte-Steine-150x150.jpg\" alt=\"\" width=\"150\" height=\"150\" srcset=\"https:\/\/www.erfahrungsfeld-schoen-und-gut.de\/wp-content\/uploads\/2023\/09\/Aktionstag-4-Bemalte-Steine-150x150.jpg 150w, https:\/\/www.erfahrungsfeld-schoen-und-gut.de\/wp-content\/uploads\/2023\/09\/Aktionstag-4-Bemalte-Steine-144x144.jpg 144w\" sizes=\"auto, (max-width: 150px) 100vw, 150px\" \/><\/a><\/p>\n<h3>1. September 2023:<\/h3>\n<p>Die Finanzierung der neuen Aktivit\u00e4t namens <strong>Gartenwerkstatt<\/strong> steht! Unser Kooperationspartner, das Katholische Jugendwerk F\u00f6rderband Siegen-Wittgenstein e.V., konnte k\u00fcrzlich verk\u00fcnden, dass die Finanzierung aus Mitteln des Europ\u00e4ischen Sozialfonds (<abbr title=\"Europ\u00e4ischer Sozialfonds\">ESF<\/abbr>) und des Bundesministeriums f\u00fcr Wohnen, Stadtentwicklung und Bauwesen (BIWAQ) bewilligt wurde.<\/p>\n<h3>12. Juni 2023:<\/h3>\n<p>Derzeit wird &#8211; aus Sicherheitsgr\u00fcnden &#8211; ein Staketenzaun rund um den L\u00f6schwasserteich installiert. Den Auftrag dazu hat dankenswerter die Jugendwerkstatt \u00fcbernommen. Die jungen Menschen bauen den Zaun unter fachlicher Anleitung auf. <strong>Vielen Dank daf\u00fcr!<\/strong> Es ieht schon jetzt sehr gut aus.<\/p>\n<p><a href=\"http:\/\/www.erfahrungsfeld-schoen-und-gut.de\/wp-content\/uploads\/2023\/06\/Staketenzaun-scaled.jpg\"><img loading=\"lazy\" decoding=\"async\" class=\"alignnone size-medium wp-image-2211\" src=\"http:\/\/www.erfahrungsfeld-schoen-und-gut.de\/wp-content\/uploads\/2023\/06\/Staketenzaun-169x300.jpg\" alt=\"\" width=\"169\" height=\"300\" srcset=\"https:\/\/www.erfahrungsfeld-schoen-und-gut.de\/wp-content\/uploads\/2023\/06\/Staketenzaun-169x300.jpg 169w, https:\/\/www.erfahrungsfeld-schoen-und-gut.de\/wp-content\/uploads\/2023\/06\/Staketenzaun-576x1024.jpg 576w, https:\/\/www.erfahrungsfeld-schoen-und-gut.de\/wp-content\/uploads\/2023\/06\/Staketenzaun-768x1365.jpg 768w, https:\/\/www.erfahrungsfeld-schoen-und-gut.de\/wp-content\/uploads\/2023\/06\/Staketenzaun-864x1536.jpg 864w, https:\/\/www.erfahrungsfeld-schoen-und-gut.de\/wp-content\/uploads\/2023\/06\/Staketenzaun-1152x2048.jpg 1152w, https:\/\/www.erfahrungsfeld-schoen-und-gut.de\/wp-content\/uploads\/2023\/06\/Staketenzaun-scaled.jpg 1440w\" sizes=\"auto, (max-width: 169px) 100vw, 169px\" \/><\/a><\/p>\n<p><a href=\"http:\/\/www.erfahrungsfeld-schoen-und-gut.de\/wp-content\/uploads\/2023\/06\/Staketenzaun-02-scaled.jpg\"><img loading=\"lazy\" decoding=\"async\" class=\"alignnone size-thumbnail wp-image-2223\" src=\"http:\/\/www.erfahrungsfeld-schoen-und-gut.de\/wp-content\/uploads\/2023\/06\/Staketenzaun-02-150x150.jpg\" alt=\"\" width=\"150\" height=\"150\" srcset=\"https:\/\/www.erfahrungsfeld-schoen-und-gut.de\/wp-content\/uploads\/2023\/06\/Staketenzaun-02-150x150.jpg 150w, https:\/\/www.erfahrungsfeld-schoen-und-gut.de\/wp-content\/uploads\/2023\/06\/Staketenzaun-02-144x144.jpg 144w\" sizes=\"auto, (max-width: 150px) 100vw, 150px\" \/><\/a><\/p>\n<p>Ach, im Sommer sieht&#8217;s immer sooo sch\u00f6n aus auf dem Gel\u00e4nde \ud83d\ude42<\/p>\n<h3>3. Mai 2023:<\/h3>\n<p>Am 3. Mai 2023 konnte das komplett neue Werkstattgeb\u00e4ude feierlich eingeweiht werden.<\/p>\n<p><a href=\"http:\/\/www.erfahrungsfeld-schoen-und-gut.de\/wp-content\/uploads\/2023\/05\/20230504_1551470-scaled.jpg\"><img loading=\"lazy\" decoding=\"async\" class=\"alignnone size-medium wp-image-2201\" src=\"http:\/\/www.erfahrungsfeld-schoen-und-gut.de\/wp-content\/uploads\/2023\/05\/20230504_1551470-300x169.jpg\" alt=\"\" width=\"300\" height=\"169\" srcset=\"https:\/\/www.erfahrungsfeld-schoen-und-gut.de\/wp-content\/uploads\/2023\/05\/20230504_1551470-300x169.jpg 300w, https:\/\/www.erfahrungsfeld-schoen-und-gut.de\/wp-content\/uploads\/2023\/05\/20230504_1551470-1024x577.jpg 1024w, https:\/\/www.erfahrungsfeld-schoen-und-gut.de\/wp-content\/uploads\/2023\/05\/20230504_1551470-768x432.jpg 768w, https:\/\/www.erfahrungsfeld-schoen-und-gut.de\/wp-content\/uploads\/2023\/05\/20230504_1551470-1536x865.jpg 1536w, https:\/\/www.erfahrungsfeld-schoen-und-gut.de\/wp-content\/uploads\/2023\/05\/20230504_1551470-2048x1153.jpg 2048w, https:\/\/www.erfahrungsfeld-schoen-und-gut.de\/wp-content\/uploads\/2023\/05\/20230504_1551470-500x282.jpg 500w\" sizes=\"auto, (max-width: 300px) 100vw, 300px\" \/><\/a><\/p>\n<p>Es hat l\u00e4nger gedauert, als wir dachten, siehe Rubrik Aktuelles. Hoffentlich werden schon in K\u00fcrze (ab 01.08.?) die ersten Teilnehmer*innen der neuen Werkstatt ihre Arbeit aufnehmen und sich dabei um Pflege, Erhalt und Weiterentwicklung des sch\u00f6nen Areals k\u00fcmmern.<\/p>\n<h3>2. September 2022:<\/h3>\n<p><strong>Er\u00f6ffnung der Installation &#8222;Plateau&#8220;:<\/strong><\/p>\n<p>Die Installation \u201ePlateau\u201c der K\u00fcnstler Max Br\u00fcck und Mathias Weinfurter enstand im Rahmen des Siegeners KUNSTSOMMER 2022. Hier, auf dem ehemaligen Gel\u00e4nde der belgischen Streitkr\u00e4fte, haben die K\u00fcnstler aus dem Schutt der Im Jahr 2009 abgerissenen Beton-Schussf\u00e4nge ein Plateau errichtet, aus dem eine einzelne Laterne herausragt. Das Dorf, aus dem diese Laterne stammt, existiert heute nicht mehr. Damit nehmen die K\u00fcnstler das gestalterische Grundprinzip des Erfahrungsfeldes auf: Materialien sollen das Gel\u00e4nde m\u00f6glichst nicht verlassen, sondern in einem stetigen Kreislauf Wiederverwendung finden.<\/p>\n<p><a href=\"http:\/\/www.erfahrungsfeld-schoen-und-gut.de\/wp-content\/uploads\/2023\/10\/Plateau.png\"><img loading=\"lazy\" decoding=\"async\" class=\"alignnone size-full wp-image-2270\" src=\"http:\/\/www.erfahrungsfeld-schoen-und-gut.de\/wp-content\/uploads\/2023\/10\/Plateau.png\" alt=\"\" width=\"250\" height=\"250\" srcset=\"https:\/\/www.erfahrungsfeld-schoen-und-gut.de\/wp-content\/uploads\/2023\/10\/Plateau.png 250w, https:\/\/www.erfahrungsfeld-schoen-und-gut.de\/wp-content\/uploads\/2023\/10\/Plateau-150x150.png 150w, https:\/\/www.erfahrungsfeld-schoen-und-gut.de\/wp-content\/uploads\/2023\/10\/Plateau-144x144.png 144w\" sizes=\"auto, (max-width: 250px) 100vw, 250px\" \/><\/a><\/p>\n<p>Dieses Projekt wurde gef\u00f6rdert durch die Stiftung der Sparkasse Siegen, das Kultur!B\u00fcro des Kreises Siegen-Wittgenstein sowie durch die Hoppmann Stiftung Demokratie im Alltag.<\/p>\n<p>Ein besonderer Dank gilt der Jugendwerkstatt.<\/p>\n<h3>9. Juli 2022:<\/h3>\n<p>Erstmalig fand an diesem Tag das FISCHI-Festival statt, das sich an Kinder und Jugendliche richtete und ihnen einen sch\u00f6n Nachmittag und Abend versprach. Und so war es dann auch. Nachfolgend einige Impressionen des Festivals:<\/p>\n<p><a href=\"http:\/\/www.erfahrungsfeld-schoen-und-gut.de\/wp-content\/uploads\/2022\/07\/Fischi-Festival-09-07-2022.jpg\"><img loading=\"lazy\" decoding=\"async\" class=\"alignnone size-medium wp-image-2185\" src=\"http:\/\/www.erfahrungsfeld-schoen-und-gut.de\/wp-content\/uploads\/2022\/07\/Fischi-Festival-09-07-2022-220x300.jpg\" alt=\"\" width=\"220\" height=\"300\" srcset=\"https:\/\/www.erfahrungsfeld-schoen-und-gut.de\/wp-content\/uploads\/2022\/07\/Fischi-Festival-09-07-2022-220x300.jpg 220w, https:\/\/www.erfahrungsfeld-schoen-und-gut.de\/wp-content\/uploads\/2022\/07\/Fischi-Festival-09-07-2022-752x1024.jpg 752w, https:\/\/www.erfahrungsfeld-schoen-und-gut.de\/wp-content\/uploads\/2022\/07\/Fischi-Festival-09-07-2022-768x1045.jpg 768w, https:\/\/www.erfahrungsfeld-schoen-und-gut.de\/wp-content\/uploads\/2022\/07\/Fischi-Festival-09-07-2022.jpg 1077w\" sizes=\"auto, (max-width: 220px) 100vw, 220px\" \/><\/a><\/p>\n<p><a href=\"http:\/\/www.erfahrungsfeld-schoen-und-gut.de\/wp-content\/uploads\/2022\/07\/L1010173-scaled.jpeg\"><img loading=\"lazy\" decoding=\"async\" class=\"alignnone size-medium wp-image-2173\" src=\"http:\/\/www.erfahrungsfeld-schoen-und-gut.de\/wp-content\/uploads\/2022\/07\/L1010173-300x200.jpeg\" alt=\"\" width=\"300\" height=\"200\" srcset=\"https:\/\/www.erfahrungsfeld-schoen-und-gut.de\/wp-content\/uploads\/2022\/07\/L1010173-300x200.jpeg 300w, https:\/\/www.erfahrungsfeld-schoen-und-gut.de\/wp-content\/uploads\/2022\/07\/L1010173-1024x683.jpeg 1024w, https:\/\/www.erfahrungsfeld-schoen-und-gut.de\/wp-content\/uploads\/2022\/07\/L1010173-768x512.jpeg 768w, https:\/\/www.erfahrungsfeld-schoen-und-gut.de\/wp-content\/uploads\/2022\/07\/L1010173-1536x1024.jpeg 1536w, https:\/\/www.erfahrungsfeld-schoen-und-gut.de\/wp-content\/uploads\/2022\/07\/L1010173-2048x1365.jpeg 2048w, https:\/\/www.erfahrungsfeld-schoen-und-gut.de\/wp-content\/uploads\/2022\/07\/L1010173-450x300.jpeg 450w\" sizes=\"auto, (max-width: 300px) 100vw, 300px\" \/><\/a> <a href=\"http:\/\/www.erfahrungsfeld-schoen-und-gut.de\/wp-content\/uploads\/2022\/07\/L1010171-scaled.jpeg\"><img loading=\"lazy\" decoding=\"async\" class=\"alignnone size-medium wp-image-2172\" src=\"http:\/\/www.erfahrungsfeld-schoen-und-gut.de\/wp-content\/uploads\/2022\/07\/L1010171-300x200.jpeg\" alt=\"\" width=\"300\" height=\"200\" srcset=\"https:\/\/www.erfahrungsfeld-schoen-und-gut.de\/wp-content\/uploads\/2022\/07\/L1010171-300x200.jpeg 300w, https:\/\/www.erfahrungsfeld-schoen-und-gut.de\/wp-content\/uploads\/2022\/07\/L1010171-1024x683.jpeg 1024w, https:\/\/www.erfahrungsfeld-schoen-und-gut.de\/wp-content\/uploads\/2022\/07\/L1010171-768x512.jpeg 768w, https:\/\/www.erfahrungsfeld-schoen-und-gut.de\/wp-content\/uploads\/2022\/07\/L1010171-1536x1024.jpeg 1536w, https:\/\/www.erfahrungsfeld-schoen-und-gut.de\/wp-content\/uploads\/2022\/07\/L1010171-2048x1365.jpeg 2048w, https:\/\/www.erfahrungsfeld-schoen-und-gut.de\/wp-content\/uploads\/2022\/07\/L1010171-450x300.jpeg 450w\" sizes=\"auto, (max-width: 300px) 100vw, 300px\" \/><\/a> <a href=\"http:\/\/www.erfahrungsfeld-schoen-und-gut.de\/wp-content\/uploads\/2022\/07\/L1010180-scaled.jpeg\"><img loading=\"lazy\" decoding=\"async\" class=\"alignnone size-medium wp-image-2176\" src=\"http:\/\/www.erfahrungsfeld-schoen-und-gut.de\/wp-content\/uploads\/2022\/07\/L1010180-200x300.jpeg\" alt=\"\" width=\"200\" height=\"300\" srcset=\"https:\/\/www.erfahrungsfeld-schoen-und-gut.de\/wp-content\/uploads\/2022\/07\/L1010180-200x300.jpeg 200w, https:\/\/www.erfahrungsfeld-schoen-und-gut.de\/wp-content\/uploads\/2022\/07\/L1010180-683x1024.jpeg 683w, https:\/\/www.erfahrungsfeld-schoen-und-gut.de\/wp-content\/uploads\/2022\/07\/L1010180-768x1152.jpeg 768w, https:\/\/www.erfahrungsfeld-schoen-und-gut.de\/wp-content\/uploads\/2022\/07\/L1010180-1024x1536.jpeg 1024w, https:\/\/www.erfahrungsfeld-schoen-und-gut.de\/wp-content\/uploads\/2022\/07\/L1010180-1365x2048.jpeg 1365w, https:\/\/www.erfahrungsfeld-schoen-und-gut.de\/wp-content\/uploads\/2022\/07\/L1010180-scaled.jpeg 1707w\" sizes=\"auto, (max-width: 200px) 100vw, 200px\" \/> <\/a><a href=\"http:\/\/www.erfahrungsfeld-schoen-und-gut.de\/wp-content\/uploads\/2022\/07\/L1010182-scaled.jpeg\"><img loading=\"lazy\" decoding=\"async\" class=\"alignnone size-medium wp-image-2177\" src=\"http:\/\/www.erfahrungsfeld-schoen-und-gut.de\/wp-content\/uploads\/2022\/07\/L1010182-300x200.jpeg\" alt=\"\" width=\"300\" height=\"200\" srcset=\"https:\/\/www.erfahrungsfeld-schoen-und-gut.de\/wp-content\/uploads\/2022\/07\/L1010182-300x200.jpeg 300w, https:\/\/www.erfahrungsfeld-schoen-und-gut.de\/wp-content\/uploads\/2022\/07\/L1010182-1024x683.jpeg 1024w, https:\/\/www.erfahrungsfeld-schoen-und-gut.de\/wp-content\/uploads\/2022\/07\/L1010182-768x512.jpeg 768w, https:\/\/www.erfahrungsfeld-schoen-und-gut.de\/wp-content\/uploads\/2022\/07\/L1010182-1536x1024.jpeg 1536w, https:\/\/www.erfahrungsfeld-schoen-und-gut.de\/wp-content\/uploads\/2022\/07\/L1010182-2048x1365.jpeg 2048w, https:\/\/www.erfahrungsfeld-schoen-und-gut.de\/wp-content\/uploads\/2022\/07\/L1010182-450x300.jpeg 450w\" sizes=\"auto, (max-width: 300px) 100vw, 300px\" \/><\/a><a href=\"http:\/\/www.erfahrungsfeld-schoen-und-gut.de\/wp-content\/uploads\/2022\/07\/L1010182-scaled.jpeg\"><img loading=\"lazy\" decoding=\"async\" class=\"alignnone size-medium wp-image-2177\" src=\"http:\/\/www.erfahrungsfeld-schoen-und-gut.de\/wp-content\/uploads\/2022\/07\/L1010182-300x200.jpeg\" alt=\"\" width=\"300\" height=\"200\" srcset=\"https:\/\/www.erfahrungsfeld-schoen-und-gut.de\/wp-content\/uploads\/2022\/07\/L1010182-300x200.jpeg 300w, https:\/\/www.erfahrungsfeld-schoen-und-gut.de\/wp-content\/uploads\/2022\/07\/L1010182-1024x683.jpeg 1024w, https:\/\/www.erfahrungsfeld-schoen-und-gut.de\/wp-content\/uploads\/2022\/07\/L1010182-768x512.jpeg 768w, https:\/\/www.erfahrungsfeld-schoen-und-gut.de\/wp-content\/uploads\/2022\/07\/L1010182-1536x1024.jpeg 1536w, https:\/\/www.erfahrungsfeld-schoen-und-gut.de\/wp-content\/uploads\/2022\/07\/L1010182-2048x1365.jpeg 2048w, https:\/\/www.erfahrungsfeld-schoen-und-gut.de\/wp-content\/uploads\/2022\/07\/L1010182-450x300.jpeg 450w\" sizes=\"auto, (max-width: 300px) 100vw, 300px\" \/> <\/a><a href=\"http:\/\/www.erfahrungsfeld-schoen-und-gut.de\/wp-content\/uploads\/2022\/07\/L1010186-scaled.jpeg\"><img loading=\"lazy\" decoding=\"async\" class=\"alignnone size-medium wp-image-2178\" src=\"http:\/\/www.erfahrungsfeld-schoen-und-gut.de\/wp-content\/uploads\/2022\/07\/L1010186-200x300.jpeg\" alt=\"\" width=\"200\" height=\"300\" srcset=\"https:\/\/www.erfahrungsfeld-schoen-und-gut.de\/wp-content\/uploads\/2022\/07\/L1010186-200x300.jpeg 200w, https:\/\/www.erfahrungsfeld-schoen-und-gut.de\/wp-content\/uploads\/2022\/07\/L1010186-683x1024.jpeg 683w, https:\/\/www.erfahrungsfeld-schoen-und-gut.de\/wp-content\/uploads\/2022\/07\/L1010186-768x1152.jpeg 768w, https:\/\/www.erfahrungsfeld-schoen-und-gut.de\/wp-content\/uploads\/2022\/07\/L1010186-1024x1536.jpeg 1024w, https:\/\/www.erfahrungsfeld-schoen-und-gut.de\/wp-content\/uploads\/2022\/07\/L1010186-1365x2048.jpeg 1365w, https:\/\/www.erfahrungsfeld-schoen-und-gut.de\/wp-content\/uploads\/2022\/07\/L1010186-scaled.jpeg 1707w\" sizes=\"auto, (max-width: 200px) 100vw, 200px\" \/> <\/a><a href=\"http:\/\/www.erfahrungsfeld-schoen-und-gut.de\/wp-content\/uploads\/2022\/07\/L1010187-scaled.jpeg\"><img loading=\"lazy\" decoding=\"async\" class=\"alignnone size-medium wp-image-2179\" src=\"http:\/\/www.erfahrungsfeld-schoen-und-gut.de\/wp-content\/uploads\/2022\/07\/L1010187-300x200.jpeg\" alt=\"\" width=\"300\" height=\"200\" srcset=\"https:\/\/www.erfahrungsfeld-schoen-und-gut.de\/wp-content\/uploads\/2022\/07\/L1010187-300x200.jpeg 300w, https:\/\/www.erfahrungsfeld-schoen-und-gut.de\/wp-content\/uploads\/2022\/07\/L1010187-1024x683.jpeg 1024w, https:\/\/www.erfahrungsfeld-schoen-und-gut.de\/wp-content\/uploads\/2022\/07\/L1010187-768x512.jpeg 768w, https:\/\/www.erfahrungsfeld-schoen-und-gut.de\/wp-content\/uploads\/2022\/07\/L1010187-1536x1024.jpeg 1536w, https:\/\/www.erfahrungsfeld-schoen-und-gut.de\/wp-content\/uploads\/2022\/07\/L1010187-2048x1365.jpeg 2048w, https:\/\/www.erfahrungsfeld-schoen-und-gut.de\/wp-content\/uploads\/2022\/07\/L1010187-450x300.jpeg 450w\" sizes=\"auto, (max-width: 300px) 100vw, 300px\" \/> <\/a><a href=\"http:\/\/www.erfahrungsfeld-schoen-und-gut.de\/wp-content\/uploads\/2022\/07\/L1010193-scaled.jpeg\"><img loading=\"lazy\" decoding=\"async\" class=\"alignnone size-medium wp-image-2180\" src=\"http:\/\/www.erfahrungsfeld-schoen-und-gut.de\/wp-content\/uploads\/2022\/07\/L1010193-300x169.jpeg\" alt=\"\" width=\"300\" height=\"169\" srcset=\"https:\/\/www.erfahrungsfeld-schoen-und-gut.de\/wp-content\/uploads\/2022\/07\/L1010193-300x169.jpeg 300w, https:\/\/www.erfahrungsfeld-schoen-und-gut.de\/wp-content\/uploads\/2022\/07\/L1010193-1024x576.jpeg 1024w, https:\/\/www.erfahrungsfeld-schoen-und-gut.de\/wp-content\/uploads\/2022\/07\/L1010193-768x432.jpeg 768w, https:\/\/www.erfahrungsfeld-schoen-und-gut.de\/wp-content\/uploads\/2022\/07\/L1010193-1536x864.jpeg 1536w, https:\/\/www.erfahrungsfeld-schoen-und-gut.de\/wp-content\/uploads\/2022\/07\/L1010193-2048x1152.jpeg 2048w, https:\/\/www.erfahrungsfeld-schoen-und-gut.de\/wp-content\/uploads\/2022\/07\/L1010193-500x281.jpeg 500w\" sizes=\"auto, (max-width: 300px) 100vw, 300px\" \/><\/a> <a href=\"http:\/\/www.erfahrungsfeld-schoen-und-gut.de\/wp-content\/uploads\/2022\/07\/L1010195-scaled.jpeg\"><img loading=\"lazy\" decoding=\"async\" class=\"alignnone size-medium wp-image-2181\" src=\"http:\/\/www.erfahrungsfeld-schoen-und-gut.de\/wp-content\/uploads\/2022\/07\/L1010195-300x200.jpeg\" alt=\"\" width=\"300\" height=\"200\" srcset=\"https:\/\/www.erfahrungsfeld-schoen-und-gut.de\/wp-content\/uploads\/2022\/07\/L1010195-300x200.jpeg 300w, https:\/\/www.erfahrungsfeld-schoen-und-gut.de\/wp-content\/uploads\/2022\/07\/L1010195-1024x683.jpeg 1024w, https:\/\/www.erfahrungsfeld-schoen-und-gut.de\/wp-content\/uploads\/2022\/07\/L1010195-768x512.jpeg 768w, https:\/\/www.erfahrungsfeld-schoen-und-gut.de\/wp-content\/uploads\/2022\/07\/L1010195-1536x1024.jpeg 1536w, https:\/\/www.erfahrungsfeld-schoen-und-gut.de\/wp-content\/uploads\/2022\/07\/L1010195-2048x1365.jpeg 2048w, https:\/\/www.erfahrungsfeld-schoen-und-gut.de\/wp-content\/uploads\/2022\/07\/L1010195-450x300.jpeg 450w\" sizes=\"auto, (max-width: 300px) 100vw, 300px\" \/><\/a> <a href=\"http:\/\/www.erfahrungsfeld-schoen-und-gut.de\/wp-content\/uploads\/2022\/07\/L1010213-scaled.jpeg\"><img loading=\"lazy\" decoding=\"async\" class=\"alignnone size-medium wp-image-2182\" src=\"http:\/\/www.erfahrungsfeld-schoen-und-gut.de\/wp-content\/uploads\/2022\/07\/L1010213-300x200.jpeg\" alt=\"\" width=\"300\" height=\"200\" srcset=\"https:\/\/www.erfahrungsfeld-schoen-und-gut.de\/wp-content\/uploads\/2022\/07\/L1010213-300x200.jpeg 300w, https:\/\/www.erfahrungsfeld-schoen-und-gut.de\/wp-content\/uploads\/2022\/07\/L1010213-1024x683.jpeg 1024w, https:\/\/www.erfahrungsfeld-schoen-und-gut.de\/wp-content\/uploads\/2022\/07\/L1010213-768x512.jpeg 768w, https:\/\/www.erfahrungsfeld-schoen-und-gut.de\/wp-content\/uploads\/2022\/07\/L1010213-1536x1024.jpeg 1536w, https:\/\/www.erfahrungsfeld-schoen-und-gut.de\/wp-content\/uploads\/2022\/07\/L1010213-2048x1365.jpeg 2048w, https:\/\/www.erfahrungsfeld-schoen-und-gut.de\/wp-content\/uploads\/2022\/07\/L1010213-450x300.jpeg 450w\" sizes=\"auto, (max-width: 300px) 100vw, 300px\" \/><\/a> <a href=\"http:\/\/www.erfahrungsfeld-schoen-und-gut.de\/wp-content\/uploads\/2022\/07\/L1010204-scaled.jpeg\"><img loading=\"lazy\" decoding=\"async\" class=\"alignnone size-medium wp-image-2183\" src=\"http:\/\/www.erfahrungsfeld-schoen-und-gut.de\/wp-content\/uploads\/2022\/07\/L1010204-300x169.jpeg\" alt=\"\" width=\"300\" height=\"169\" srcset=\"https:\/\/www.erfahrungsfeld-schoen-und-gut.de\/wp-content\/uploads\/2022\/07\/L1010204-300x169.jpeg 300w, https:\/\/www.erfahrungsfeld-schoen-und-gut.de\/wp-content\/uploads\/2022\/07\/L1010204-1024x576.jpeg 1024w, https:\/\/www.erfahrungsfeld-schoen-und-gut.de\/wp-content\/uploads\/2022\/07\/L1010204-768x432.jpeg 768w, https:\/\/www.erfahrungsfeld-schoen-und-gut.de\/wp-content\/uploads\/2022\/07\/L1010204-1536x864.jpeg 1536w, https:\/\/www.erfahrungsfeld-schoen-und-gut.de\/wp-content\/uploads\/2022\/07\/L1010204-2048x1152.jpeg 2048w, https:\/\/www.erfahrungsfeld-schoen-und-gut.de\/wp-content\/uploads\/2022\/07\/L1010204-500x281.jpeg 500w\" sizes=\"auto, (max-width: 300px) 100vw, 300px\" \/><\/a> <a href=\"http:\/\/www.erfahrungsfeld-schoen-und-gut.de\/wp-content\/uploads\/2022\/07\/L1010215-scaled.jpeg\"><img loading=\"lazy\" decoding=\"async\" class=\"alignnone size-medium wp-image-2184\" src=\"http:\/\/www.erfahrungsfeld-schoen-und-gut.de\/wp-content\/uploads\/2022\/07\/L1010215-200x300.jpeg\" alt=\"\" width=\"200\" height=\"300\" srcset=\"https:\/\/www.erfahrungsfeld-schoen-und-gut.de\/wp-content\/uploads\/2022\/07\/L1010215-200x300.jpeg 200w, https:\/\/www.erfahrungsfeld-schoen-und-gut.de\/wp-content\/uploads\/2022\/07\/L1010215-683x1024.jpeg 683w, https:\/\/www.erfahrungsfeld-schoen-und-gut.de\/wp-content\/uploads\/2022\/07\/L1010215-768x1152.jpeg 768w, https:\/\/www.erfahrungsfeld-schoen-und-gut.de\/wp-content\/uploads\/2022\/07\/L1010215-1024x1536.jpeg 1024w, https:\/\/www.erfahrungsfeld-schoen-und-gut.de\/wp-content\/uploads\/2022\/07\/L1010215-1365x2048.jpeg 1365w, https:\/\/www.erfahrungsfeld-schoen-und-gut.de\/wp-content\/uploads\/2022\/07\/L1010215-scaled.jpeg 1707w\" sizes=\"auto, (max-width: 200px) 100vw, 200px\" \/><\/a><\/p>\n<h3>10. Mai 2022:<\/h3>\n<p>Am 10.05. fand unter reger Anteilnahme das Richtfest der Garten- und Landschaftsbauwerkstatt statt, die &#8211; wenn&#8217;s gut l\u00e4uft &#8211; bis Ende des Jahres 2022 fertiggstellt sein wird.<\/p>\n<p><a href=\"http:\/\/www.erfahrungsfeld-schoen-und-gut.de\/wp-content\/uploads\/2022\/05\/Richtfest-01-scaled.jpg\"><img loading=\"lazy\" decoding=\"async\" class=\"alignnone size-medium wp-image-2163\" src=\"http:\/\/www.erfahrungsfeld-schoen-und-gut.de\/wp-content\/uploads\/2022\/05\/Richtfest-01-300x169.jpg\" alt=\"\" width=\"300\" height=\"169\" srcset=\"https:\/\/www.erfahrungsfeld-schoen-und-gut.de\/wp-content\/uploads\/2022\/05\/Richtfest-01-300x169.jpg 300w, https:\/\/www.erfahrungsfeld-schoen-und-gut.de\/wp-content\/uploads\/2022\/05\/Richtfest-01-1024x576.jpg 1024w, https:\/\/www.erfahrungsfeld-schoen-und-gut.de\/wp-content\/uploads\/2022\/05\/Richtfest-01-768x432.jpg 768w, https:\/\/www.erfahrungsfeld-schoen-und-gut.de\/wp-content\/uploads\/2022\/05\/Richtfest-01-1536x864.jpg 1536w, https:\/\/www.erfahrungsfeld-schoen-und-gut.de\/wp-content\/uploads\/2022\/05\/Richtfest-01-2048x1152.jpg 2048w, https:\/\/www.erfahrungsfeld-schoen-und-gut.de\/wp-content\/uploads\/2022\/05\/Richtfest-01-500x281.jpg 500w\" sizes=\"auto, (max-width: 300px) 100vw, 300px\" \/><\/a><\/p>\n<h3>19. Juli &#8211; 15. August 2021:<\/h3>\n<p>Sommerprojekt Rabauki e.V. mit \u00fcber 80 Kindern<\/p>\n<h3>03. Mai 2021:<\/h3>\n<p>Wie beinahe alle Einrichtungen und Schulen ist auch die Jugendwerkstatt stark von den Corona-Ma\u00dfnahmen betroffen. Seit Dezember ist die Werkstatt praktisch zu. Die Anleiter versuchen aber, digital und so gut es geht, mit den Teilnehmer*innen im Kontakt zu bleiben. Damit die jungen Menschen zumindest einzeln ein bis zwei Mal pro Woche kommen k\u00f6nnen, mangelte es aber an Schnelltests. Als die Hoppmann Stiftung davon erfuhr, wandte sie sich hilfesuchend an die Hoppmann Autowelt. Dort fiel die schnelle Entscheidung, der Jugendwerkstatt mit 150 Schnelltests aus dem Bestand des Unternehmens zu helfen, die bis zu den Sommerferien reichen werden.<\/p>\n<p><a href=\"http:\/\/www.erfahrungsfeld-schoen-und-gut.de\/wp-content\/uploads\/2021\/08\/2021-05-03-Spende-Coronatests-an-JuWe-scaled.jpg\"><img loading=\"lazy\" decoding=\"async\" class=\"alignnone size-medium wp-image-2142\" src=\"http:\/\/www.erfahrungsfeld-schoen-und-gut.de\/wp-content\/uploads\/2021\/08\/2021-05-03-Spende-Coronatests-an-JuWe-300x225.jpg\" alt=\"\" width=\"300\" height=\"225\" srcset=\"https:\/\/www.erfahrungsfeld-schoen-und-gut.de\/wp-content\/uploads\/2021\/08\/2021-05-03-Spende-Coronatests-an-JuWe-300x225.jpg 300w, https:\/\/www.erfahrungsfeld-schoen-und-gut.de\/wp-content\/uploads\/2021\/08\/2021-05-03-Spende-Coronatests-an-JuWe-1024x768.jpg 1024w, https:\/\/www.erfahrungsfeld-schoen-und-gut.de\/wp-content\/uploads\/2021\/08\/2021-05-03-Spende-Coronatests-an-JuWe-768x576.jpg 768w, https:\/\/www.erfahrungsfeld-schoen-und-gut.de\/wp-content\/uploads\/2021\/08\/2021-05-03-Spende-Coronatests-an-JuWe-1536x1152.jpg 1536w, https:\/\/www.erfahrungsfeld-schoen-und-gut.de\/wp-content\/uploads\/2021\/08\/2021-05-03-Spende-Coronatests-an-JuWe-2048x1536.jpg 2048w, https:\/\/www.erfahrungsfeld-schoen-und-gut.de\/wp-content\/uploads\/2021\/08\/2021-05-03-Spende-Coronatests-an-JuWe-400x300.jpg 400w\" sizes=\"auto, (max-width: 300px) 100vw, 300px\" \/><\/a><\/p>\n<p>Ulrike Berkenk\u00f6tter (Leiterin Jugendwerkstatt), Martin Schneider und Andrea Dittmann von der Hoppmann Stiftung (v. l.). \uf06e<\/p>\n<h3>16. Oktober 2020:<\/h3>\n<p>Der von der Hoppmann Stiftung eingesetzte Projektleiter Hermann Schmid verstirbt pl\u00f6tzlich und hinterl\u00e4sst eine gro\u00dfe L\u00fccke.<\/p>\n<p><a href=\"http:\/\/www.erfahrungsfeld-schoen-und-gut.de\/wp-content\/uploads\/2024\/03\/Todesanzeige-Hermann-Schmid-Oktober-2020.jpg\"><img loading=\"lazy\" decoding=\"async\" class=\"alignnone size-thumbnail wp-image-2284\" src=\"http:\/\/www.erfahrungsfeld-schoen-und-gut.de\/wp-content\/uploads\/2024\/03\/Todesanzeige-Hermann-Schmid-Oktober-2020-150x150.jpg\" alt=\"\" width=\"150\" height=\"150\" srcset=\"https:\/\/www.erfahrungsfeld-schoen-und-gut.de\/wp-content\/uploads\/2024\/03\/Todesanzeige-Hermann-Schmid-Oktober-2020-150x150.jpg 150w, https:\/\/www.erfahrungsfeld-schoen-und-gut.de\/wp-content\/uploads\/2024\/03\/Todesanzeige-Hermann-Schmid-Oktober-2020-144x144.jpg 144w\" sizes=\"auto, (max-width: 150px) 100vw, 150px\" \/><\/a><\/p>\n<h3>08. August 2020:<\/h3>\n<p>Feldfunk-Festival 2020 &#8211; siehe Pressearchiv!<\/p>\n<h3>22. September 2019:<\/h3>\n<p><strong>57Wasser<\/strong> veranstaltet auf dem Erfahrungsfeld ein gro\u00dfes Kinderfest unter dem Motto <strong>&#8222;Robin Hood meets Peter Pan&#8220;<\/strong>. Bei optimalen Witterungsbedingungen lockt die Veranstaltung rund 3.000 kleine und auch gr\u00f6\u00dfere Menschen an.<\/p>\n<p><a href=\"http:\/\/www.erfahrungsfeld-schoen-und-gut.de\/wp-content\/uploads\/2019\/09\/Kinderfest-01.jpg\"><img loading=\"lazy\" decoding=\"async\" class=\"alignnone size-thumbnail wp-image-2093\" src=\"http:\/\/www.erfahrungsfeld-schoen-und-gut.de\/wp-content\/uploads\/2019\/09\/Kinderfest-01-150x150.jpg\" alt=\"\" width=\"150\" height=\"150\" srcset=\"https:\/\/www.erfahrungsfeld-schoen-und-gut.de\/wp-content\/uploads\/2019\/09\/Kinderfest-01-150x150.jpg 150w, https:\/\/www.erfahrungsfeld-schoen-und-gut.de\/wp-content\/uploads\/2019\/09\/Kinderfest-01-144x144.jpg 144w\" sizes=\"auto, (max-width: 150px) 100vw, 150px\" \/><\/a>\u00a0 <a href=\"http:\/\/www.erfahrungsfeld-schoen-und-gut.de\/wp-content\/uploads\/2019\/09\/Kinderfest-02.jpg\"><img loading=\"lazy\" decoding=\"async\" class=\"alignnone size-thumbnail wp-image-2092\" src=\"http:\/\/www.erfahrungsfeld-schoen-und-gut.de\/wp-content\/uploads\/2019\/09\/Kinderfest-02-150x150.jpg\" alt=\"\" width=\"150\" height=\"150\" srcset=\"https:\/\/www.erfahrungsfeld-schoen-und-gut.de\/wp-content\/uploads\/2019\/09\/Kinderfest-02-150x150.jpg 150w, https:\/\/www.erfahrungsfeld-schoen-und-gut.de\/wp-content\/uploads\/2019\/09\/Kinderfest-02-144x144.jpg 144w\" sizes=\"auto, (max-width: 150px) 100vw, 150px\" \/><\/a>\u00a0 <a href=\"http:\/\/www.erfahrungsfeld-schoen-und-gut.de\/wp-content\/uploads\/2019\/09\/Kinderfest-03.jpg\"><img loading=\"lazy\" decoding=\"async\" class=\"alignnone size-thumbnail wp-image-2091\" src=\"http:\/\/www.erfahrungsfeld-schoen-und-gut.de\/wp-content\/uploads\/2019\/09\/Kinderfest-03-150x150.jpg\" alt=\"\" width=\"150\" height=\"150\" srcset=\"https:\/\/www.erfahrungsfeld-schoen-und-gut.de\/wp-content\/uploads\/2019\/09\/Kinderfest-03-150x150.jpg 150w, https:\/\/www.erfahrungsfeld-schoen-und-gut.de\/wp-content\/uploads\/2019\/09\/Kinderfest-03-144x144.jpg 144w\" sizes=\"auto, (max-width: 150px) 100vw, 150px\" \/><\/a> <a href=\"http:\/\/www.erfahrungsfeld-schoen-und-gut.de\/wp-content\/uploads\/2019\/09\/Kinderfest-04.jpg\"><img loading=\"lazy\" decoding=\"async\" class=\"alignnone size-thumbnail wp-image-2090\" src=\"http:\/\/www.erfahrungsfeld-schoen-und-gut.de\/wp-content\/uploads\/2019\/09\/Kinderfest-04-150x150.jpg\" alt=\"\" width=\"150\" height=\"150\" srcset=\"https:\/\/www.erfahrungsfeld-schoen-und-gut.de\/wp-content\/uploads\/2019\/09\/Kinderfest-04-150x150.jpg 150w, https:\/\/www.erfahrungsfeld-schoen-und-gut.de\/wp-content\/uploads\/2019\/09\/Kinderfest-04-144x144.jpg 144w\" sizes=\"auto, (max-width: 150px) 100vw, 150px\" \/><\/a><\/p>\n<h3>1. Dezember 2018:<\/h3>\n<p>Zum 4. Mal richtet die Jugendwerkstatt das Event &#8222;Winterfeuer&#8220; aus.<\/p>\n<p><a href=\"http:\/\/www.erfahrungsfeld-schoen-und-gut.de\/wp-content\/uploads\/2018\/12\/Winterfeuer-3.jpg\"><img loading=\"lazy\" decoding=\"async\" class=\"alignnone size-medium wp-image-2048\" src=\"http:\/\/www.erfahrungsfeld-schoen-und-gut.de\/wp-content\/uploads\/2018\/12\/Winterfeuer-3-300x169.jpg\" alt=\"\" width=\"300\" height=\"169\" srcset=\"https:\/\/www.erfahrungsfeld-schoen-und-gut.de\/wp-content\/uploads\/2018\/12\/Winterfeuer-3-300x169.jpg 300w, https:\/\/www.erfahrungsfeld-schoen-und-gut.de\/wp-content\/uploads\/2018\/12\/Winterfeuer-3-768x432.jpg 768w, https:\/\/www.erfahrungsfeld-schoen-und-gut.de\/wp-content\/uploads\/2018\/12\/Winterfeuer-3-500x282.jpg 500w, https:\/\/www.erfahrungsfeld-schoen-und-gut.de\/wp-content\/uploads\/2018\/12\/Winterfeuer-3.jpg 1000w\" sizes=\"auto, (max-width: 300px) 100vw, 300px\" \/><\/a><\/p>\n<h3>20. November 2018:<\/h3>\n<p>Im Lenkungsausschuss, der viermal pro Jahr zusammenkommt, sind Vertreter aller Kooperationspartner vertreten (Hoppmann Stiftung, Stadt Siegen, Katholisches Jugendwerk F\u00f6rderband, Sparkassenstiftung Zukunft und Caf\u00e9 Gernegro\u00df). Hier werden Berichte zum Stand der Dinge auf dem Erfahrungsfeld gegeben, anstehende oder geplante Projekte besprochen, Rahmenbedingungen abgeklopft sowie Anregungen und Ideen untereinander ausgetauscht. Seit fast zehn Jahren klappt die Zusammenarbeit des Gremiums auch richtig gut.<\/p>\n<p>In der letzten Sitzung war der geplante Neubau nat\u00fcrlich erneut ein wichtiges Thema. Und man muss feststellen: <strong>Bauen ist keine einfache Sache.<\/strong> Heutzutage fangen die Probleme schon damit an, \u00fcberhaupt Unternehmen zu finden, die &#8211; irgendwann einmal &#8211; freie Kapazit\u00e4ten haben. Und wenn Bauprojekte mit \u00f6ffentlichen Zusch\u00fcssen gef\u00f6rdert wird, kann es auch noch ganz anders kompliziert werden. Die finanzielle F\u00f6rderung an sich ist nat\u00fcrlich eine tolle Unterst\u00fctzung, ohne die manches Projekt gar nicht realisiert werden k\u00f6nnte. Aber es gibt eben auch viele Regelungen und Vorschriften, die unbedingt beachtet werden m\u00fcssen. All das und noch weitere Begleitumst\u00e4nde sorgen bei dem Bau der Werkstatt f\u00fcr Garten- und Landschaftsbau daf\u00fcr, dass es doch nicht so schnell geht wie gedacht. &#8211; Der Baubeginn verschiebt sich leider und definitiv ins n\u00e4chste Jahr.<\/p>\n<h3>23. Januar 2018:<\/h3>\n<p>Die Pl\u00e4ne f\u00fcr eine weitere Werkstatt (Garten- und Landschaftsbau) laufen mittlerweile auf Hochtouren. Das ist auch notwendig, da bereits \u00f6ffentliche F\u00f6rdermittel bewilligt wurden und der Baubeginn nicht mehr allzuweit aufgeschoben werden kann. In Abstimmung mit der Stadt Siegen und unter Einbeziehung des Architekturb\u00fcros BeckHoffH\u00f6bling findet gerade der Feinschliff des Geb\u00e4udeentwurf und der notwendigen Bestandteile statt. Der Werkstattbau wird hinter der Open-Air-B\u00fchne entstehen und soll wie die Holz- und Metallwerkstatt sozial benachteiligten jungen Menschen M\u00f6glichkeiten der Qualifizierung und Arbeit unter guten Bedingungen bieten.<\/p>\n<p><a href=\"http:\/\/www.erfahrungsfeld-schoen-und-gut.de\/?attachment_id=1962\" rel=\"attachment wp-att-1962\"><img loading=\"lazy\" decoding=\"async\" class=\"alignnone size-medium wp-image-1962\" src=\"http:\/\/www.erfahrungsfeld-schoen-und-gut.de\/wp-content\/uploads\/2018\/02\/GaLa-300x169.jpg\" alt=\"\" width=\"300\" height=\"169\" srcset=\"https:\/\/www.erfahrungsfeld-schoen-und-gut.de\/wp-content\/uploads\/2018\/02\/GaLa-300x169.jpg 300w, https:\/\/www.erfahrungsfeld-schoen-und-gut.de\/wp-content\/uploads\/2018\/02\/GaLa-768x432.jpg 768w, https:\/\/www.erfahrungsfeld-schoen-und-gut.de\/wp-content\/uploads\/2018\/02\/GaLa-1024x576.jpg 1024w, https:\/\/www.erfahrungsfeld-schoen-und-gut.de\/wp-content\/uploads\/2018\/02\/GaLa-500x281.jpg 500w\" sizes=\"auto, (max-width: 300px) 100vw, 300px\" \/><\/a><\/p>\n<h3>5. Dezember 2017:<\/h3>\n<p>Der Jugendwerkstatt ist es gelungen, ein sch\u00f6nes Tiny-Haus in v\u00f6lliger Eigenregie und unter Mitwirkung aller Werkstattmitarbeiter\/innen zu bauen. Die jugendlichen Teilnehmer\/innen k\u00f6nnen sich in ihren Pausen hierhin zur\u00fcckziehen. Anfang Dezember wurde das kleine H\u00e4uschen, zu recht sehr stolz, der Hoppmann-Stifung vorgestellt.<\/p>\n<p><a href=\"http:\/\/www.erfahrungsfeld-schoen-und-gut.de\/?attachment_id=1940\" rel=\"attachment wp-att-1940\"><img loading=\"lazy\" decoding=\"async\" class=\"alignnone size-medium wp-image-1940\" src=\"http:\/\/www.erfahrungsfeld-schoen-und-gut.de\/wp-content\/uploads\/2018\/01\/Tinyhaus-300x225.jpg\" alt=\"\" width=\"300\" height=\"225\" srcset=\"https:\/\/www.erfahrungsfeld-schoen-und-gut.de\/wp-content\/uploads\/2018\/01\/Tinyhaus-300x225.jpg 300w, https:\/\/www.erfahrungsfeld-schoen-und-gut.de\/wp-content\/uploads\/2018\/01\/Tinyhaus-768x576.jpg 768w, https:\/\/www.erfahrungsfeld-schoen-und-gut.de\/wp-content\/uploads\/2018\/01\/Tinyhaus-1024x768.jpg 1024w, https:\/\/www.erfahrungsfeld-schoen-und-gut.de\/wp-content\/uploads\/2018\/01\/Tinyhaus-400x300.jpg 400w\" sizes=\"auto, (max-width: 300px) 100vw, 300px\" \/><\/a><\/p>\n<h3>2. Dezember 2017:<\/h3>\n<p>Winterfeuer, die Vierte! Wieder Wettergl\u00fcck gehabt. Sehr sch\u00f6nes Ambiente und gute Stimmung !!!<\/p>\n<p><a href=\"http:\/\/www.erfahrungsfeld-schoen-und-gut.de\/?attachment_id=1943\" rel=\"attachment wp-att-1943\"><img loading=\"lazy\" decoding=\"async\" class=\"alignnone size-medium wp-image-1943\" src=\"http:\/\/www.erfahrungsfeld-schoen-und-gut.de\/wp-content\/uploads\/2018\/01\/Winterfeuer-2-300x225.jpg\" alt=\"\" width=\"300\" height=\"225\" srcset=\"https:\/\/www.erfahrungsfeld-schoen-und-gut.de\/wp-content\/uploads\/2018\/01\/Winterfeuer-2-300x225.jpg 300w, https:\/\/www.erfahrungsfeld-schoen-und-gut.de\/wp-content\/uploads\/2018\/01\/Winterfeuer-2-768x576.jpg 768w, https:\/\/www.erfahrungsfeld-schoen-und-gut.de\/wp-content\/uploads\/2018\/01\/Winterfeuer-2-1024x768.jpg 1024w, https:\/\/www.erfahrungsfeld-schoen-und-gut.de\/wp-content\/uploads\/2018\/01\/Winterfeuer-2-400x300.jpg 400w\" sizes=\"auto, (max-width: 300px) 100vw, 300px\" \/><\/a>\u00a0 <a href=\"http:\/\/www.erfahrungsfeld-schoen-und-gut.de\/?attachment_id=1942\" rel=\"attachment wp-att-1942\"><img loading=\"lazy\" decoding=\"async\" class=\"alignnone size-medium wp-image-1942\" src=\"http:\/\/www.erfahrungsfeld-schoen-und-gut.de\/wp-content\/uploads\/2018\/01\/Winterfeuer-1-300x225.jpg\" alt=\"\" width=\"300\" height=\"225\" srcset=\"https:\/\/www.erfahrungsfeld-schoen-und-gut.de\/wp-content\/uploads\/2018\/01\/Winterfeuer-1-300x225.jpg 300w, https:\/\/www.erfahrungsfeld-schoen-und-gut.de\/wp-content\/uploads\/2018\/01\/Winterfeuer-1-768x576.jpg 768w, https:\/\/www.erfahrungsfeld-schoen-und-gut.de\/wp-content\/uploads\/2018\/01\/Winterfeuer-1-1024x768.jpg 1024w, https:\/\/www.erfahrungsfeld-schoen-und-gut.de\/wp-content\/uploads\/2018\/01\/Winterfeuer-1-400x300.jpg 400w\" sizes=\"auto, (max-width: 300px) 100vw, 300px\" \/><\/a><\/p>\n<h3>November 2017:<\/h3>\n<p>Nachdem der Schnee l\u00e4nger leise gerieselt ist, hat er das Erfahrungsfeld in eine wunderbare Schneelandschaft verwandelt :-))<\/p>\n<p><a href=\"http:\/\/www.erfahrungsfeld-schoen-und-gut.de\/?attachment_id=1952\" rel=\"attachment wp-att-1952\"><img loading=\"lazy\" decoding=\"async\" class=\"alignnone size-medium wp-image-1952\" src=\"http:\/\/www.erfahrungsfeld-schoen-und-gut.de\/wp-content\/uploads\/2018\/01\/Skulptur-300x200.jpg\" alt=\"\" width=\"300\" height=\"200\" srcset=\"https:\/\/www.erfahrungsfeld-schoen-und-gut.de\/wp-content\/uploads\/2018\/01\/Skulptur-300x200.jpg 300w, https:\/\/www.erfahrungsfeld-schoen-und-gut.de\/wp-content\/uploads\/2018\/01\/Skulptur-768x512.jpg 768w, https:\/\/www.erfahrungsfeld-schoen-und-gut.de\/wp-content\/uploads\/2018\/01\/Skulptur-1024x683.jpg 1024w, https:\/\/www.erfahrungsfeld-schoen-und-gut.de\/wp-content\/uploads\/2018\/01\/Skulptur-450x300.jpg 450w\" sizes=\"auto, (max-width: 300px) 100vw, 300px\" \/><\/a> <a href=\"http:\/\/www.erfahrungsfeld-schoen-und-gut.de\/?attachment_id=1951\" rel=\"attachment wp-att-1951\">\u00a0<img loading=\"lazy\" decoding=\"async\" class=\"alignnone size-medium wp-image-1951\" src=\"http:\/\/www.erfahrungsfeld-schoen-und-gut.de\/wp-content\/uploads\/2018\/01\/Festwiese-300x200.jpg\" alt=\"\" width=\"300\" height=\"200\" srcset=\"https:\/\/www.erfahrungsfeld-schoen-und-gut.de\/wp-content\/uploads\/2018\/01\/Festwiese-300x200.jpg 300w, https:\/\/www.erfahrungsfeld-schoen-und-gut.de\/wp-content\/uploads\/2018\/01\/Festwiese-768x512.jpg 768w, https:\/\/www.erfahrungsfeld-schoen-und-gut.de\/wp-content\/uploads\/2018\/01\/Festwiese-1024x683.jpg 1024w, https:\/\/www.erfahrungsfeld-schoen-und-gut.de\/wp-content\/uploads\/2018\/01\/Festwiese-450x300.jpg 450w\" sizes=\"auto, (max-width: 300px) 100vw, 300px\" \/>\u00a0<\/a><\/p>\n<h4>&#8212;&#8212;&#8212;&#8212;&#8212;&#8212;&#8212;&#8212;&#8212;&#8212;&#8212;&#8212;&#8212;&#8212;&#8212;&#8212;&#8212;&#8212;&#8212;&#8212;&#8212;&#8212;&#8212;&#8212;&#8212;&#8212;&#8212;&#8212;&#8212;&#8212;&#8212;&#8212;&#8212;&#8211;<\/h4>\n<h4><span style=\"color: #ff0000;\">&#8222;Wie bescheuert ist das denn jetzt?&#8220;<\/span><\/h4>\n<p>Allerdings ist auch nicht alles Gold, was gl\u00e4nzt. Leider gibt es immer wieder mal Ereignisse, wo man sich nur noch fragen kann, was wohl in den Menschen vorgeht, die auf dem Erfahrungsfeld ihre entweder gewalt\u00e4tigen oder schlicht d\u00e4mlichen Spuren hinterlassen. Wahrscheinlich nichts!!!<\/p>\n<p>Nachfolgend einige Beispiele, alleine aus 2017:<\/p>\n<p><a href=\"http:\/\/www.erfahrungsfeld-schoen-und-gut.de\/?attachment_id=1954\" rel=\"attachment wp-att-1954\"><img loading=\"lazy\" decoding=\"async\" class=\"alignnone size-medium wp-image-1954\" src=\"http:\/\/www.erfahrungsfeld-schoen-und-gut.de\/wp-content\/uploads\/2018\/01\/mai2017-067-300x200.jpg\" alt=\"\" width=\"300\" height=\"200\" srcset=\"https:\/\/www.erfahrungsfeld-schoen-und-gut.de\/wp-content\/uploads\/2018\/01\/mai2017-067-300x200.jpg 300w, https:\/\/www.erfahrungsfeld-schoen-und-gut.de\/wp-content\/uploads\/2018\/01\/mai2017-067-768x512.jpg 768w, https:\/\/www.erfahrungsfeld-schoen-und-gut.de\/wp-content\/uploads\/2018\/01\/mai2017-067-1024x683.jpg 1024w, https:\/\/www.erfahrungsfeld-schoen-und-gut.de\/wp-content\/uploads\/2018\/01\/mai2017-067-450x300.jpg 450w\" sizes=\"auto, (max-width: 300px) 100vw, 300px\" \/><\/a>\u00a0 <a href=\"http:\/\/www.erfahrungsfeld-schoen-und-gut.de\/?attachment_id=1955\" rel=\"attachment wp-att-1955\"><img loading=\"lazy\" decoding=\"async\" class=\"alignnone size-medium wp-image-1955\" src=\"http:\/\/www.erfahrungsfeld-schoen-und-gut.de\/wp-content\/uploads\/2018\/01\/mai2017-101-300x200.jpg\" alt=\"\" width=\"300\" height=\"200\" srcset=\"https:\/\/www.erfahrungsfeld-schoen-und-gut.de\/wp-content\/uploads\/2018\/01\/mai2017-101-300x200.jpg 300w, https:\/\/www.erfahrungsfeld-schoen-und-gut.de\/wp-content\/uploads\/2018\/01\/mai2017-101-768x512.jpg 768w, https:\/\/www.erfahrungsfeld-schoen-und-gut.de\/wp-content\/uploads\/2018\/01\/mai2017-101-1024x683.jpg 1024w, https:\/\/www.erfahrungsfeld-schoen-und-gut.de\/wp-content\/uploads\/2018\/01\/mai2017-101-450x300.jpg 450w\" sizes=\"auto, (max-width: 300px) 100vw, 300px\" \/><\/a><\/p>\n<p>lks. Verkehrsschild abgerochen (Mai), re. Schwingstein so lange maltr\u00e4tiert, bis er aus der Verankerung gerissen ist (Mai)<\/p>\n<p><a href=\"http:\/\/www.erfahrungsfeld-schoen-und-gut.de\/?attachment_id=1957\" rel=\"attachment wp-att-1957\"><img loading=\"lazy\" decoding=\"async\" class=\"alignnone size-medium wp-image-1957\" src=\"http:\/\/www.erfahrungsfeld-schoen-und-gut.de\/wp-content\/uploads\/2018\/01\/Nov2016-028-300x200.jpg\" alt=\"\" width=\"300\" height=\"200\" srcset=\"https:\/\/www.erfahrungsfeld-schoen-und-gut.de\/wp-content\/uploads\/2018\/01\/Nov2016-028-300x200.jpg 300w, https:\/\/www.erfahrungsfeld-schoen-und-gut.de\/wp-content\/uploads\/2018\/01\/Nov2016-028-768x512.jpg 768w, https:\/\/www.erfahrungsfeld-schoen-und-gut.de\/wp-content\/uploads\/2018\/01\/Nov2016-028-1024x683.jpg 1024w, https:\/\/www.erfahrungsfeld-schoen-und-gut.de\/wp-content\/uploads\/2018\/01\/Nov2016-028-450x300.jpg 450w\" sizes=\"auto, (max-width: 300px) 100vw, 300px\" \/><\/a>\u00a0 <a href=\"http:\/\/www.erfahrungsfeld-schoen-und-gut.de\/?attachment_id=1956\" rel=\"attachment wp-att-1956\"><img loading=\"lazy\" decoding=\"async\" class=\"alignnone size-medium wp-image-1956\" src=\"http:\/\/www.erfahrungsfeld-schoen-und-gut.de\/wp-content\/uploads\/2018\/01\/Nov2016-023-300x200.jpg\" alt=\"\" width=\"300\" height=\"200\" srcset=\"https:\/\/www.erfahrungsfeld-schoen-und-gut.de\/wp-content\/uploads\/2018\/01\/Nov2016-023-300x200.jpg 300w, https:\/\/www.erfahrungsfeld-schoen-und-gut.de\/wp-content\/uploads\/2018\/01\/Nov2016-023-768x512.jpg 768w, https:\/\/www.erfahrungsfeld-schoen-und-gut.de\/wp-content\/uploads\/2018\/01\/Nov2016-023-1024x683.jpg 1024w, https:\/\/www.erfahrungsfeld-schoen-und-gut.de\/wp-content\/uploads\/2018\/01\/Nov2016-023-450x300.jpg 450w\" sizes=\"auto, (max-width: 300px) 100vw, 300px\" \/><\/a><\/p>\n<p>lks. Plane der Open-Air-B\u00fchne geschlitzt (Nov.), re. Feuer in der begehbaren Holz(!!!)-Skulptur gemacht (Nov.)<\/p>\n<h4><span style=\"color: #ff0000;\">Alle derartigen Besch\u00e4digungen werden zur Anzeige gebracht!<\/span><\/h4>\n<p>Au\u00dferdem wurde &#8211; musste :-(( &#8211; zur \u00dcberwachung des Gel\u00e4ndes im Sommer ein Security-Team engagiert &#8211; werden.<\/p>\n<h3>November 2017:<\/h3>\n<p>Hoffentlich schon n\u00e4chstes Jahr startet startet der Bau einer weiteren Werkstatt. Als vorbereitende Ma\u00dfnahme wurden die Schussbunker, die Rabauki &#8222;im Nacken hatte&#8220;, mit scherem Ger\u00e4t entfernt und zu kleinen Steinchen verarbeitet, die auf dem Gel\u00e4nde weiter bzw. anders eingesetzt werden k\u00f6nnen.<\/p>\n<p><a href=\"http:\/\/www.erfahrungsfeld-schoen-und-gut.de\/?attachment_id=1938\" rel=\"attachment wp-att-1938\"><img loading=\"lazy\" decoding=\"async\" class=\"alignnone size-medium wp-image-1938\" src=\"http:\/\/www.erfahrungsfeld-schoen-und-gut.de\/wp-content\/uploads\/2018\/01\/Bunkerabriss-300x200.jpg\" alt=\"\" width=\"300\" height=\"200\" srcset=\"https:\/\/www.erfahrungsfeld-schoen-und-gut.de\/wp-content\/uploads\/2018\/01\/Bunkerabriss-300x200.jpg 300w, https:\/\/www.erfahrungsfeld-schoen-und-gut.de\/wp-content\/uploads\/2018\/01\/Bunkerabriss-768x512.jpg 768w, https:\/\/www.erfahrungsfeld-schoen-und-gut.de\/wp-content\/uploads\/2018\/01\/Bunkerabriss-1024x683.jpg 1024w, https:\/\/www.erfahrungsfeld-schoen-und-gut.de\/wp-content\/uploads\/2018\/01\/Bunkerabriss-450x300.jpg 450w\" sizes=\"auto, (max-width: 300px) 100vw, 300px\" \/><\/a><\/p>\n<h3>5. August 2017:<\/h3>\n<p>Er\u00f6ffnung <strong>Caf\u00e9 GerneGro\u00df<\/strong><\/p>\n<p>Das charmante kleine Caf\u00e9 ist in der w\u00e4rmeren Jahreszeit sonntagsnachmittags, ab und zu in der Woche und bei gr\u00f6\u00dferen Veranstaltungen ge\u00f6ffnet. Besonders riezvoll d\u00fcrfte es f\u00fcr Familien mit Kindern sein, da das Erfahrungsfeld f\u00fcr die Kleinen ein weites Spielfeld bietet &#8211; und weil Kindergeschrei hier nun wirklich niemanden st\u00f6rt. Frau Olga Eichenauer freut sich \u00fcber jede\/n kleine\/n und auch gro\u00dfe BesucherIn.<\/p>\n<p><a href=\"http:\/\/www.erfahrungsfeld-schoen-und-gut.de\/?attachment_id=1935\" rel=\"attachment wp-att-1935\"><img loading=\"lazy\" decoding=\"async\" class=\"alignnone size-medium wp-image-1935\" src=\"http:\/\/www.erfahrungsfeld-schoen-und-gut.de\/wp-content\/uploads\/2018\/01\/Cafe-1-300x200.jpg\" alt=\"\" width=\"300\" height=\"200\" srcset=\"https:\/\/www.erfahrungsfeld-schoen-und-gut.de\/wp-content\/uploads\/2018\/01\/Cafe-1-300x200.jpg 300w, https:\/\/www.erfahrungsfeld-schoen-und-gut.de\/wp-content\/uploads\/2018\/01\/Cafe-1-768x512.jpg 768w, https:\/\/www.erfahrungsfeld-schoen-und-gut.de\/wp-content\/uploads\/2018\/01\/Cafe-1-1024x683.jpg 1024w, https:\/\/www.erfahrungsfeld-schoen-und-gut.de\/wp-content\/uploads\/2018\/01\/Cafe-1-450x300.jpg 450w\" sizes=\"auto, (max-width: 300px) 100vw, 300px\" \/><\/a><\/p>\n<h3>26. November 2016:<\/h3>\n<p>Bereits zum dritten Mal richtete die Jugendwerkstatt das weihnachtlich anmutende WINTERFEUR aus. Und erneut war die Veranstaltung sehr gelungen und auch gut besucht.<\/p>\n<p><a href=\"http:\/\/www.erfahrungsfeld-schoen-und-gut.de\/?attachment_id=1902\" rel=\"attachment wp-att-1902\"><img loading=\"lazy\" decoding=\"async\" class=\"alignnone size-medium wp-image-1902\" src=\"http:\/\/www.erfahrungsfeld-schoen-und-gut.de\/wp-content\/uploads\/2016\/12\/20161126_171941-300x225.jpg\" alt=\"20161126_171941\" width=\"300\" height=\"225\" srcset=\"https:\/\/www.erfahrungsfeld-schoen-und-gut.de\/wp-content\/uploads\/2016\/12\/20161126_171941-300x225.jpg 300w, https:\/\/www.erfahrungsfeld-schoen-und-gut.de\/wp-content\/uploads\/2016\/12\/20161126_171941-768x576.jpg 768w, https:\/\/www.erfahrungsfeld-schoen-und-gut.de\/wp-content\/uploads\/2016\/12\/20161126_171941-1024x768.jpg 1024w, https:\/\/www.erfahrungsfeld-schoen-und-gut.de\/wp-content\/uploads\/2016\/12\/20161126_171941-400x300.jpg 400w\" sizes=\"auto, (max-width: 300px) 100vw, 300px\" \/><\/a><\/p>\n<p>Aber leider wird der immense Aufwand, den die Werkp\u00e4dagogen, die Jugendlichen und andere ehrenamtliche Helfer\/innen betreiben, wirtschaftlich nicht belohnt. Daher\u00a0sollen vor dem n\u00e4chsten Mal (Ende 2017) intensive \u00dcberlegungen angestellt werden, in welcher Weise ein finanzieller Misserfolg vermieden werden kann. Nicht, dass es falsch verstanden wird: Mit dem WINTERFEUER soll nicht (!)\u00a0der gro\u00dfe Reibach gemacht werden. Aber die Kosten m\u00fcssen zumindest eingespielt werden.<\/p>\n<h3>8. Juli 2016:<\/h3>\n<p>Alle, die an diesem Abend zur &#8222;Nacht der 1000 Lichter&#8220; auf den Fischbacherberg kamen, waren restlos begeistert. Hier noch einige Fotos vom Event.<\/p>\n<p><a href=\"http:\/\/www.erfahrungsfeld-schoen-und-gut.de\/?attachment_id=1874\" rel=\"attachment wp-att-1874\"><img loading=\"lazy\" decoding=\"async\" class=\"alignnone size-medium wp-image-1874\" src=\"http:\/\/www.erfahrungsfeld-schoen-und-gut.de\/wp-content\/uploads\/2016\/08\/Erfahrungsfeld_NdTL-080716-074-300x200.jpg\" alt=\"Erfahrungsfeld_NdTL-080716-074\" width=\"300\" height=\"200\" srcset=\"https:\/\/www.erfahrungsfeld-schoen-und-gut.de\/wp-content\/uploads\/2016\/08\/Erfahrungsfeld_NdTL-080716-074-300x200.jpg 300w, https:\/\/www.erfahrungsfeld-schoen-und-gut.de\/wp-content\/uploads\/2016\/08\/Erfahrungsfeld_NdTL-080716-074-768x512.jpg 768w, https:\/\/www.erfahrungsfeld-schoen-und-gut.de\/wp-content\/uploads\/2016\/08\/Erfahrungsfeld_NdTL-080716-074-450x300.jpg 450w, https:\/\/www.erfahrungsfeld-schoen-und-gut.de\/wp-content\/uploads\/2016\/08\/Erfahrungsfeld_NdTL-080716-074.jpg 939w\" sizes=\"auto, (max-width: 300px) 100vw, 300px\" \/><\/a>\u00a0 <a href=\"http:\/\/www.erfahrungsfeld-schoen-und-gut.de\/?attachment_id=1869\" rel=\"attachment wp-att-1869\"><img loading=\"lazy\" decoding=\"async\" class=\"alignnone size-medium wp-image-1869\" src=\"http:\/\/www.erfahrungsfeld-schoen-und-gut.de\/wp-content\/uploads\/2016\/08\/Erfahrungsfeld_NdTL-080716-059-300x200.jpg\" alt=\"Erfahrungsfeld_NdTL-080716-059\" width=\"300\" height=\"200\" srcset=\"https:\/\/www.erfahrungsfeld-schoen-und-gut.de\/wp-content\/uploads\/2016\/08\/Erfahrungsfeld_NdTL-080716-059-300x200.jpg 300w, https:\/\/www.erfahrungsfeld-schoen-und-gut.de\/wp-content\/uploads\/2016\/08\/Erfahrungsfeld_NdTL-080716-059-768x512.jpg 768w, https:\/\/www.erfahrungsfeld-schoen-und-gut.de\/wp-content\/uploads\/2016\/08\/Erfahrungsfeld_NdTL-080716-059-450x300.jpg 450w, https:\/\/www.erfahrungsfeld-schoen-und-gut.de\/wp-content\/uploads\/2016\/08\/Erfahrungsfeld_NdTL-080716-059.jpg 1020w\" sizes=\"auto, (max-width: 300px) 100vw, 300px\" \/><\/a><\/p>\n<p><a href=\"http:\/\/www.erfahrungsfeld-schoen-und-gut.de\/?attachment_id=1868\" rel=\"attachment wp-att-1868\"><img loading=\"lazy\" decoding=\"async\" class=\"alignnone size-medium wp-image-1868\" src=\"http:\/\/www.erfahrungsfeld-schoen-und-gut.de\/wp-content\/uploads\/2016\/08\/Erfahrungsfeld_NdTL-080716-052-300x200.jpg\" alt=\"Erfahrungsfeld_NdTL-080716-052\" width=\"300\" height=\"200\" srcset=\"https:\/\/www.erfahrungsfeld-schoen-und-gut.de\/wp-content\/uploads\/2016\/08\/Erfahrungsfeld_NdTL-080716-052-300x200.jpg 300w, https:\/\/www.erfahrungsfeld-schoen-und-gut.de\/wp-content\/uploads\/2016\/08\/Erfahrungsfeld_NdTL-080716-052-768x512.jpg 768w, https:\/\/www.erfahrungsfeld-schoen-und-gut.de\/wp-content\/uploads\/2016\/08\/Erfahrungsfeld_NdTL-080716-052-450x300.jpg 450w, https:\/\/www.erfahrungsfeld-schoen-und-gut.de\/wp-content\/uploads\/2016\/08\/Erfahrungsfeld_NdTL-080716-052.jpg 1020w\" sizes=\"auto, (max-width: 300px) 100vw, 300px\" \/><\/a>\u00a0 <a href=\"http:\/\/www.erfahrungsfeld-schoen-und-gut.de\/?attachment_id=1865\" rel=\"attachment wp-att-1865\"><img loading=\"lazy\" decoding=\"async\" class=\"alignnone size-medium wp-image-1865\" src=\"http:\/\/www.erfahrungsfeld-schoen-und-gut.de\/wp-content\/uploads\/2016\/08\/Erfahrungsfeld_NdTL-080716-041-300x200.jpg\" alt=\"Erfahrungsfeld_NdTL-080716-041\" width=\"300\" height=\"200\" srcset=\"https:\/\/www.erfahrungsfeld-schoen-und-gut.de\/wp-content\/uploads\/2016\/08\/Erfahrungsfeld_NdTL-080716-041-300x200.jpg 300w, https:\/\/www.erfahrungsfeld-schoen-und-gut.de\/wp-content\/uploads\/2016\/08\/Erfahrungsfeld_NdTL-080716-041-768x512.jpg 768w, https:\/\/www.erfahrungsfeld-schoen-und-gut.de\/wp-content\/uploads\/2016\/08\/Erfahrungsfeld_NdTL-080716-041-450x300.jpg 450w, https:\/\/www.erfahrungsfeld-schoen-und-gut.de\/wp-content\/uploads\/2016\/08\/Erfahrungsfeld_NdTL-080716-041.jpg 1020w\" sizes=\"auto, (max-width: 300px) 100vw, 300px\" \/><\/a><\/p>\n<p><a href=\"http:\/\/www.erfahrungsfeld-schoen-und-gut.de\/?attachment_id=1864\" rel=\"attachment wp-att-1864\"><img loading=\"lazy\" decoding=\"async\" class=\"alignnone size-medium wp-image-1864\" src=\"http:\/\/www.erfahrungsfeld-schoen-und-gut.de\/wp-content\/uploads\/2016\/08\/Erfahrungsfeld_NdTL-080716-036-300x200.jpg\" alt=\"Erfahrungsfeld_NdTL-080716-036\" width=\"300\" height=\"200\" srcset=\"https:\/\/www.erfahrungsfeld-schoen-und-gut.de\/wp-content\/uploads\/2016\/08\/Erfahrungsfeld_NdTL-080716-036-300x200.jpg 300w, https:\/\/www.erfahrungsfeld-schoen-und-gut.de\/wp-content\/uploads\/2016\/08\/Erfahrungsfeld_NdTL-080716-036-768x512.jpg 768w, https:\/\/www.erfahrungsfeld-schoen-und-gut.de\/wp-content\/uploads\/2016\/08\/Erfahrungsfeld_NdTL-080716-036-450x300.jpg 450w, https:\/\/www.erfahrungsfeld-schoen-und-gut.de\/wp-content\/uploads\/2016\/08\/Erfahrungsfeld_NdTL-080716-036.jpg 986w\" sizes=\"auto, (max-width: 300px) 100vw, 300px\" \/><\/a>\u00a0 <a href=\"http:\/\/www.erfahrungsfeld-schoen-und-gut.de\/?attachment_id=1863\" rel=\"attachment wp-att-1863\"><img loading=\"lazy\" decoding=\"async\" class=\"alignnone size-medium wp-image-1863\" src=\"http:\/\/www.erfahrungsfeld-schoen-und-gut.de\/wp-content\/uploads\/2016\/08\/Erfahrungsfeld_NdTL-080716-035-300x200.jpg\" alt=\"Erfahrungsfeld_NdTL-080716-035\" width=\"300\" height=\"200\" srcset=\"https:\/\/www.erfahrungsfeld-schoen-und-gut.de\/wp-content\/uploads\/2016\/08\/Erfahrungsfeld_NdTL-080716-035-300x200.jpg 300w, https:\/\/www.erfahrungsfeld-schoen-und-gut.de\/wp-content\/uploads\/2016\/08\/Erfahrungsfeld_NdTL-080716-035-768x512.jpg 768w, https:\/\/www.erfahrungsfeld-schoen-und-gut.de\/wp-content\/uploads\/2016\/08\/Erfahrungsfeld_NdTL-080716-035-450x300.jpg 450w, https:\/\/www.erfahrungsfeld-schoen-und-gut.de\/wp-content\/uploads\/2016\/08\/Erfahrungsfeld_NdTL-080716-035.jpg 1020w\" sizes=\"auto, (max-width: 300px) 100vw, 300px\" \/><\/a><\/p>\n<p><a href=\"http:\/\/www.erfahrungsfeld-schoen-und-gut.de\/?attachment_id=1862\" rel=\"attachment wp-att-1862\"><img loading=\"lazy\" decoding=\"async\" class=\"alignnone size-medium wp-image-1862\" src=\"http:\/\/www.erfahrungsfeld-schoen-und-gut.de\/wp-content\/uploads\/2016\/08\/Erfahrungsfeld_NdTL-080716-033-300x200.jpg\" alt=\"Erfahrungsfeld_NdTL-080716-033\" width=\"300\" height=\"200\" srcset=\"https:\/\/www.erfahrungsfeld-schoen-und-gut.de\/wp-content\/uploads\/2016\/08\/Erfahrungsfeld_NdTL-080716-033-300x200.jpg 300w, https:\/\/www.erfahrungsfeld-schoen-und-gut.de\/wp-content\/uploads\/2016\/08\/Erfahrungsfeld_NdTL-080716-033-768x512.jpg 768w, https:\/\/www.erfahrungsfeld-schoen-und-gut.de\/wp-content\/uploads\/2016\/08\/Erfahrungsfeld_NdTL-080716-033-450x300.jpg 450w, https:\/\/www.erfahrungsfeld-schoen-und-gut.de\/wp-content\/uploads\/2016\/08\/Erfahrungsfeld_NdTL-080716-033.jpg 990w\" sizes=\"auto, (max-width: 300px) 100vw, 300px\" \/><\/a>\u00a0 <a href=\"http:\/\/www.erfahrungsfeld-schoen-und-gut.de\/?attachment_id=1872\" rel=\"attachment wp-att-1872\"><img loading=\"lazy\" decoding=\"async\" class=\"alignnone size-medium wp-image-1872\" src=\"http:\/\/www.erfahrungsfeld-schoen-und-gut.de\/wp-content\/uploads\/2016\/08\/Erfahrungsfeld_NdTL-080716-067-300x200.jpg\" alt=\"Erfahrungsfeld_NdTL-080716-067\" width=\"300\" height=\"200\" srcset=\"https:\/\/www.erfahrungsfeld-schoen-und-gut.de\/wp-content\/uploads\/2016\/08\/Erfahrungsfeld_NdTL-080716-067-300x200.jpg 300w, https:\/\/www.erfahrungsfeld-schoen-und-gut.de\/wp-content\/uploads\/2016\/08\/Erfahrungsfeld_NdTL-080716-067-768x512.jpg 768w, https:\/\/www.erfahrungsfeld-schoen-und-gut.de\/wp-content\/uploads\/2016\/08\/Erfahrungsfeld_NdTL-080716-067-450x300.jpg 450w, https:\/\/www.erfahrungsfeld-schoen-und-gut.de\/wp-content\/uploads\/2016\/08\/Erfahrungsfeld_NdTL-080716-067.jpg 988w\" sizes=\"auto, (max-width: 300px) 100vw, 300px\" \/><\/a><\/p>\n<p><a href=\"http:\/\/www.erfahrungsfeld-schoen-und-gut.de\/?attachment_id=1871\" rel=\"attachment wp-att-1871\"><img loading=\"lazy\" decoding=\"async\" class=\"alignnone size-medium wp-image-1871\" src=\"http:\/\/www.erfahrungsfeld-schoen-und-gut.de\/wp-content\/uploads\/2016\/08\/Erfahrungsfeld_NdTL-080716-064-300x200.jpg\" alt=\"Erfahrungsfeld_NdTL-080716-064\" width=\"300\" height=\"200\" srcset=\"https:\/\/www.erfahrungsfeld-schoen-und-gut.de\/wp-content\/uploads\/2016\/08\/Erfahrungsfeld_NdTL-080716-064-300x200.jpg 300w, https:\/\/www.erfahrungsfeld-schoen-und-gut.de\/wp-content\/uploads\/2016\/08\/Erfahrungsfeld_NdTL-080716-064-768x512.jpg 768w, https:\/\/www.erfahrungsfeld-schoen-und-gut.de\/wp-content\/uploads\/2016\/08\/Erfahrungsfeld_NdTL-080716-064-450x300.jpg 450w, https:\/\/www.erfahrungsfeld-schoen-und-gut.de\/wp-content\/uploads\/2016\/08\/Erfahrungsfeld_NdTL-080716-064.jpg 1020w\" sizes=\"auto, (max-width: 300px) 100vw, 300px\" \/><\/a>\u00a0 <a href=\"http:\/\/www.erfahrungsfeld-schoen-und-gut.de\/?attachment_id=1870\" rel=\"attachment wp-att-1870\"><img loading=\"lazy\" decoding=\"async\" class=\"alignnone size-medium wp-image-1870\" src=\"http:\/\/www.erfahrungsfeld-schoen-und-gut.de\/wp-content\/uploads\/2016\/08\/Erfahrungsfeld_NdTL-080716-060-300x200.jpg\" alt=\"Erfahrungsfeld_NdTL-080716-060\" width=\"300\" height=\"200\" srcset=\"https:\/\/www.erfahrungsfeld-schoen-und-gut.de\/wp-content\/uploads\/2016\/08\/Erfahrungsfeld_NdTL-080716-060-300x200.jpg 300w, https:\/\/www.erfahrungsfeld-schoen-und-gut.de\/wp-content\/uploads\/2016\/08\/Erfahrungsfeld_NdTL-080716-060-768x512.jpg 768w, https:\/\/www.erfahrungsfeld-schoen-und-gut.de\/wp-content\/uploads\/2016\/08\/Erfahrungsfeld_NdTL-080716-060-450x300.jpg 450w, https:\/\/www.erfahrungsfeld-schoen-und-gut.de\/wp-content\/uploads\/2016\/08\/Erfahrungsfeld_NdTL-080716-060.jpg 1020w\" sizes=\"auto, (max-width: 300px) 100vw, 300px\" \/><\/a><\/p>\n<p><a href=\"http:\/\/www.erfahrungsfeld-schoen-und-gut.de\/?attachment_id=1861\" rel=\"attachment wp-att-1861\"><img loading=\"lazy\" decoding=\"async\" class=\"alignnone size-medium wp-image-1861\" src=\"http:\/\/www.erfahrungsfeld-schoen-und-gut.de\/wp-content\/uploads\/2016\/08\/Erfahrungsfeld_NdTL-080716-028-300x200.jpg\" alt=\"Erfahrungsfeld_NdTL-080716-028\" width=\"300\" height=\"200\" srcset=\"https:\/\/www.erfahrungsfeld-schoen-und-gut.de\/wp-content\/uploads\/2016\/08\/Erfahrungsfeld_NdTL-080716-028-300x200.jpg 300w, https:\/\/www.erfahrungsfeld-schoen-und-gut.de\/wp-content\/uploads\/2016\/08\/Erfahrungsfeld_NdTL-080716-028-768x512.jpg 768w, https:\/\/www.erfahrungsfeld-schoen-und-gut.de\/wp-content\/uploads\/2016\/08\/Erfahrungsfeld_NdTL-080716-028-450x300.jpg 450w, https:\/\/www.erfahrungsfeld-schoen-und-gut.de\/wp-content\/uploads\/2016\/08\/Erfahrungsfeld_NdTL-080716-028.jpg 993w\" sizes=\"auto, (max-width: 300px) 100vw, 300px\" \/><\/a>\u00a0 <a href=\"http:\/\/www.erfahrungsfeld-schoen-und-gut.de\/?attachment_id=1860\" rel=\"attachment wp-att-1860\"><img loading=\"lazy\" decoding=\"async\" class=\"alignnone size-medium wp-image-1860\" src=\"http:\/\/www.erfahrungsfeld-schoen-und-gut.de\/wp-content\/uploads\/2016\/08\/Erfahrungsfeld_NdTL-080716-027-300x200.jpg\" alt=\"Erfahrungsfeld_NdTL-080716-027\" width=\"300\" height=\"200\" srcset=\"https:\/\/www.erfahrungsfeld-schoen-und-gut.de\/wp-content\/uploads\/2016\/08\/Erfahrungsfeld_NdTL-080716-027-300x200.jpg 300w, https:\/\/www.erfahrungsfeld-schoen-und-gut.de\/wp-content\/uploads\/2016\/08\/Erfahrungsfeld_NdTL-080716-027-768x512.jpg 768w, https:\/\/www.erfahrungsfeld-schoen-und-gut.de\/wp-content\/uploads\/2016\/08\/Erfahrungsfeld_NdTL-080716-027-450x300.jpg 450w, https:\/\/www.erfahrungsfeld-schoen-und-gut.de\/wp-content\/uploads\/2016\/08\/Erfahrungsfeld_NdTL-080716-027.jpg 966w\" sizes=\"auto, (max-width: 300px) 100vw, 300px\" \/><\/a><\/p>\n<p><a href=\"http:\/\/www.erfahrungsfeld-schoen-und-gut.de\/?attachment_id=1859\" rel=\"attachment wp-att-1859\"><img loading=\"lazy\" decoding=\"async\" class=\"alignnone size-medium wp-image-1859\" src=\"http:\/\/www.erfahrungsfeld-schoen-und-gut.de\/wp-content\/uploads\/2016\/08\/Erfahrungsfeld_NdTL-080716-021-300x200.jpg\" alt=\"Erfahrungsfeld_NdTL-080716-021\" width=\"300\" height=\"200\" srcset=\"https:\/\/www.erfahrungsfeld-schoen-und-gut.de\/wp-content\/uploads\/2016\/08\/Erfahrungsfeld_NdTL-080716-021-300x200.jpg 300w, https:\/\/www.erfahrungsfeld-schoen-und-gut.de\/wp-content\/uploads\/2016\/08\/Erfahrungsfeld_NdTL-080716-021-768x512.jpg 768w, https:\/\/www.erfahrungsfeld-schoen-und-gut.de\/wp-content\/uploads\/2016\/08\/Erfahrungsfeld_NdTL-080716-021-450x300.jpg 450w, https:\/\/www.erfahrungsfeld-schoen-und-gut.de\/wp-content\/uploads\/2016\/08\/Erfahrungsfeld_NdTL-080716-021.jpg 945w\" sizes=\"auto, (max-width: 300px) 100vw, 300px\" \/><\/a><\/p>\n<p><a href=\"http:\/\/www.erfahrungsfeld-schoen-und-gut.de\/?attachment_id=1867\" rel=\"attachment wp-att-1867\"><img loading=\"lazy\" decoding=\"async\" class=\"alignnone size-medium wp-image-1867\" src=\"http:\/\/www.erfahrungsfeld-schoen-und-gut.de\/wp-content\/uploads\/2016\/08\/Erfahrungsfeld_NdTL-080716-051-200x300.jpg\" alt=\"Erfahrungsfeld_NdTL-080716-051\" width=\"200\" height=\"300\" srcset=\"https:\/\/www.erfahrungsfeld-schoen-und-gut.de\/wp-content\/uploads\/2016\/08\/Erfahrungsfeld_NdTL-080716-051-200x300.jpg 200w, https:\/\/www.erfahrungsfeld-schoen-und-gut.de\/wp-content\/uploads\/2016\/08\/Erfahrungsfeld_NdTL-080716-051.jpg 680w\" sizes=\"auto, (max-width: 200px) 100vw, 200px\" \/><\/a>\u00a0\u00a0<a href=\"http:\/\/www.erfahrungsfeld-schoen-und-gut.de\/?attachment_id=1866\" rel=\"attachment wp-att-1866\"><img loading=\"lazy\" decoding=\"async\" class=\"alignnone size-medium wp-image-1866\" src=\"http:\/\/www.erfahrungsfeld-schoen-und-gut.de\/wp-content\/uploads\/2016\/08\/Erfahrungsfeld_NdTL-080716-049-200x300.jpg\" alt=\"Erfahrungsfeld_NdTL-080716-049\" width=\"200\" height=\"300\" srcset=\"https:\/\/www.erfahrungsfeld-schoen-und-gut.de\/wp-content\/uploads\/2016\/08\/Erfahrungsfeld_NdTL-080716-049-200x300.jpg 200w, https:\/\/www.erfahrungsfeld-schoen-und-gut.de\/wp-content\/uploads\/2016\/08\/Erfahrungsfeld_NdTL-080716-049.jpg 680w\" sizes=\"auto, (max-width: 200px) 100vw, 200px\" \/><\/a><\/p>\n<h3>5. Juni 2016:<\/h3>\n<p><a href=\"http:\/\/www.erfahrungsfeld-schoen-und-gut.de\/?attachment_id=1836\" rel=\"attachment wp-att-1836\"><img loading=\"lazy\" decoding=\"async\" class=\"alignnone size-medium wp-image-1836\" src=\"http:\/\/www.erfahrungsfeld-schoen-und-gut.de\/wp-content\/uploads\/2016\/06\/Summertime-001-300x200.jpg\" alt=\"Summertime 001\" width=\"300\" height=\"200\" srcset=\"https:\/\/www.erfahrungsfeld-schoen-und-gut.de\/wp-content\/uploads\/2016\/06\/Summertime-001-300x200.jpg 300w, https:\/\/www.erfahrungsfeld-schoen-und-gut.de\/wp-content\/uploads\/2016\/06\/Summertime-001-768x512.jpg 768w, https:\/\/www.erfahrungsfeld-schoen-und-gut.de\/wp-content\/uploads\/2016\/06\/Summertime-001-1024x683.jpg 1024w, https:\/\/www.erfahrungsfeld-schoen-und-gut.de\/wp-content\/uploads\/2016\/06\/Summertime-001-450x300.jpg 450w\" sizes=\"auto, (max-width: 300px) 100vw, 300px\" \/><\/a><\/p>\n<p>Zum ersten Mal auch ein Sommerfest!!! Die Jugendwerkstatt des Kath. Jugendwerks F\u00f6rderband konnte rund 500 Besucherinnen und Besucher zur &#8222;SUMMERTIME&#8220; auf dem Gel\u00e4nde begr\u00fc\u00dfen, denen auf dem Erfahrungsfeld zum einen ein\u00a0musikalischer Leckerbissen geboten wurde: <strong>Brasscussion<\/strong>, eine Gruppe von f\u00fcnf Blechbl\u00e4sern und drei Schlagzeugern der Philharmonie S\u00fcdwestfalen, gab ein Stelldichein und pr\u00e4sentierte einen bunten Strau\u00df an klassischen und modernen St\u00fccken. Zum anderen war eben auch f\u00fcr das leibliche Wohl seitens der Jugendwerkstatt bestens gesorgt.<\/p>\n<h3>22. Oktober 2015:<\/h3>\n<p>Die <strong>Kreishandwerkerschaft Westfalen S\u00fcd<\/strong> h\u00e4lt eine Vorstandssitzung im Werkhaus ab. Vorher wird sie von Martin Schneider, Vorstandsmitglied der Hoppmann Stiftung, \u00fcber die Geschichte des Erfahrungsfeldes und die Hintergr\u00fcnde zur Projektentstehung informiert.<\/p>\n<h3>28. August 2015:<\/h3>\n<p>2009 waren 1,4 Mio. Euro aus dem Bund\/L\u00e4nderprogramm &#8222;Soziale Stadt&#8220; bewilligt worden. Nach der Umsetzung des letzten Teilprojekts Open-Air-B\u00fchne werden die bisherigen Erfolge mit den Partnern, F\u00f6rderern, beteiligten Unternehmen und vielen beteiligten Menschen\u00a0geb\u00fchrend, musikalisch und k\u00fcnstlerisch gefeiert.<\/p>\n<p><a href=\"http:\/\/www.erfahrungsfeld-schoen-und-gut.de\/wp-content\/uploads\/2015\/09\/Er\u00f6ffnung_SCH\u00d6NUNDGUT-0006.jpg\"><img loading=\"lazy\" decoding=\"async\" class=\"alignnone size-thumbnail wp-image-1709\" src=\"http:\/\/www.erfahrungsfeld-schoen-und-gut.de\/wp-content\/uploads\/2015\/09\/Er\u00f6ffnung_SCH\u00d6NUNDGUT-0006-150x150.jpg\" alt=\"Er\u00f6ffnung_SCH\u00d6NUNDGUT 0006\" width=\"150\" height=\"150\" srcset=\"https:\/\/www.erfahrungsfeld-schoen-und-gut.de\/wp-content\/uploads\/2015\/09\/Er\u00f6ffnung_SCH\u00d6NUNDGUT-0006-150x150.jpg 150w, https:\/\/www.erfahrungsfeld-schoen-und-gut.de\/wp-content\/uploads\/2015\/09\/Er\u00f6ffnung_SCH\u00d6NUNDGUT-0006-144x144.jpg 144w\" sizes=\"auto, (max-width: 150px) 100vw, 150px\" \/><\/a>\u00a0 <a href=\"http:\/\/www.erfahrungsfeld-schoen-und-gut.de\/wp-content\/uploads\/2015\/09\/Er\u00f6ffnung_SCH\u00d6NUNDGUT-0004.jpg\"><img loading=\"lazy\" decoding=\"async\" class=\"alignnone size-thumbnail wp-image-1707\" src=\"http:\/\/www.erfahrungsfeld-schoen-und-gut.de\/wp-content\/uploads\/2015\/09\/Er\u00f6ffnung_SCH\u00d6NUNDGUT-0004-150x150.jpg\" alt=\"Er\u00f6ffnung_SCH\u00d6NUNDGUT 0004\" width=\"150\" height=\"150\" srcset=\"https:\/\/www.erfahrungsfeld-schoen-und-gut.de\/wp-content\/uploads\/2015\/09\/Er\u00f6ffnung_SCH\u00d6NUNDGUT-0004-150x150.jpg 150w, https:\/\/www.erfahrungsfeld-schoen-und-gut.de\/wp-content\/uploads\/2015\/09\/Er\u00f6ffnung_SCH\u00d6NUNDGUT-0004-144x144.jpg 144w\" sizes=\"auto, (max-width: 150px) 100vw, 150px\" \/><\/a>\u00a0 <a href=\"http:\/\/www.erfahrungsfeld-schoen-und-gut.de\/wp-content\/uploads\/2015\/09\/Er\u00f6ffnung_SCH\u00d6NUNDGUT-0005.jpg\"><img loading=\"lazy\" decoding=\"async\" class=\"alignnone size-thumbnail wp-image-1708\" src=\"http:\/\/www.erfahrungsfeld-schoen-und-gut.de\/wp-content\/uploads\/2015\/09\/Er\u00f6ffnung_SCH\u00d6NUNDGUT-0005-150x150.jpg\" alt=\"Er\u00f6ffnung_SCH\u00d6NUNDGUT 0005\" width=\"150\" height=\"150\" srcset=\"https:\/\/www.erfahrungsfeld-schoen-und-gut.de\/wp-content\/uploads\/2015\/09\/Er\u00f6ffnung_SCH\u00d6NUNDGUT-0005-150x150.jpg 150w, https:\/\/www.erfahrungsfeld-schoen-und-gut.de\/wp-content\/uploads\/2015\/09\/Er\u00f6ffnung_SCH\u00d6NUNDGUT-0005-144x144.jpg 144w\" sizes=\"auto, (max-width: 150px) 100vw, 150px\" \/><\/a>\u00a0 <a href=\"http:\/\/www.erfahrungsfeld-schoen-und-gut.de\/wp-content\/uploads\/2015\/09\/Er\u00f6ffnung_SCH\u00d6NUNDGUT-001.jpg\"><img loading=\"lazy\" decoding=\"async\" class=\"alignnone size-thumbnail wp-image-1704\" src=\"http:\/\/www.erfahrungsfeld-schoen-und-gut.de\/wp-content\/uploads\/2015\/09\/Er\u00f6ffnung_SCH\u00d6NUNDGUT-001-150x150.jpg\" alt=\"Er\u00f6ffnung_SCH\u00d6NUNDGUT 001\" width=\"150\" height=\"150\" srcset=\"https:\/\/www.erfahrungsfeld-schoen-und-gut.de\/wp-content\/uploads\/2015\/09\/Er\u00f6ffnung_SCH\u00d6NUNDGUT-001-150x150.jpg 150w, https:\/\/www.erfahrungsfeld-schoen-und-gut.de\/wp-content\/uploads\/2015\/09\/Er\u00f6ffnung_SCH\u00d6NUNDGUT-001-144x144.jpg 144w\" sizes=\"auto, (max-width: 150px) 100vw, 150px\" \/><\/a><\/p>\n<p><a href=\"http:\/\/www.erfahrungsfeld-schoen-und-gut.de\/wp-content\/uploads\/2012\/01\/Er\u00f6ffnung_SCH\u00d6NUNDGUT-0008.jpg\"><img loading=\"lazy\" decoding=\"async\" class=\"alignnone size-thumbnail wp-image-1724\" src=\"http:\/\/www.erfahrungsfeld-schoen-und-gut.de\/wp-content\/uploads\/2012\/01\/Er\u00f6ffnung_SCH\u00d6NUNDGUT-0008-150x150.jpg\" alt=\"Er\u00f6ffnung_SCH\u00d6NUNDGUT 0008\" width=\"150\" height=\"150\" srcset=\"https:\/\/www.erfahrungsfeld-schoen-und-gut.de\/wp-content\/uploads\/2012\/01\/Er\u00f6ffnung_SCH\u00d6NUNDGUT-0008-150x150.jpg 150w, https:\/\/www.erfahrungsfeld-schoen-und-gut.de\/wp-content\/uploads\/2012\/01\/Er\u00f6ffnung_SCH\u00d6NUNDGUT-0008-144x144.jpg 144w\" sizes=\"auto, (max-width: 150px) 100vw, 150px\" \/><\/a>\u00a0\u00a0<a href=\"http:\/\/www.erfahrungsfeld-schoen-und-gut.de\/wp-content\/uploads\/2012\/01\/Er\u00f6ffnung_SCH\u00d6NUNDGUT-0012.jpg\"><img loading=\"lazy\" decoding=\"async\" class=\"alignnone size-thumbnail wp-image-1727\" src=\"http:\/\/www.erfahrungsfeld-schoen-und-gut.de\/wp-content\/uploads\/2012\/01\/Er\u00f6ffnung_SCH\u00d6NUNDGUT-0012-150x150.jpg\" alt=\"Er\u00f6ffnung_SCH\u00d6NUNDGUT 0012\" width=\"150\" height=\"150\" srcset=\"https:\/\/www.erfahrungsfeld-schoen-und-gut.de\/wp-content\/uploads\/2012\/01\/Er\u00f6ffnung_SCH\u00d6NUNDGUT-0012-150x150.jpg 150w, https:\/\/www.erfahrungsfeld-schoen-und-gut.de\/wp-content\/uploads\/2012\/01\/Er\u00f6ffnung_SCH\u00d6NUNDGUT-0012-144x144.jpg 144w\" sizes=\"auto, (max-width: 150px) 100vw, 150px\" \/><\/a>\u00a0 <a href=\"http:\/\/www.erfahrungsfeld-schoen-und-gut.de\/wp-content\/uploads\/2012\/01\/Er\u00f6ffnung_SCH\u00d6NUNDGUT0013.jpg\"><img loading=\"lazy\" decoding=\"async\" class=\"alignnone size-thumbnail wp-image-1731\" src=\"http:\/\/www.erfahrungsfeld-schoen-und-gut.de\/wp-content\/uploads\/2012\/01\/Er\u00f6ffnung_SCH\u00d6NUNDGUT0013-150x150.jpg\" alt=\"Er\u00f6ffnung_SCH\u00d6NUNDGUT0013\" width=\"150\" height=\"150\" srcset=\"https:\/\/www.erfahrungsfeld-schoen-und-gut.de\/wp-content\/uploads\/2012\/01\/Er\u00f6ffnung_SCH\u00d6NUNDGUT0013-150x150.jpg 150w, https:\/\/www.erfahrungsfeld-schoen-und-gut.de\/wp-content\/uploads\/2012\/01\/Er\u00f6ffnung_SCH\u00d6NUNDGUT0013-144x144.jpg 144w\" sizes=\"auto, (max-width: 150px) 100vw, 150px\" \/><\/a>\u00a0 <a href=\"http:\/\/www.erfahrungsfeld-schoen-und-gut.de\/wp-content\/uploads\/2012\/01\/Er\u00f6ffnung_SCH\u00d6NUNDGUT-0015.jpg\"><img loading=\"lazy\" decoding=\"async\" class=\"alignnone size-thumbnail wp-image-1733\" src=\"http:\/\/www.erfahrungsfeld-schoen-und-gut.de\/wp-content\/uploads\/2012\/01\/Er\u00f6ffnung_SCH\u00d6NUNDGUT-0015-150x150.jpg\" alt=\"Er\u00f6ffnung_SCH\u00d6NUNDGUT 0015\" width=\"150\" height=\"150\" srcset=\"https:\/\/www.erfahrungsfeld-schoen-und-gut.de\/wp-content\/uploads\/2012\/01\/Er\u00f6ffnung_SCH\u00d6NUNDGUT-0015-150x150.jpg 150w, https:\/\/www.erfahrungsfeld-schoen-und-gut.de\/wp-content\/uploads\/2012\/01\/Er\u00f6ffnung_SCH\u00d6NUNDGUT-0015-144x144.jpg 144w\" sizes=\"auto, (max-width: 150px) 100vw, 150px\" \/><\/a><\/p>\n<p><a href=\"http:\/\/www.erfahrungsfeld-schoen-und-gut.de\/wp-content\/uploads\/2012\/01\/Er\u00f6ffnung_SCH\u00d6NUNDGUT0012.jpg\"><img loading=\"lazy\" decoding=\"async\" class=\"alignnone size-thumbnail wp-image-1730\" src=\"http:\/\/www.erfahrungsfeld-schoen-und-gut.de\/wp-content\/uploads\/2012\/01\/Er\u00f6ffnung_SCH\u00d6NUNDGUT0012-150x150.jpg\" alt=\"Er\u00f6ffnung_SCH\u00d6NUNDGUT0012\" width=\"150\" height=\"150\" srcset=\"https:\/\/www.erfahrungsfeld-schoen-und-gut.de\/wp-content\/uploads\/2012\/01\/Er\u00f6ffnung_SCH\u00d6NUNDGUT0012-150x150.jpg 150w, https:\/\/www.erfahrungsfeld-schoen-und-gut.de\/wp-content\/uploads\/2012\/01\/Er\u00f6ffnung_SCH\u00d6NUNDGUT0012-144x144.jpg 144w\" sizes=\"auto, (max-width: 150px) 100vw, 150px\" \/><\/a>\u00a0 <a href=\"http:\/\/www.erfahrungsfeld-schoen-und-gut.de\/wp-content\/uploads\/2012\/01\/Er\u00f6ffnung_SCH\u00d6NUNDGUT0011.jpg\"><img loading=\"lazy\" decoding=\"async\" class=\"alignnone size-thumbnail wp-image-1729\" src=\"http:\/\/www.erfahrungsfeld-schoen-und-gut.de\/wp-content\/uploads\/2012\/01\/Er\u00f6ffnung_SCH\u00d6NUNDGUT0011-150x150.jpg\" alt=\"Er\u00f6ffnung_SCH\u00d6NUNDGUT0011\" width=\"150\" height=\"150\" srcset=\"https:\/\/www.erfahrungsfeld-schoen-und-gut.de\/wp-content\/uploads\/2012\/01\/Er\u00f6ffnung_SCH\u00d6NUNDGUT0011-150x150.jpg 150w, https:\/\/www.erfahrungsfeld-schoen-und-gut.de\/wp-content\/uploads\/2012\/01\/Er\u00f6ffnung_SCH\u00d6NUNDGUT0011-144x144.jpg 144w\" sizes=\"auto, (max-width: 150px) 100vw, 150px\" \/><\/a>\u00a0 <a href=\"http:\/\/www.erfahrungsfeld-schoen-und-gut.de\/wp-content\/uploads\/2012\/01\/Er\u00f6ffnung_SCH\u00d6NUNDGUT-0014.jpg\"><img loading=\"lazy\" decoding=\"async\" class=\"alignnone size-thumbnail wp-image-1728\" src=\"http:\/\/www.erfahrungsfeld-schoen-und-gut.de\/wp-content\/uploads\/2012\/01\/Er\u00f6ffnung_SCH\u00d6NUNDGUT-0014-150x150.jpg\" alt=\"Er\u00f6ffnung_SCH\u00d6NUNDGUT 0014\" width=\"150\" height=\"150\" srcset=\"https:\/\/www.erfahrungsfeld-schoen-und-gut.de\/wp-content\/uploads\/2012\/01\/Er\u00f6ffnung_SCH\u00d6NUNDGUT-0014-150x150.jpg 150w, https:\/\/www.erfahrungsfeld-schoen-und-gut.de\/wp-content\/uploads\/2012\/01\/Er\u00f6ffnung_SCH\u00d6NUNDGUT-0014-144x144.jpg 144w\" sizes=\"auto, (max-width: 150px) 100vw, 150px\" \/><\/a>\u00a0 <a href=\"http:\/\/www.erfahrungsfeld-schoen-und-gut.de\/wp-content\/uploads\/2012\/01\/Er\u00f6ffnung_SCH\u00d6NUNDGUT-0009.jpg\"><img loading=\"lazy\" decoding=\"async\" class=\"alignnone size-thumbnail wp-image-1725\" src=\"http:\/\/www.erfahrungsfeld-schoen-und-gut.de\/wp-content\/uploads\/2012\/01\/Er\u00f6ffnung_SCH\u00d6NUNDGUT-0009-150x150.jpg\" alt=\"Er\u00f6ffnung_SCH\u00d6NUNDGUT 0009\" width=\"150\" height=\"150\" srcset=\"https:\/\/www.erfahrungsfeld-schoen-und-gut.de\/wp-content\/uploads\/2012\/01\/Er\u00f6ffnung_SCH\u00d6NUNDGUT-0009-150x150.jpg 150w, https:\/\/www.erfahrungsfeld-schoen-und-gut.de\/wp-content\/uploads\/2012\/01\/Er\u00f6ffnung_SCH\u00d6NUNDGUT-0009-144x144.jpg 144w\" sizes=\"auto, (max-width: 150px) 100vw, 150px\" \/><\/a><\/p>\n<p><a href=\"http:\/\/www.erfahrungsfeld-schoen-und-gut.de\/wp-content\/uploads\/2015\/09\/Er\u00f6ffnung_SCH\u00d6NUNDGUT-0007.jpg\"><img loading=\"lazy\" decoding=\"async\" class=\"alignnone size-thumbnail wp-image-1710\" src=\"http:\/\/www.erfahrungsfeld-schoen-und-gut.de\/wp-content\/uploads\/2015\/09\/Er\u00f6ffnung_SCH\u00d6NUNDGUT-0007-150x150.jpg\" alt=\"Er\u00f6ffnung_SCH\u00d6NUNDGUT 0007\" width=\"150\" height=\"150\" srcset=\"https:\/\/www.erfahrungsfeld-schoen-und-gut.de\/wp-content\/uploads\/2015\/09\/Er\u00f6ffnung_SCH\u00d6NUNDGUT-0007-150x150.jpg 150w, https:\/\/www.erfahrungsfeld-schoen-und-gut.de\/wp-content\/uploads\/2015\/09\/Er\u00f6ffnung_SCH\u00d6NUNDGUT-0007-144x144.jpg 144w\" sizes=\"auto, (max-width: 150px) 100vw, 150px\" \/><\/a><\/p>\n<h3>20. Juli 2015:<\/h3>\n<p>Start frei zur 4. Auflage des Bauspielplatzes von Rabauki auf dem Erfahrungsfeld<\/p>\n<p><a href=\"http:\/\/www.erfahrungsfeld-schoen-und-gut.de\/wp-content\/uploads\/2015\/07\/2015-07-16-SCH\u00d6NUNDGUT-15.jpg\"><img loading=\"lazy\" decoding=\"async\" class=\"alignnone size-thumbnail wp-image-1647\" src=\"http:\/\/www.erfahrungsfeld-schoen-und-gut.de\/wp-content\/uploads\/2015\/07\/2015-07-16-SCH\u00d6NUNDGUT-15-150x150.jpg\" alt=\"2015 07 16 SCH\u00d6NUNDGUT (15)\" width=\"150\" height=\"150\" \/><\/a><\/p>\n<h3>20. Juni 2015:<\/h3>\n<p>Die Hoppmann Stiftung nimmt am &#8222;Tag der Stiftungen&#8220; in Siegen teil, eine Veranstaltung der B\u00fcrgerstiftung Siegen anl\u00e4sslich deren 10-j\u00e4hrigen Bestehens, und pr\u00e4sentiert dabei insbesondere auch das Projekt <strong><span style=\"color: #008000;\">SCH\u00d6N<\/span>UND<span style=\"color: #0000ff;\">GUT<\/span><\/strong>.<\/p>\n<p><a href=\"http:\/\/www.erfahrungsfeld-schoen-und-gut.de\/wp-content\/uploads\/2012\/01\/DSC_1636.jpg\"><img loading=\"lazy\" decoding=\"async\" class=\"alignnone size-thumbnail wp-image-1643\" src=\"http:\/\/www.erfahrungsfeld-schoen-und-gut.de\/wp-content\/uploads\/2012\/01\/DSC_1636-150x150.jpg\" alt=\"DSC_1636\" width=\"150\" height=\"150\" \/><\/a><\/p>\n<h3>19. Juni 2015:<\/h3>\n<p>Die Open-Air-B\u00fchne ist nach der Anbringung des Membrandaches fertig und &#8222;wartet&#8220; nun auf die offizielle Einweihung im August des Jahres.<\/p>\n<p><a href=\"http:\/\/www.erfahrungsfeld-schoen-und-gut.de\/wp-content\/uploads\/2012\/01\/2015-06-19-3.jpg\"><img loading=\"lazy\" decoding=\"async\" class=\"alignnone size-thumbnail wp-image-1640\" src=\"http:\/\/www.erfahrungsfeld-schoen-und-gut.de\/wp-content\/uploads\/2012\/01\/2015-06-19-3-150x150.jpg\" alt=\"2015 06 19 (3)\" width=\"150\" height=\"150\" \/><\/a><\/p>\n<h3>12. Juni 2015:<\/h3>\n<p>Der Sockel ist fertig, der Aufbau der Holz- und Metallkonstruktion geht gut voran.<\/p>\n<p><a href=\"http:\/\/www.erfahrungsfeld-schoen-und-gut.de\/wp-content\/uploads\/2015\/05\/DSC_1611.jpg\"><img loading=\"lazy\" decoding=\"async\" class=\"alignnone size-thumbnail wp-image-1612\" src=\"http:\/\/www.erfahrungsfeld-schoen-und-gut.de\/wp-content\/uploads\/2015\/05\/DSC_1611-150x150.jpg\" alt=\"DSC_1611\" width=\"150\" height=\"150\" \/><\/a>\u00a0 <a href=\"http:\/\/www.erfahrungsfeld-schoen-und-gut.de\/wp-content\/uploads\/2012\/01\/DSC_1610.jpg\"><img loading=\"lazy\" decoding=\"async\" class=\"alignnone size-thumbnail wp-image-1616\" src=\"http:\/\/www.erfahrungsfeld-schoen-und-gut.de\/wp-content\/uploads\/2012\/01\/DSC_1610-150x150.jpg\" alt=\"DSC_1610\" width=\"150\" height=\"150\" \/><\/a><\/p>\n<h3>9. Juni 2015:<\/h3>\n<p>Die Verschalung des Sockels steht und wird von flei\u00dfigen Helfern aus der Jugendwerkstatt mit Stampfbeton gef\u00fcllt.<\/p>\n<p><a href=\"http:\/\/www.erfahrungsfeld-schoen-und-gut.de\/wp-content\/uploads\/2012\/01\/2015-16.jpg\"><img loading=\"lazy\" decoding=\"async\" class=\"alignnone size-thumbnail wp-image-1615\" src=\"http:\/\/www.erfahrungsfeld-schoen-und-gut.de\/wp-content\/uploads\/2012\/01\/2015-16-150x150.jpg\" alt=\"2015 (16)\" width=\"150\" height=\"150\" \/><\/a><\/p>\n<h3>15. Mai 2015<\/h3>\n<p>Das Fundament f\u00fcr den in K\u00fcrze entstehenden &#8222;Ort der Ruhe&#8220; ist fertiggestellt (s. auch Projektgalerie).<\/p>\n<p><a href=\"http:\/\/www.erfahrungsfeld-schoen-und-gut.de\/wp-content\/uploads\/2012\/01\/DSC_2543.jpg\"><img loading=\"lazy\" decoding=\"async\" class=\"alignnone size-thumbnail wp-image-1598\" src=\"http:\/\/www.erfahrungsfeld-schoen-und-gut.de\/wp-content\/uploads\/2012\/01\/DSC_2543-150x150.jpg\" alt=\"DSC_2543\" width=\"150\" height=\"150\" \/><\/a><\/p>\n<h3>12. Mai 2015<\/h3>\n<p>Feierliche Einweihung des Klaus-Hoppmann-Wegs mit rd. 50 geladenen G\u00e4sten; <strong>Wolfgang Belitz<\/strong> (Stiftungsvorstandsvorsitzender) und <strong>Steffen Mues<\/strong> (B\u00fcrgermeister Siegen) enth\u00fcllen das Stra\u00dfenschild<\/p>\n<p><a href=\"http:\/\/www.erfahrungsfeld-schoen-und-gut.de\/wp-content\/uploads\/2015\/05\/DSC_2517-1024x6831.jpg\"><img loading=\"lazy\" decoding=\"async\" class=\"alignnone size-medium wp-image-1533\" src=\"http:\/\/www.erfahrungsfeld-schoen-und-gut.de\/wp-content\/uploads\/2015\/05\/DSC_2517-1024x6831-200x300.jpg\" alt=\"DSC_2517-1024x683\" width=\"200\" height=\"300\" srcset=\"https:\/\/www.erfahrungsfeld-schoen-und-gut.de\/wp-content\/uploads\/2015\/05\/DSC_2517-1024x6831-200x300.jpg 200w, https:\/\/www.erfahrungsfeld-schoen-und-gut.de\/wp-content\/uploads\/2015\/05\/DSC_2517-1024x6831.jpg 683w\" sizes=\"auto, (max-width: 200px) 100vw, 200px\" \/><\/a><\/p>\n<h3>9. Mai 2015<\/h3>\n<p>Tag der St\u00e4dtbauf\u00f6rderung in Siegen: Neben den Projekten Auf zu neuen Ufern, Quartier Geisweid und Offene Uni (Regionale) wurde das <strong><span style=\"color: #008000;\">SCH\u00d6N<\/span>UND<span style=\"color: #0000ff;\">GUT<\/span><\/strong> Erfahrungsfeld Fischbacherberg der \u00d6ffentlichkeit vorgestellt.<\/p>\n<p><a href=\"http:\/\/www.erfahrungsfeld-schoen-und-gut.de\/wp-content\/uploads\/2015\/05\/DSC_22361.jpg\"><img loading=\"lazy\" decoding=\"async\" class=\"alignnone size-medium wp-image-1513\" src=\"http:\/\/www.erfahrungsfeld-schoen-und-gut.de\/wp-content\/uploads\/2015\/05\/DSC_22361-300x200.jpg\" alt=\"DSC_2236\" width=\"300\" height=\"200\" srcset=\"https:\/\/www.erfahrungsfeld-schoen-und-gut.de\/wp-content\/uploads\/2015\/05\/DSC_22361-300x200.jpg 300w, https:\/\/www.erfahrungsfeld-schoen-und-gut.de\/wp-content\/uploads\/2015\/05\/DSC_22361-1024x683.jpg 1024w, https:\/\/www.erfahrungsfeld-schoen-und-gut.de\/wp-content\/uploads\/2015\/05\/DSC_22361-450x300.jpg 450w\" sizes=\"auto, (max-width: 300px) 100vw, 300px\" \/><\/a><\/p>\n<h3>5. M\u00e4rz 2015:<\/h3>\n<p>Als vorbereitende Arbeiten f\u00fcr die Anlage eines Rundwegs wird mit Baggern der hinteren Bereich des Gel\u00e4ndes moduliert.<\/p>\n<p><a href=\"http:\/\/www.erfahrungsfeld-schoen-und-gut.de\/wp-content\/uploads\/2015\/03\/DSC_1555.jpg\"><img loading=\"lazy\" decoding=\"async\" class=\"alignnone size-medium wp-image-1497\" src=\"http:\/\/www.erfahrungsfeld-schoen-und-gut.de\/wp-content\/uploads\/2015\/03\/DSC_1555-300x200.jpg\" alt=\"DSC_1555\" width=\"300\" height=\"200\" srcset=\"https:\/\/www.erfahrungsfeld-schoen-und-gut.de\/wp-content\/uploads\/2015\/03\/DSC_1555-300x200.jpg 300w, https:\/\/www.erfahrungsfeld-schoen-und-gut.de\/wp-content\/uploads\/2015\/03\/DSC_1555-1024x683.jpg 1024w, https:\/\/www.erfahrungsfeld-schoen-und-gut.de\/wp-content\/uploads\/2015\/03\/DSC_1555-450x300.jpg 450w\" sizes=\"auto, (max-width: 300px) 100vw, 300px\" \/><\/a><\/p>\n<h3>29. November 2014<\/h3>\n<p>Unser Kooperationspartner Katholisches Jugendwerk F\u00f6rderband e.V. hat einen kleinen Weihnachtsmarkt unter dem Motto &#8222;Winterfeuer&#8220; organisiert. Die Resonanz ist geradezu \u00fcberw\u00e4ltigend gut. Insbesondere nach Sonenuntergang entsteht eine wunderbare Atmosph\u00e4re.<\/p>\n<p><a href=\"http:\/\/www.erfahrungsfeld-schoen-und-gut.de\/wp-content\/uploads\/2014\/12\/DSC_0700.jpg\"><img loading=\"lazy\" decoding=\"async\" class=\"alignnone size-medium wp-image-1437\" src=\"http:\/\/www.erfahrungsfeld-schoen-und-gut.de\/wp-content\/uploads\/2014\/12\/DSC_0700-300x200.jpg\" alt=\"DSC_0700\" width=\"300\" height=\"200\" srcset=\"https:\/\/www.erfahrungsfeld-schoen-und-gut.de\/wp-content\/uploads\/2014\/12\/DSC_0700-300x200.jpg 300w, https:\/\/www.erfahrungsfeld-schoen-und-gut.de\/wp-content\/uploads\/2014\/12\/DSC_0700-1024x682.jpg 1024w, https:\/\/www.erfahrungsfeld-schoen-und-gut.de\/wp-content\/uploads\/2014\/12\/DSC_0700-450x300.jpg 450w\" sizes=\"auto, (max-width: 300px) 100vw, 300px\" \/><\/a> \u00a0<a href=\"http:\/\/www.erfahrungsfeld-schoen-und-gut.de\/wp-content\/uploads\/2014\/12\/DSC_0743.jpg\"><img loading=\"lazy\" decoding=\"async\" class=\"alignnone size-medium wp-image-1434\" src=\"http:\/\/www.erfahrungsfeld-schoen-und-gut.de\/wp-content\/uploads\/2014\/12\/DSC_0743-300x200.jpg\" alt=\"DSC_0743\" width=\"300\" height=\"200\" srcset=\"https:\/\/www.erfahrungsfeld-schoen-und-gut.de\/wp-content\/uploads\/2014\/12\/DSC_0743-300x200.jpg 300w, https:\/\/www.erfahrungsfeld-schoen-und-gut.de\/wp-content\/uploads\/2014\/12\/DSC_0743-1024x682.jpg 1024w, https:\/\/www.erfahrungsfeld-schoen-und-gut.de\/wp-content\/uploads\/2014\/12\/DSC_0743-450x300.jpg 450w\" sizes=\"auto, (max-width: 300px) 100vw, 300px\" \/><\/a><\/p>\n<p><a href=\"http:\/\/www.erfahrungsfeld-schoen-und-gut.de\/wp-content\/uploads\/2014\/12\/DSC_0738.jpg\"><img loading=\"lazy\" decoding=\"async\" class=\"alignnone size-medium wp-image-1439\" src=\"http:\/\/www.erfahrungsfeld-schoen-und-gut.de\/wp-content\/uploads\/2014\/12\/DSC_0738-300x200.jpg\" alt=\"DSC_0738\" width=\"300\" height=\"200\" srcset=\"https:\/\/www.erfahrungsfeld-schoen-und-gut.de\/wp-content\/uploads\/2014\/12\/DSC_0738-300x200.jpg 300w, https:\/\/www.erfahrungsfeld-schoen-und-gut.de\/wp-content\/uploads\/2014\/12\/DSC_0738-1024x682.jpg 1024w, https:\/\/www.erfahrungsfeld-schoen-und-gut.de\/wp-content\/uploads\/2014\/12\/DSC_0738-450x300.jpg 450w\" sizes=\"auto, (max-width: 300px) 100vw, 300px\" \/><\/a>\u00a0 <a href=\"http:\/\/www.erfahrungsfeld-schoen-und-gut.de\/wp-content\/uploads\/2014\/12\/DSC_0761.jpg\"><img loading=\"lazy\" decoding=\"async\" class=\"alignnone size-thumbnail wp-image-1435\" src=\"http:\/\/www.erfahrungsfeld-schoen-und-gut.de\/wp-content\/uploads\/2014\/12\/DSC_0761-150x150.jpg\" alt=\"DSC_0761\" width=\"150\" height=\"150\" \/><\/a><\/p>\n<h3>17. November 2014<\/h3>\n<p>Am 17. November 2014 stattet der Pr\u00e4sident der Bezirksregierung Arnsberg, <strong>Dr. Gerd Bollermann<\/strong>, auf Einladung von MdB <strong>Willi Brase<\/strong> dem <strong><span style=\"color: #008000;\">SCH\u00d6N<\/span>UND<span style=\"color: #0000ff;\">GUT<\/span><\/strong> Erfahrungsfeld Fischbacherberg einen rund zweist\u00fcndigen Besuch ab. Er informiert sich dabei \u00fcber die Geschichte des Projekts und die aktuelle Situation. Die Hoppmann Stiftung als Betreiber des Erfahrungsfeldes ist mit <strong>Wolfgang Belitz<\/strong> und <strong>Martin Schneider<\/strong> vertreten. Des Weiteren nehmen der Projektleiter <strong>Hermann Schmid<\/strong> sowie <strong>Bruno Kemper<\/strong> vom Autohaus Hoppmann teil. Der Regierungspr\u00e4sident zeigt sich erfreut \u00fcber das erfolgreiche Engagement und sehr interessiert an den weiteren Planungen.<\/p>\n<p><a href=\"http:\/\/www.erfahrungsfeld-schoen-und-gut.de\/wp-content\/uploads\/2014\/11\/2014-11-17-Besuch-RP-und-MdB-2.jpg\"><img loading=\"lazy\" decoding=\"async\" class=\"alignnone size-medium wp-image-1421\" src=\"http:\/\/www.erfahrungsfeld-schoen-und-gut.de\/wp-content\/uploads\/2014\/11\/2014-11-17-Besuch-RP-und-MdB-2-300x200.jpg\" alt=\"2014 11 17 Besuch RP und MdB 2\" width=\"300\" height=\"200\" srcset=\"https:\/\/www.erfahrungsfeld-schoen-und-gut.de\/wp-content\/uploads\/2014\/11\/2014-11-17-Besuch-RP-und-MdB-2-300x200.jpg 300w, https:\/\/www.erfahrungsfeld-schoen-und-gut.de\/wp-content\/uploads\/2014\/11\/2014-11-17-Besuch-RP-und-MdB-2-1024x682.jpg 1024w, https:\/\/www.erfahrungsfeld-schoen-und-gut.de\/wp-content\/uploads\/2014\/11\/2014-11-17-Besuch-RP-und-MdB-2-450x300.jpg 450w\" sizes=\"auto, (max-width: 300px) 100vw, 300px\" \/><\/a><\/p>\n<h3>14. November 2014<\/h3>\n<p>Bis auf das Membrandach (Fertigstellung bis max. 31.03.2015) ist die Open-Air-B\u00fchne fertig.<\/p>\n<p><a href=\"http:\/\/www.erfahrungsfeld-schoen-und-gut.de\/wp-content\/uploads\/2012\/01\/DSC_0672.jpg\"><img loading=\"lazy\" decoding=\"async\" class=\"alignnone size-medium wp-image-1443\" src=\"http:\/\/www.erfahrungsfeld-schoen-und-gut.de\/wp-content\/uploads\/2012\/01\/DSC_0672-300x200.jpg\" alt=\"DSC_0672\" width=\"300\" height=\"200\" srcset=\"https:\/\/www.erfahrungsfeld-schoen-und-gut.de\/wp-content\/uploads\/2012\/01\/DSC_0672-300x200.jpg 300w, https:\/\/www.erfahrungsfeld-schoen-und-gut.de\/wp-content\/uploads\/2012\/01\/DSC_0672-1024x682.jpg 1024w, https:\/\/www.erfahrungsfeld-schoen-und-gut.de\/wp-content\/uploads\/2012\/01\/DSC_0672-450x300.jpg 450w\" sizes=\"auto, (max-width: 300px) 100vw, 300px\" \/><\/a>\u00a0 <a href=\"http:\/\/www.erfahrungsfeld-schoen-und-gut.de\/wp-content\/uploads\/2012\/01\/DSC_0676.jpg\"><img loading=\"lazy\" decoding=\"async\" class=\"alignnone size-medium wp-image-1442\" src=\"http:\/\/www.erfahrungsfeld-schoen-und-gut.de\/wp-content\/uploads\/2012\/01\/DSC_0676-300x200.jpg\" alt=\"DSC_0676\" width=\"300\" height=\"200\" srcset=\"https:\/\/www.erfahrungsfeld-schoen-und-gut.de\/wp-content\/uploads\/2012\/01\/DSC_0676-300x200.jpg 300w, https:\/\/www.erfahrungsfeld-schoen-und-gut.de\/wp-content\/uploads\/2012\/01\/DSC_0676-1024x682.jpg 1024w, https:\/\/www.erfahrungsfeld-schoen-und-gut.de\/wp-content\/uploads\/2012\/01\/DSC_0676-450x300.jpg 450w\" sizes=\"auto, (max-width: 300px) 100vw, 300px\" \/><\/a><\/p>\n<h3>13. September 2014<\/h3>\n<p>Auf den 6 Hektar Fl\u00e4che des Erfahrungsfeldes SCH\u00d6NUNDGUT stehen auch jede Menge B\u00e4ume. Eine recht hohe Anzahl (\u00fcberwiegend Salweiden) musste aus Verkehrssicherungsgr\u00fcnden nun entfernt werden. Von ihnen ging eine gewisse Gefahr aus, dass sie, z.B. bei einem Sturm, einst\u00fcrzen und Menschen gef\u00e4hrden k\u00f6nnten. Das dabei entstandene Holzmaterial wird in K\u00fcrze geh\u00e4ckselt und als Boden- oder Wegebelag verwendet. &#8211; Anfang November wirde das gesamte, mittlerweile getrocknete Material geschreddert und kann auf dem Gel\u00e4nde verteilt werden. Erster Bestimmungsort eines Teils vom Material ist die Fl\u00e4che vor der Open-Air-B\u00fchne (s.o.).<\/p>\n<p><a href=\"http:\/\/www.erfahrungsfeld-schoen-und-gut.de\/wp-content\/uploads\/2014\/12\/20140909_142621.jpg\"><img loading=\"lazy\" decoding=\"async\" class=\"alignnone size-medium wp-image-1447\" src=\"http:\/\/www.erfahrungsfeld-schoen-und-gut.de\/wp-content\/uploads\/2014\/12\/20140909_142621-300x168.jpg\" alt=\"20140909_142621\" width=\"300\" height=\"168\" srcset=\"https:\/\/www.erfahrungsfeld-schoen-und-gut.de\/wp-content\/uploads\/2014\/12\/20140909_142621-300x168.jpg 300w, https:\/\/www.erfahrungsfeld-schoen-und-gut.de\/wp-content\/uploads\/2014\/12\/20140909_142621-1024x576.jpg 1024w, https:\/\/www.erfahrungsfeld-schoen-und-gut.de\/wp-content\/uploads\/2014\/12\/20140909_142621-500x281.jpg 500w\" sizes=\"auto, (max-width: 300px) 100vw, 300px\" \/><\/a>\u00a0\u00a0 <a href=\"http:\/\/www.erfahrungsfeld-schoen-und-gut.de\/wp-content\/uploads\/2014\/12\/DSC_0679.jpg\"><img loading=\"lazy\" decoding=\"async\" class=\"alignnone size-medium wp-image-1448\" src=\"http:\/\/www.erfahrungsfeld-schoen-und-gut.de\/wp-content\/uploads\/2014\/12\/DSC_0679-300x200.jpg\" alt=\"DSC_0679\" width=\"300\" height=\"200\" srcset=\"https:\/\/www.erfahrungsfeld-schoen-und-gut.de\/wp-content\/uploads\/2014\/12\/DSC_0679-300x200.jpg 300w, https:\/\/www.erfahrungsfeld-schoen-und-gut.de\/wp-content\/uploads\/2014\/12\/DSC_0679-1024x682.jpg 1024w, https:\/\/www.erfahrungsfeld-schoen-und-gut.de\/wp-content\/uploads\/2014\/12\/DSC_0679-450x300.jpg 450w\" sizes=\"auto, (max-width: 300px) 100vw, 300px\" \/><\/a><\/p>\n<h3>1. August 2014<\/h3>\n<p>Die Open-Air-B\u00fchne wird mit einem Holzdach ausgestattet.<\/p>\n<p><a href=\"http:\/\/www.erfahrungsfeld-schoen-und-gut.de\/wp-content\/uploads\/2014\/08\/2014-08-01-0002.jpg\"><img loading=\"lazy\" decoding=\"async\" class=\"alignnone size-thumbnail wp-image-1385\" src=\"http:\/\/www.erfahrungsfeld-schoen-und-gut.de\/wp-content\/uploads\/2014\/08\/2014-08-01-0002-150x150.jpg\" alt=\"2014 08 01 0002\" width=\"150\" height=\"150\" \/><\/a><\/p>\n<h3>28.Juli &#8211; 15. August 2014<\/h3>\n<p>Der Rabauki-Bauspielplatz geht in seine 18.Runde, zum dritten Mal auf dem Erfahrungsfeld SCHONUNDGUT. Wieder sind 150 Kinder dabei, die mit Feuereifer s\u00e4gen, h\u00e4mmern und bauen werden.<\/p>\n<h3>7.-11. Juli 2014<\/h3>\n<p>Die Waldritter sind da! Eine Woche lang lernen rund 40 Kinder unter p\u00e4dagogischer Betreuung und Anleitung, dass Konflikte auch ganz anders als mit Waffengewalt l\u00f6sen kann. Fotos folgen noch &#8230;<\/p>\n<h3>4. Juli 2014<\/h3>\n<p>Das letzte Teilprojekt aus dem F\u00f6rderprogramm &#8222;Soziale Stadt&#8220; kommt auf die Zielgerade. Schon seit Wochen ist der Bereich der k\u00fcnftigen\u00a0 &#8222;Open-Air-B\u00fchne&#8220; einger\u00fcstet. In den letzten Tagen wurden riesige Stahltr\u00e4ger aufs Gel\u00e4nde gebracht, die passend eingesetzt und montiert werden. Im Laufe des Monats Juli sollen die Arbeiten abgeschlossen werden. Weitere Fotos folgen.<\/p>\n<p><a href=\"http:\/\/www.erfahrungsfeld-schoen-und-gut.de\/wp-content\/uploads\/2014\/07\/20140522_164543.jpg\"><img loading=\"lazy\" decoding=\"async\" class=\"alignnone size-thumbnail wp-image-1360\" src=\"http:\/\/www.erfahrungsfeld-schoen-und-gut.de\/wp-content\/uploads\/2014\/07\/20140522_164543-150x150.jpg\" alt=\"20140522_164543\" width=\"150\" height=\"150\" \/><\/a><a href=\"http:\/\/www.erfahrungsfeld-schoen-und-gut.de\/wp-content\/uploads\/2014\/07\/20140704_133036.jpg\"> <img loading=\"lazy\" decoding=\"async\" class=\"alignnone size-thumbnail wp-image-1355\" src=\"http:\/\/www.erfahrungsfeld-schoen-und-gut.de\/wp-content\/uploads\/2014\/07\/20140704_133036-150x150.jpg\" alt=\"20140704_133036\" width=\"150\" height=\"150\" \/><\/a> <a href=\"http:\/\/www.erfahrungsfeld-schoen-und-gut.de\/wp-content\/uploads\/2014\/07\/20140704_133023.jpg\"><img loading=\"lazy\" decoding=\"async\" class=\"alignnone size-thumbnail wp-image-1356\" src=\"http:\/\/www.erfahrungsfeld-schoen-und-gut.de\/wp-content\/uploads\/2014\/07\/20140704_133023-150x150.jpg\" alt=\"20140704_133023\" width=\"150\" height=\"150\" \/><\/a><\/p>\n<h3>30. Juni 2014<\/h3>\n<p>Das neue Eingangstor ist fertig! Weithin sichtbar und mit ungew\u00f6hnlichem Design sehen die Besucher des Gel\u00e4ndes ab sofort einen weiteren Blickfang auf dem Gel\u00e4nde.<\/p>\n<p><a href=\"http:\/\/www.erfahrungsfeld-schoen-und-gut.de\/wp-content\/uploads\/2014\/07\/20140704_133737.jpg\"><img loading=\"lazy\" decoding=\"async\" class=\"alignnone size-medium wp-image-1353\" src=\"http:\/\/www.erfahrungsfeld-schoen-und-gut.de\/wp-content\/uploads\/2014\/07\/20140704_133737-300x168.jpg\" alt=\"20140704_133737\" width=\"300\" height=\"168\" srcset=\"https:\/\/www.erfahrungsfeld-schoen-und-gut.de\/wp-content\/uploads\/2014\/07\/20140704_133737-300x168.jpg 300w, https:\/\/www.erfahrungsfeld-schoen-und-gut.de\/wp-content\/uploads\/2014\/07\/20140704_133737-1024x576.jpg 1024w, https:\/\/www.erfahrungsfeld-schoen-und-gut.de\/wp-content\/uploads\/2014\/07\/20140704_133737-500x281.jpg 500w\" sizes=\"auto, (max-width: 300px) 100vw, 300px\" \/><\/a><\/p>\n<h3>22. Mai 2014<\/h3>\n<p>Der im letzten Jahr errichtete Totempfahl wurde zuletzt sehr aufgewertet und als Ruhezone gestaltet. Im Rahmen einer BVB Pro-Ma\u00dfnahme des katholischen Jugendwerks F\u00f6rderband wurde die Fl\u00e4che rund um den Pfahl gef\u00e4llig gepflastert, mit einigen &#8222;Sitzb\u00e4nken&#8220; angereichert und l\u00e4dt nun zum Verweilen ein.<\/p>\n<p><a href=\"http:\/\/www.erfahrungsfeld-schoen-und-gut.de\/wp-content\/uploads\/2014\/07\/20140522_164226-e1404746036178.jpg\"><img loading=\"lazy\" decoding=\"async\" class=\"alignnone size-medium wp-image-1358\" src=\"http:\/\/www.erfahrungsfeld-schoen-und-gut.de\/wp-content\/uploads\/2014\/07\/20140522_164226-e1404746036178-168x300.jpg\" alt=\"20140522_164226\" width=\"168\" height=\"300\" srcset=\"https:\/\/www.erfahrungsfeld-schoen-und-gut.de\/wp-content\/uploads\/2014\/07\/20140522_164226-e1404746036178-168x300.jpg 168w, https:\/\/www.erfahrungsfeld-schoen-und-gut.de\/wp-content\/uploads\/2014\/07\/20140522_164226-e1404746036178-576x1024.jpg 576w\" sizes=\"auto, (max-width: 168px) 100vw, 168px\" \/><\/a><\/p>\n<h3>21. Mai 2014<\/h3>\n<p>Gestern geliefert, heute gesetzt wurden insgesamt 15 Obstb\u00e4ume (Kirschen, Zwetschgen, \u00c4pfel und Birnen).<\/p>\n<p>Gemeinsam mit Herrn Mathias, Generalvertretung der Allianz in Siegen, war beim CJD Olpe &#8211; Standort Siegen die Idee entstanden, im Rahmen der Ausbildung zum Werker im Gartenbau ein lehrjahr\u00fcbergreifendes Naturschutzprojekt am Fischbacherberg zu planen. Das Thema Streuobstwiese wurde aus mehreren Gr\u00fcnden gew\u00e4hlt. Denn gerade der Artenschutz heimischer Vogel- und Insektenarten sowie deren Lebensgemeinschaften stehen hier im Vordergrund. Diesen Gedanken griff Herr Mathias auf Anfrage des CJD Standortleiters Siegen Patrick B\u00f6ttger gerne auf und vermittelte den Kontakt zur Allianz Stiftung &#8222;Blaue Adler &#8211; Aktiv f\u00fcr Mensch und Umwelt&#8220;. Unter diesem Motto f\u00f6rdert die Allianz Umweltstiftung deutschlandweit Umweltprojekte. Die Planungen und Umsetzung des ca. 2500.- \u20ac teuren Projektes lagen dann in der Hand des dritten Ausbildungsjahres der CJD Abteilung Garten- und Landschaftbau unter Federf\u00fchrung von G\u00e4rtnermeister Roland Kruska. Hermann Schmid (Projektleiter Erfahrungsfeld SCH\u00d6NUNDGUT) begleitete das Projekt vor Ort mit und ist erfreut \u00fcber einen weiteren Baustein der im Erfahrensfeld mit 15 neuen Obstb\u00e4umen verwirklicht wurde.<\/p>\n<p><a href=\"http:\/\/www.erfahrungsfeld-schoen-und-gut.de\/wp-content\/uploads\/2014\/07\/DSC_0084.jpg\"><img loading=\"lazy\" decoding=\"async\" class=\"alignnone size-medium wp-image-1376\" src=\"http:\/\/www.erfahrungsfeld-schoen-und-gut.de\/wp-content\/uploads\/2014\/07\/DSC_0084-300x200.jpg\" alt=\"DSC_0084\" width=\"300\" height=\"200\" srcset=\"https:\/\/www.erfahrungsfeld-schoen-und-gut.de\/wp-content\/uploads\/2014\/07\/DSC_0084-300x200.jpg 300w, https:\/\/www.erfahrungsfeld-schoen-und-gut.de\/wp-content\/uploads\/2014\/07\/DSC_0084-1024x682.jpg 1024w, https:\/\/www.erfahrungsfeld-schoen-und-gut.de\/wp-content\/uploads\/2014\/07\/DSC_0084-450x300.jpg 450w\" sizes=\"auto, (max-width: 300px) 100vw, 300px\" \/><\/a><\/p>\n<h3>13. Mai 2014<\/h3>\n<p>Die gesetzlich vorgeschriebene L\u00f6schwasserentnahmestelle war bislang eines der zeitlich z\u00e4hesten Projekte auf dem Erfahrungsfeld. Die \u00dcberpr\u00fcfung der erforderlichen Standards, die Einholung passender Angebote und die Abstimmung mi der \u00f6rtlichen Feuerwehr zog sich ziemlich lange hin. Doch seit heute ist alles gut.<\/p>\n<p><a href=\"http:\/\/www.erfahrungsfeld-schoen-und-gut.de\/wp-content\/uploads\/2014\/07\/20140514_095417.jpg\"><img loading=\"lazy\" decoding=\"async\" class=\"alignnone size-medium wp-image-1354\" src=\"http:\/\/www.erfahrungsfeld-schoen-und-gut.de\/wp-content\/uploads\/2014\/07\/20140514_095417-300x168.jpg\" alt=\"20140514_095417\" width=\"300\" height=\"168\" srcset=\"https:\/\/www.erfahrungsfeld-schoen-und-gut.de\/wp-content\/uploads\/2014\/07\/20140514_095417-300x168.jpg 300w, https:\/\/www.erfahrungsfeld-schoen-und-gut.de\/wp-content\/uploads\/2014\/07\/20140514_095417-1024x576.jpg 1024w, https:\/\/www.erfahrungsfeld-schoen-und-gut.de\/wp-content\/uploads\/2014\/07\/20140514_095417-500x281.jpg 500w\" sizes=\"auto, (max-width: 300px) 100vw, 300px\" \/><\/a><\/p>\n<h3>30. April 2014<\/h3>\n<p>Seit kurzem findet &#8222;der geneigte Betrachter&#8220; vor dem Werkhaus ein weiteres Objekt vor, ein Klangobjekt mit unterschiedlich gro\u00dfen Metallscheiben, die bei Ber\u00fchrung auch ganz unterschiedliche Kl\u00e4nge erzeugen.<\/p>\n<p><a href=\"http:\/\/www.erfahrungsfeld-schoen-und-gut.de\/wp-content\/uploads\/2014\/07\/20140428_142007.jpg\"><img loading=\"lazy\" decoding=\"async\" class=\"alignnone size-medium wp-image-1357\" src=\"http:\/\/www.erfahrungsfeld-schoen-und-gut.de\/wp-content\/uploads\/2014\/07\/20140428_142007-300x168.jpg\" alt=\"20140428_142007\" width=\"300\" height=\"168\" srcset=\"https:\/\/www.erfahrungsfeld-schoen-und-gut.de\/wp-content\/uploads\/2014\/07\/20140428_142007-300x168.jpg 300w, https:\/\/www.erfahrungsfeld-schoen-und-gut.de\/wp-content\/uploads\/2014\/07\/20140428_142007-1024x576.jpg 1024w, https:\/\/www.erfahrungsfeld-schoen-und-gut.de\/wp-content\/uploads\/2014\/07\/20140428_142007-500x281.jpg 500w\" sizes=\"auto, (max-width: 300px) 100vw, 300px\" \/><\/a><\/p>\n<h3>14.-16. Juni 2013<\/h3>\n<p>Im Rahmen der 72-Stunden-Sozialaktion des BDKJ hat eine 12-k\u00f6pfige Pfadfindergruppe, tatkr\u00e4ftig unterst\u00fctzt durch die Jugendwerkstatt, auf dem Erfahrungsfeld Erstaunliches geleistet. Sichtbare Ergebnisse des 3-t\u00e4gigen Wirkens sind eine Kr\u00e4uterschnecke, ein Insektenhotel sowie eine Aussichtsplattform zur Wildtierbeobachtung (s. Fotos unten). Alle Stationen f\u00fcgen sich auch sehr sch\u00f6n ins Gel\u00e4nde ein.<\/p>\n<p><a href=\"http:\/\/www.erfahrungsfeld-schoen-und-gut.de\/wp-content\/uploads\/2012\/01\/2013-06-16-001.jpg\"><img loading=\"lazy\" decoding=\"async\" src=\"http:\/\/www.erfahrungsfeld-schoen-und-gut.de\/wp-content\/uploads\/2012\/01\/2013-06-16-001-150x150.jpg\" alt=\"2013 06 16 001\" width=\"150\" height=\"150\" \/><\/a>\u00a0 <a href=\"http:\/\/www.erfahrungsfeld-schoen-und-gut.de\/wp-content\/uploads\/2012\/01\/2013-06-16-004.jpg\"><img loading=\"lazy\" decoding=\"async\" src=\"http:\/\/www.erfahrungsfeld-schoen-und-gut.de\/wp-content\/uploads\/2012\/01\/2013-06-16-004-150x150.jpg\" alt=\"2013 06 16 004\" width=\"150\" height=\"150\" \/><\/a>\u00a0 <a href=\"http:\/\/www.erfahrungsfeld-schoen-und-gut.de\/wp-content\/uploads\/2012\/01\/2013-06-16-002.jpg\"><img loading=\"lazy\" decoding=\"async\" src=\"http:\/\/www.erfahrungsfeld-schoen-und-gut.de\/wp-content\/uploads\/2012\/01\/2013-06-16-002-150x150.jpg\" alt=\"2013 06 16 002\" width=\"150\" height=\"150\" \/><\/a>\u00a0 <a href=\"http:\/\/www.erfahrungsfeld-schoen-und-gut.de\/wp-content\/uploads\/2012\/01\/2013-06-16-003.jpg\"><img loading=\"lazy\" decoding=\"async\" src=\"http:\/\/www.erfahrungsfeld-schoen-und-gut.de\/wp-content\/uploads\/2012\/01\/2013-06-16-003-150x150.jpg\" alt=\"2013 06 16 003\" width=\"150\" height=\"150\" \/><\/a><\/p>\n<p>Zum Abschluss der Aktion wurden die Bauten am 16.06. der interessierten\u00a0\u00d6ffentlichkeit vorgestellt &#8211; und es kamen mehr als 200 kleine und gro\u00dfe BesucherInnen. <strong>Ein toller Erfolg!<\/strong> (s. auch <a href=\"http:\/\/www.erfahrungsfeld-schoen-und-gut.de\/wp-content\/uploads\/2013\/06\/2013-06-17-SZ-EPaper-Erlebbares-Zeichen-des-Glaubens.pdf\">2013 06 17 SZ EPaper Erlebbares Zeichen des Glaubens)<\/a><\/p>\n<p><a href=\"http:\/\/www.erfahrungsfeld-schoen-und-gut.de\/wp-content\/uploads\/2013\/06\/72-Stunden-BDKJ-Jugendwerkstatt.jpg\"><img loading=\"lazy\" decoding=\"async\" src=\"http:\/\/www.erfahrungsfeld-schoen-und-gut.de\/wp-content\/uploads\/2013\/06\/72-Stunden-BDKJ-Jugendwerkstatt-300x200.jpg\" alt=\"72 Stunden BDKJ Jugendwerkstatt\" width=\"300\" height=\"200\" \/><\/a>\u00a0 <a href=\"http:\/\/www.erfahrungsfeld-schoen-und-gut.de\/wp-content\/uploads\/2012\/01\/2013-06-16-005.jpg\"><img loading=\"lazy\" decoding=\"async\" src=\"http:\/\/www.erfahrungsfeld-schoen-und-gut.de\/wp-content\/uploads\/2012\/01\/2013-06-16-005-300x200.jpg\" alt=\"2013 06 16 005\" width=\"300\" height=\"200\" \/><\/a><\/p>\n<p>30. Mai 2013<\/p>\n<p>Es\u00a0ist gr\u00fcn.<\/p>\n<p><a href=\"http:\/\/www.erfahrungsfeld-schoen-und-gut.de\/wp-content\/uploads\/2012\/01\/2013-05-301.jpg\"><img loading=\"lazy\" decoding=\"async\" src=\"http:\/\/www.erfahrungsfeld-schoen-und-gut.de\/wp-content\/uploads\/2012\/01\/2013-05-301-300x200.jpg\" alt=\"2013 05 30\" width=\"300\" height=\"200\" \/><\/a><\/p>\n<h3>24. Mai 2013<\/h3>\n<p>Im Magazin &#8222;Initiativbanking&#8220; der WGZ-Bank erscheint ein Artikel zum <strong>SCH\u00d6NUNDGUT<\/strong>-Projekt, s. <strong>Pressearchiv<\/strong>.<\/p>\n<p>Das Video zum Erfahrungsfeld finden Sie hier:<\/p>\n<p><a href=\"http:\/\/www.youtube.com\/watch?v=maW6SgvdLqM\">http:\/\/www.youtube.com\/watch?v=maW6SgvdLqM<\/a><\/p>\n<h3>3. Mai 2013<\/h3>\n<p>In der Mai-Ausgabe des monatlich erscheinenden Wirtschaftsreport der IHK Siegen wird\u00a0\u00fcber soziales Engagement in Unternehmen berichtet. Als ein Beispiel wird das Projekt <strong>SCH\u00d6NUNDGUT<\/strong>\u00a0ausf\u00fchrlich vorgestellt &#8211;&gt; Den vollst\u00e4ndigen Artikel finden Sie im <strong>Pressearchiv<\/strong>.<\/p>\n<h3>15. Mai 2013<\/h3>\n<p>Nur zwei Wochen nach dem Beginn der Bepflanzungsaktion hat sich das Bild erneut deutlich ver\u00e4ndert. Es wird richtig sch\u00f6n.<\/p>\n<p><a href=\"http:\/\/www.erfahrungsfeld-schoen-und-gut.de\/wp-content\/uploads\/2013\/05\/DSC09156-klein.jpg\"><img loading=\"lazy\" decoding=\"async\" src=\"http:\/\/www.erfahrungsfeld-schoen-und-gut.de\/wp-content\/uploads\/2013\/05\/DSC09156-klein-300x225.jpg\" alt=\"DSC09156 klein\" width=\"300\" height=\"225\" \/><\/a>\u00a0 <a href=\"http:\/\/www.erfahrungsfeld-schoen-und-gut.de\/wp-content\/uploads\/2013\/05\/DSC09176-klein.jpg\"><img loading=\"lazy\" decoding=\"async\" src=\"http:\/\/www.erfahrungsfeld-schoen-und-gut.de\/wp-content\/uploads\/2013\/05\/DSC09176-klein-300x225.jpg\" alt=\"DSC09176 klein\" width=\"300\" height=\"225\" \/><\/a><\/p>\n<h3>2. Mai 2013<\/h3>\n<p>Der <strong>Ausschuss f\u00fcr Stadtentwicklung, Wirtschaftsf\u00f6rderung, Stadthallen und Liegenschaften der Stadt Siegen<\/strong> stattet dem Erfahrungsfeld einen Besuch ab. Vor der nicht-\u00f6ffentlichen Sitzung begr\u00fc\u00dft Wolfgang Belitz einen Teil der Ausschussmitglieder auf dem <b>SCH\u00d6N<\/b><b>UND<\/b><b>GUT<\/b>-Gel\u00e4nde, informiert sie in Grundz\u00fcgen \u00fcber das Projekt und f\u00fchrt sie, gemeinsam mit Projektleiter Hermann Schmid, \u00fcber das Gel\u00e4nde. An diese Besichtigung schlie\u00dft sich noch eine F\u00fchrung im Siegener Hauptbetrieb der Hoppmann Autowelt an, die von Bruno Kemper geleitet wurde.<\/p>\n<p><a href=\"http:\/\/www.erfahrungsfeld-schoen-und-gut.de\/wp-content\/uploads\/2013\/05\/2013-05-02-Stadtmarketing-01.jpg\"><img loading=\"lazy\" decoding=\"async\" src=\"http:\/\/www.erfahrungsfeld-schoen-und-gut.de\/wp-content\/uploads\/2013\/05\/2013-05-02-Stadtmarketing-01-300x200.jpg\" alt=\"2013 05 02 Stadtmarketing 01\" width=\"300\" height=\"200\" \/><\/a>\u00a0\u00a0<a href=\"http:\/\/www.erfahrungsfeld-schoen-und-gut.de\/wp-content\/uploads\/2013\/05\/2013-05-02-Stadtmarketing-02.jpg\"><img loading=\"lazy\" decoding=\"async\" src=\"http:\/\/www.erfahrungsfeld-schoen-und-gut.de\/wp-content\/uploads\/2013\/05\/2013-05-02-Stadtmarketing-02-300x200.jpg\" alt=\"2013 05 02 Stadtmarketing 02\" width=\"300\" height=\"200\" \/><\/a><\/p>\n<h3>26. April 2013<\/h3>\n<p>Endlich kann auch der Pflanzplan rund um die Eingangsskulptur angegangen werden. Die Pflanzen stehen bereit und werden bis ca. Mitte Mai alle &#8222;verbaut&#8220; sein. Gleichzeitig geht es beim Bau der Trockenmauer nun z\u00fcgig voran.<\/p>\n<p><a href=\"http:\/\/www.erfahrungsfeld-schoen-und-gut.de\/wp-content\/uploads\/2013\/05\/Freiraumarbeiten-2013-04-29-01.jpg\"><img loading=\"lazy\" decoding=\"async\" src=\"http:\/\/www.erfahrungsfeld-schoen-und-gut.de\/wp-content\/uploads\/2013\/05\/Freiraumarbeiten-2013-04-29-01-300x200.jpg\" alt=\"Freiraumarbeiten 2013 04 29 (01)\" width=\"300\" height=\"200\" \/><\/a>\u00a0\u00a0<a href=\"http:\/\/www.erfahrungsfeld-schoen-und-gut.de\/wp-content\/uploads\/2013\/05\/Freiraumarbeiten-2013-04-29-03.jpg\"><img loading=\"lazy\" decoding=\"async\" src=\"http:\/\/www.erfahrungsfeld-schoen-und-gut.de\/wp-content\/uploads\/2013\/05\/Freiraumarbeiten-2013-04-29-03-300x200.jpg\" alt=\"Freiraumarbeiten 2013 04 29 (03)\" width=\"300\" height=\"200\" \/><\/a><\/p>\n<h3>18.\/19. April 2013<\/h3>\n<p>\u00dcber 70 LKW-Ladungen Mutterboden werden auf der fu\u00dfballplatzgro\u00dfen Fl\u00e4che der Festwiese verteilt und eingeebnet. Mitte Mai wird Grassamen verteilt, so dass es im Juni gr\u00fcn sein sollte.<\/p>\n<p><a href=\"http:\/\/www.erfahrungsfeld-schoen-und-gut.de\/wp-content\/uploads\/2013\/05\/2013-04-22-Mutterbodenlieferung-01.jpg\"><img loading=\"lazy\" decoding=\"async\" src=\"http:\/\/www.erfahrungsfeld-schoen-und-gut.de\/wp-content\/uploads\/2013\/05\/2013-04-22-Mutterbodenlieferung-01-300x200.jpg\" alt=\"2013 04 22 Mutterbodenlieferung 01\" width=\"300\" height=\"200\" \/><\/a>\u00a0\u00a0<a href=\"http:\/\/www.erfahrungsfeld-schoen-und-gut.de\/wp-content\/uploads\/2013\/05\/SUG-05.jpg\"><img loading=\"lazy\" decoding=\"async\" src=\"http:\/\/www.erfahrungsfeld-schoen-und-gut.de\/wp-content\/uploads\/2013\/05\/SUG-05-300x200.jpg\" alt=\"SUG 05\" width=\"300\" height=\"200\" \/><\/a><\/p>\n<h3>5. M\u00e4rz 2013<\/h3>\n<p>Der bei der Industrie- und Handelskammer Siegen (IHK) f\u00fcr Aus- und Weiterbildung verantwortliche Gesch\u00e4ftsf\u00fchrer Klaus Gr\u00e4bener verschaffte sich in Begleitung von MdB Willi Brase w\u00e4hrend eines 2-st\u00fcndigen Besuchs einen \u00dcberblick \u00fcber den Stand der Dinge auf dem Erfahrungsfeld. Dabei wurde er von Wolfgang Belitz, Hermann Schmid und Hoppmann-Gesch\u00e4ftsf\u00fchrer Bruno Kemper \u00fcber die vielen Facetten des Projekts informiert. Nach einer Gel\u00e4ndebegehung zum Schluss des Besuchs ging man mit dem Plan auseinander, bei n\u00e4chster Gelegenheit auch mal auszuprobieren, wo gemeinsame Sache gemacht werden kann, wenn auch die Zielgruppe nicht ganz deckungsgleich ist.<\/p>\n<p><a href=\"http:\/\/www.erfahrungsfeld-schoen-und-gut.de\/wp-content\/uploads\/2013\/03\/2013-03-05-Brase-und-Gr\u00e4bener-auf-dem-Erfahrungsfeld-01.jpg\"><img loading=\"lazy\" decoding=\"async\" src=\"http:\/\/www.erfahrungsfeld-schoen-und-gut.de\/wp-content\/uploads\/2013\/03\/2013-03-05-Brase-und-Gr\u00e4bener-auf-dem-Erfahrungsfeld-01-300x225.jpg\" alt=\"2013 03 05 Brase und Gr\u00e4bener auf dem Erfahrungsfeld 01\" width=\"300\" height=\"225\" \/><\/a><\/p>\n<h5>v.l.n.r. Wolfgang Belitz, MdB Willi Brase, Bruno Kemper, Klaus Gr\u00e4bener und Hermann Schmid<\/h5>\n<h3>5. Februar 2013<\/h3>\n<p>Wolfgang Belitz, Hermann Schmid und Martin Schneider begr\u00fc\u00dften MdB Willi Brase und Dr. Bettina Wolf, Vorsitzende der Gesch\u00e4ftsf\u00fchrung der Agentur f\u00fcr Arbeit Siegen, auf dem Erfahrungsfeld. Im Gespr\u00e4ch ging es darum, \u00a0zuk\u00fcnftige M\u00f6glichkeiten der Qualifizierung f\u00fcr arbeitslose Jugendlichen auf dem <strong>SCH\u00d6NUNDGUT<\/strong>-Gel\u00e4nde auszuloten und die Interessen mit- bzw. aufeinander abzustimmen.<\/p>\n<p><a href=\"http:\/\/www.erfahrungsfeld-schoen-und-gut.de\/wp-content\/uploads\/2013\/02\/2013-02-05-Erfahrungsfeld.jpg\"><img loading=\"lazy\" decoding=\"async\" src=\"http:\/\/www.erfahrungsfeld-schoen-und-gut.de\/wp-content\/uploads\/2013\/02\/2013-02-05-Erfahrungsfeld-300x169.jpg\" alt=\"2013 02 05 Erfahrungsfeld\" width=\"300\" height=\"169\" \/><\/a><\/p>\n<h5>v.l.n.r. Wolfgang Belitz, Dr. Bettina Wolf, Martin Schneider, MdB Willi Brase und Hermann Schmid<\/h5>\n<h3>6. Dezember 2012<\/h3>\n<p>Der Nikolaus hatte Schnee im Gep\u00e4ck &#8230; \ud83d\ude42<\/p>\n<p><a href=\"http:\/\/www.erfahrungsfeld-schoen-und-gut.de\/wp-content\/uploads\/2012\/12\/Werkhaus-im-Schnee.jpg\"><img loading=\"lazy\" decoding=\"async\" title=\"Werkhaus im Schnee\" src=\"http:\/\/www.erfahrungsfeld-schoen-und-gut.de\/wp-content\/uploads\/2012\/12\/Werkhaus-im-Schnee-300x225.jpg\" alt=\"\" width=\"300\" height=\"225\" \/><\/a>\u00a0\u00a0<a href=\"http:\/\/www.erfahrungsfeld-schoen-und-gut.de\/wp-content\/uploads\/2012\/12\/Skulptur-im-Schnee.jpg\"><img loading=\"lazy\" decoding=\"async\" title=\"Skulptur im Schnee\" src=\"http:\/\/www.erfahrungsfeld-schoen-und-gut.de\/wp-content\/uploads\/2012\/12\/Skulptur-im-Schnee-225x300.jpg\" alt=\"\" width=\"225\" height=\"300\" \/><\/a><\/p>\n<h3>21. November 2012<\/h3>\n<p><a href=\"http:\/\/www.erfahrungsfeld-schoen-und-gut.de\/wp-content\/uploads\/2012\/11\/Initiativpreis-NRW5.jpg\"><img loading=\"lazy\" decoding=\"async\" title=\"Initiativpreis NRW\" src=\"http:\/\/www.erfahrungsfeld-schoen-und-gut.de\/wp-content\/uploads\/2012\/11\/Initiativpreis-NRW5.jpg\" alt=\"\" width=\"185\" height=\"139\" \/><\/a><\/p>\n<p>Das Projekt <strong>SCH\u00d6NUNDGUT<\/strong>\u00a0wird mit dem <strong>&#8222;Initiativpreis NRW 2012&#8220;<\/strong> (Rang 1) ausgezeichnet, der seit f\u00fcnf Jahren von der WGZ Bank und der WAZ-Gruppe f\u00fcr besondere Leistungen an mittelst\u00e4ndische Unternehmen verliehen wird (s. auch Pressearchiv).<\/p>\n<p><a href=\"http:\/\/www.erfahrungsfeld-schoen-und-gut.de\/wp-content\/uploads\/2013\/03\/Verleihung-Initiativpreis-NRW-2012.jpg\"><img loading=\"lazy\" decoding=\"async\" src=\"http:\/\/www.erfahrungsfeld-schoen-und-gut.de\/wp-content\/uploads\/2013\/03\/Verleihung-Initiativpreis-NRW-2012-300x195.jpg\" alt=\"Initiativpreis NRW 2012\" width=\"300\" height=\"195\" \/><\/a><\/p>\n<h3>12. November 2012<\/h3>\n<p>Im Werkhaus findet ein Informationsaustausch zum &#8222;Neuen \u00dcbergangssystem Schule-Beruf&#8220; statt. Der Landesminister f\u00fcr Arbeit, Integration und Soziales, Herr Guntram Schneider, traf dabei mit einer ganzen Reihe lokaler Akteure zusammen. Unter anderem wurde er vom Katholischen Jugendwerk F\u00f6rderband \u00fcber die Entwicklungen in der Jugendwerkstatt informiert. Der Vorstandsvorsitzende der Hoppmann Stiftung begr\u00fc\u00dfte Minister Schneider (2.v.l.) und alle weiteren G\u00e4ste dabei auch pers\u00f6nlich.<\/p>\n<p><a href=\"http:\/\/www.erfahrungsfeld-schoen-und-gut.de\/wp-content\/uploads\/2012\/11\/Grusswort-durch-Wolfgang-Belitz.jpg\"><img loading=\"lazy\" decoding=\"async\" title=\"Grusswort durch Wolfgang Belitz\" src=\"http:\/\/www.erfahrungsfeld-schoen-und-gut.de\/wp-content\/uploads\/2012\/11\/Grusswort-durch-Wolfgang-Belitz-300x225.jpg\" alt=\"\" width=\"300\" height=\"225\" \/><\/a><\/p>\n<p>Im Pressearchiv finden Sie zu dieser Veranstaltung einen Bericht der Siegener Zeitung vom 13.11.2012.<\/p>\n<h3>September 2012<\/h3>\n<p>Die Detailplanungen f\u00fcr die Gestaltung des Bereichs hinter der Eingangsskulptur gehen voran. Der Architekt hat einen Pflanzplan entworfen. Die entsprechenden B\u00e4ume, Gew\u00e4chse und Str\u00e4ucher werden in K\u00fcrze ausgeschrieben und im Fr\u00fchjahr dann gesetzt.<\/p>\n<p><a href=\"http:\/\/www.erfahrungsfeld-schoen-und-gut.de\/wp-content\/uploads\/2012\/01\/2012-08-Pflanzplan-Grillterrassen.jpg\"><img loading=\"lazy\" decoding=\"async\" title=\"2012 08 Pflanzplan Grillterrassen\" src=\"http:\/\/www.erfahrungsfeld-schoen-und-gut.de\/wp-content\/uploads\/2012\/01\/2012-08-Pflanzplan-Grillterrassen-216x300.jpg\" alt=\"\" width=\"216\" height=\"300\" \/><\/a><\/p>\n<p>Jetzt schon sind Anf\u00e4nge der Trockenmauern zu sehen, die von der Jugendlichen aus der Werkstatt gebaut werden.<\/p>\n<p><a href=\"http:\/\/www.erfahrungsfeld-schoen-und-gut.de\/wp-content\/uploads\/2012\/11\/Bau-der-Trockenmauern-geht-voran.jpg\"><img loading=\"lazy\" decoding=\"async\" title=\"Bau der Trockenmauern geht voran\" src=\"http:\/\/www.erfahrungsfeld-schoen-und-gut.de\/wp-content\/uploads\/2012\/11\/Bau-der-Trockenmauern-geht-voran-300x225.jpg\" alt=\"\" width=\"300\" height=\"225\" \/><\/a><\/p>\n<p>Weit voran geschritten ist die Planung des Eingangstores. Hier werden sich gestalterische Elemente wiederfinden, die auch im Werkhaus und in der Eingangsskulptur eingesetzt wurden, etwa der Materialmix aus Holz und Metall.<\/p>\n<p><a href=\"http:\/\/www.erfahrungsfeld-schoen-und-gut.de\/wp-content\/uploads\/2012\/01\/Entwurf-Tor.jpg\"><img loading=\"lazy\" decoding=\"async\" title=\"Entwurf Tor\" src=\"http:\/\/www.erfahrungsfeld-schoen-und-gut.de\/wp-content\/uploads\/2012\/01\/Entwurf-Tor-300x117.jpg\" alt=\"\" width=\"300\" height=\"117\" \/><\/a><\/p>\n<p>Der Steg zur Eingangsskulptur wird zurzeit in der Jugendwerkstatt hergestellt und kann eventuell noch vor dem Winter angebracht werden.<\/p>\n<p><a href=\"http:\/\/www.erfahrungsfeld-schoen-und-gut.de\/wp-content\/uploads\/2012\/01\/Steg-zur-Skulptur1.jpg\"><img loading=\"lazy\" decoding=\"async\" title=\"Steg zur Skulptur\" src=\"http:\/\/www.erfahrungsfeld-schoen-und-gut.de\/wp-content\/uploads\/2012\/01\/Steg-zur-Skulptur1-300x211.jpg\" alt=\"\" width=\"300\" height=\"211\" \/><\/a><\/p>\n<h3>30. August 2012<\/h3>\n<p>Angef\u00fchrt von der Fraktionsvorsitzenden Ute H\u00f6pfner-Diezemann besuchten einige Vertreter der CDU-Fraktion aus dem Rat der Stadt Siegen das Erfahrungsfeld. Wolfgang Belitz und Hermann Schmid informierten sie ausf\u00fchrlich \u00fcber den bisherigen Verlauf im Projekt.<\/p>\n<p><a href=\"http:\/\/www.erfahrungsfeld-schoen-und-gut.de\/wp-content\/uploads\/2012\/08\/2012-08-30-Besuch-CDU-Fraktion.jpg\"><img loading=\"lazy\" decoding=\"async\" title=\"2012 08 30 Besuch CDU Fraktion\" src=\"http:\/\/www.erfahrungsfeld-schoen-und-gut.de\/wp-content\/uploads\/2012\/08\/2012-08-30-Besuch-CDU-Fraktion-300x225.jpg\" alt=\"\" width=\"300\" height=\"225\" \/><\/a><\/p>\n<h3>23. Juli 2012<\/h3>\n<p>Rabauki startet den dreiw\u00f6chigen Bauspielplatz, nach 16 Jahren auf dem Siegener Giersberg zum ersten Mal auf dem Erfahrungsfeld <strong>SCH\u00d6NUNDGUT<\/strong>. (s. auch Projektgalerie\/Rabauki)<\/p>\n<p>[singlepic id=270 w=320 h=240 float=none]<\/p>\n<h3>9. Juli 2012<\/h3>\n<p>Der SprachCircus hat begonnen.\u00a0(s. auch Projektgalerie\/SprachCircus)<\/p>\n<p>[singlepic id=243 w=320 h=240 float=none]<\/p>\n<h3>6. Juli 2012<\/h3>\n<p>Mit tatkr\u00e4ftiger Unterst\u00fctzung der hiesigen Feuerwehr gelingt es, den L\u00f6schteich im Rahmen einer kleinen \u00dcbung komplett zu bef\u00fcllen.<\/p>\n<p><strong>Die Skulptur &#8222;schwimmt&#8220; !!!<\/strong><\/p>\n<p>[singlepic id=245 w=320 h=240 float=none]<\/p>\n<h3>29. Juni 2012<\/h3>\n<p>Im L\u00f6schteich\/Biotop ist nun auch die Teichfolie fertig verlegt und verschwei\u00dft. Durch die Regenf\u00e4lle der letzten Tage sind schon einige hundert oder gar tausende Liter Wasser gelandet. Der Rest wird in der ersten Juli-Woche aufgef\u00fcllt. Insgesamt betr\u00e4gt das Fassungsverm\u00f6gen mehr als 300.000 Liter.<\/p>\n<p><a href=\"http:\/\/www.erfahrungsfeld-schoen-und-gut.de\/wp-content\/uploads\/2012\/01\/2012-06-29-06.jpg\"><img loading=\"lazy\" decoding=\"async\" title=\"2012 06 29 06\" src=\"http:\/\/www.erfahrungsfeld-schoen-und-gut.de\/wp-content\/uploads\/2012\/01\/2012-06-29-06-300x225.jpg\" alt=\"\" width=\"300\" height=\"225\" \/><\/a><\/p>\n<h3>27. Juni 2012<\/h3>\n<p>Die grobe Terrassierung wurde abgeschlossen.<\/p>\n<p>[singlepic id=248 w=320 h=240 float=none]<\/p>\n<p>In K\u00fcrze werden die TeilnehmerInnen der Jugendwerkstatt mit dem &#8222;Fein-Tuning&#8220; beginnen. Dazu geh\u00f6rt es u.a., Trockenmauern anzulegen, durch die der Bereich in einzelne Areale unterteilt wird. In Arbeit ist noch ein Bepflanzungsplan, der dann ebenfalls von der Jugendwerkstatt umgesetzt wird. \u00dcber kurz oder lang wird&#8217;s also auch wieder sch\u00f6n gr\u00fcn.<\/p>\n<h3>1. Juni 2012<\/h3>\n<p>Die Freiraumarbeiten gehen in die finale Phase. Der gesamte vordere Bereich des Erfahrungsfeldes hat sein Gesicht in den zur\u00fcckliegenden Monaten vollkommen ver\u00e4ndert. Wenn in den Sommerferien die Kinder den Berg f\u00fcr ein paar Wochen erobern, kann sich das Gel\u00e4nde wirklich sehen lassen.<\/p>\n<p><a href=\"http:\/\/www.erfahrungsfeld-schoen-und-gut.de\/wp-content\/uploads\/2012\/01\/2012-06-29-011.jpg\"><img loading=\"lazy\" decoding=\"async\" title=\"2012 06 29 01\" src=\"http:\/\/www.erfahrungsfeld-schoen-und-gut.de\/wp-content\/uploads\/2012\/01\/2012-06-29-011-225x300.jpg\" alt=\"\" width=\"225\" height=\"300\" \/><\/a><\/p>\n<h3>27. Mai 2012<\/h3>\n<p>Ab 15 Uhr wurden, teilweise unter lautem Hurra, aus 220 Anmeldungen die 150 Kinder ausgelost, die bei der Rabauki-Premiere auf dem Erfahrungsfeld dabei sein k\u00f6nnen. Die Besucherresonanz war sehr zufrieden stellend. Und die, die gekommen waren, nahmen bei dieser Gelegenheit auch mal das gesamte Gel\u00e4nde genauer unter die Lupe.<\/p>\n<p><a href=\"http:\/\/www.erfahrungsfeld-schoen-und-gut.de\/wp-content\/uploads\/2012\/01\/Rabauki-lost-aus-27-05-2012.jpg\"><img loading=\"lazy\" decoding=\"async\" title=\"Rabauki lost aus 27 05 2012\" src=\"http:\/\/www.erfahrungsfeld-schoen-und-gut.de\/wp-content\/uploads\/2012\/01\/Rabauki-lost-aus-27-05-2012-300x225.jpg\" alt=\"\" width=\"300\" height=\"225\" \/><\/a><\/p>\n<p><a href=\"http:\/\/www.erfahrungsfeld-schoen-und-gut.de\/wp-content\/uploads\/2012\/01\/Rabauki-lost-aus-27-05-2012-.jpg\"><img loading=\"lazy\" decoding=\"async\" title=\"Rabauki lost aus 27 05 2012\" src=\"http:\/\/www.erfahrungsfeld-schoen-und-gut.de\/wp-content\/uploads\/2012\/01\/Rabauki-lost-aus-27-05-2012--300x225.jpg\" alt=\"\" width=\"300\" height=\"225\" \/><\/a><\/p>\n<p>Am\u00a023. Juli geht&#8217;s dann endlich los!!!<\/p>\n<h3>Mai 2012<\/h3>\n<p>W\u00e4hrend die Jugendwerkstatt mehr und mehr im Normalbetrieb angekommen ist, laufen die Bauarbeiten im Umfeld des Werkhauses weiter. Die grobe Modulierung im Bereich hinter der Eingangsskulptur ist weit fortgeschritten, die Festwiese ist f\u00fcr den Auftrag von Mutterboden und Grassamen abschlie\u00dfend vorbereitet (dies wird aber erst nach den Sommerferien erfolgen) und die Aushubarbeiten f\u00fcr den L\u00f6schteich sind in vollem Gange.<\/p>\n<h3>April 2012<\/h3>\n<p>Markante und mehrere Hundert Kilo schwere Bruchsteine werden im Eingangsbereich des Werkhauses als Randsteine gesetzt.<\/p>\n<p><a href=\"http:\/\/www.erfahrungsfeld-schoen-und-gut.de\/wp-content\/uploads\/2012\/01\/Massive-Bruchsteine-als-Randbegrenzungen-02.jpg\"><img loading=\"lazy\" decoding=\"async\" title=\"Massive Bruchsteine als Randbegrenzungen 02\" src=\"http:\/\/www.erfahrungsfeld-schoen-und-gut.de\/wp-content\/uploads\/2012\/01\/Massive-Bruchsteine-als-Randbegrenzungen-02-300x225.jpg\" alt=\"\" width=\"300\" height=\"225\" \/><\/a><\/p>\n<p>Nach dem ersten Anlernen sind die Jugendlichen zum Teil schon recht selbst\u00e4ndig im Bereich Schmiedetechnik t\u00e4tig.<\/p>\n<p><a href=\"http:\/\/www.erfahrungsfeld-schoen-und-gut.de\/wp-content\/uploads\/2012\/01\/Schmiedearbeiten.jpg\"><img loading=\"lazy\" decoding=\"async\" title=\"Schmiedearbeiten\" src=\"http:\/\/www.erfahrungsfeld-schoen-und-gut.de\/wp-content\/uploads\/2012\/01\/Schmiedearbeiten-300x225.jpg\" alt=\"\" width=\"300\" height=\"225\" \/><\/a><\/p>\n<h3>Ende M\u00e4rz 2012<\/h3>\n<p>Im Zuge der Freiraumarbeiten wird das Drainagesystem f\u00fcr die Festwiese verlegt. In K\u00fcrze wird hier Gras sprie\u00dfen.<\/p>\n<p>Die Einfassung f\u00fcr die Fl\u00e4che rund ums Werkhaus ist ebenfalls fertig gestellt, so dass in K\u00fcrze der endg\u00fcltige Bodenbelag angebracht werden kann.<\/p>\n<p>[singlepic id=218 w=320 h=240 float=none]<\/p>\n<h3>27. M\u00e4rz 2012<\/h3>\n<p>Eines der ersten Produkte, das in der Werkstatt ma\u00dfgeblich von den jungen TeilnehmerInnen hergestellt wurde, ist ein gro\u00dfes Metallregal zur Aufbewahrung langer H\u00f6lzer.<\/p>\n<p><a href=\"http:\/\/www.erfahrungsfeld-schoen-und-gut.de\/wp-content\/uploads\/2012\/01\/Metallregal-fuer-lange-Hoelzer.jpg\"><img loading=\"lazy\" decoding=\"async\" title=\"Metallregal fuer lange Hoelzer\" src=\"http:\/\/www.erfahrungsfeld-schoen-und-gut.de\/wp-content\/uploads\/2012\/01\/Metallregal-fuer-lange-Hoelzer-300x225.jpg\" alt=\"\" width=\"210\" height=\"158\" \/><\/a><\/p>\n<h3>24. M\u00e4rz 2012<\/h3>\n<p>Erfreulicherweise gibt es auf dem Gel\u00e4nde so gut wie keinen Vandalismus oder sonstige Besch\u00e4digungen. Nun ist es doch mal passiert. Unbekannte haben die provisorische Br\u00fccke in die Eingangsskulptur heruntergerissen, wobei auch noch ein St\u00fcck vom Gel\u00e4nder abgebrochen ist. Schade!<\/p>\n<p>[singlepic id=222 w=320 h=240 float=none]<\/p>\n<p>Denn eigentlich ist <strong>jedermann und jederfrau auf dem Gel\u00e4nde willkommen<\/strong>, wie es auch schon im Zufahrtsbereich beschrieben ist. Doch den-\/diejenigen, die etwas kaputtmachen wollen, braucht auch auf diesem Gel\u00e4nde wirklich kein Mensch!<\/p>\n<h3>15. M\u00e4rz 2012<\/h3>\n<p>Anl\u00e4sslich der offiziellen Schl\u00fcssel\u00fcbergabe und der Unterzeichnung des Kooperationsvertrag zwischen Hoppmann Stiftung und Kath. F\u00f6rderband wurden die lokale Presse sowie die Sponsoren des <strong>SCH\u00d6NUNDGUT<\/strong>-Projekts auf das Gel\u00e4nde eingeladen. Bei strahlendem Sonnenschein wurden die G\u00e4ste \u00fcber die Entwicklungen im Projekt ausf\u00fchrlich informiert. Die Redner wurden von Projektleiter <strong>Hermann Schmid\u00a0<\/strong>(ganz links)\u00a0vorgestellt: weiter von links nach rechts\u00a0<strong>Wolfgang Belitz<\/strong> (Vorstandsvorsitzender Hoppmann Stiftung), <strong>Matthias Vitt<\/strong> (Gesch\u00e4ftsf\u00fchrer Kath. F\u00f6rderband e.V.), <strong>Babette Bammann<\/strong> (Sozialdezernentin Stadt Siegen) und <strong>Klaus Beck<\/strong> (Architekt).<\/p>\n<p>[singlepic id=211 w=320 h=240 float=none]<\/p>\n<p>[singlepic id=212 w=320 h=240 float=none]<\/p>\n<h3>1. M\u00e4rz 2012<\/h3>\n<p>Es geht behutsam los, denn es kommen nicht 16 Jugendliche auf einmal. In Monat 1 der Jugendwerkstatt treten zun\u00e4chst f\u00fcnf junge Menschen ins Projekt ein, die weiteren folgen im April und Mai.<\/p>\n<p>Die Zuweisungen erfolgen durch mehrere Kan\u00e4le: Job-Center, Kreis Siegen-Wittgenstein, Schulamt. Die Dinge m\u00fcssen sich entwickeln. So ist zum Beispiel mit dem Schulamt zu besprechen und zu kl\u00e4ren, welcher schulische Umfang im Werkstatt-Projekt geleistet werden kann und soll.<\/p>\n<h3>Februar 2012<\/h3>\n<p>Im Wesentlichen sind Werkhaus und Werkstatt einsatzbereit. Nach und nach treffen noch Werkzeuge, Maschinen und Mobiliar ein.<\/p>\n<p>[singlepic id=205 w=320 h=240 float=none]<\/p>\n<p>[singlepic id=207 w=320 h=240 float=none]<\/p>\n<p>[singlepic id=206 w=320 h=240 float=none]<\/p>\n<p>Der Gesamtwert dieser Anschaffungen bewegt sich in einem hohen f\u00fcnfstelligen Kostenbereich. Nun freuen sich die Fachanleiter und P\u00e4dagogInnen auf die jungen Menschen.<\/p>\n<h3>Januar 2012<\/h3>\n<p>Die sogenannte &#8222;Ert\u00fcchtigung&#8220; des Werkhauses, also die Vorbereitung f\u00fcr die Inbetriebnahme der Jugendwerkstatt, geht plangem\u00e4\u00df voran. Zwar ist es f\u00fcr die Projektleitung eine echte Herausforderung, alle Arbeiten zu koordinieren &#8211; doch es gelingt. Innerhalb kurzer Zeit wurde der Werkstattboden zweckgem\u00e4\u00df vorbereitet: Nach der Verlegung einer Fu\u00dfbodenheizung wurde Estrich gelegt und schlie\u00dflich versiegelt. Die Beleuchtung wurde an die Bed\u00fcrfnisse einer Werkstatt angepasst. Und endlich konnte auch die W\u00e4rmepumpe installiert und in Betrieb genommen werden.<\/p>\n<p>[singlepic id=210 w=320 h=240 float=none]<\/p>\n<p>&nbsp;<\/p>\n<p>Die Eingangsskulptur ist fix und fertig. Auf den abschlie\u00dfenden Clou muss noch etwas gewartet werden. Denn die Skulptur soll ja mitten im L\u00f6schteich\/Biotop stehen. Das aber dauert noch ein Weilchen.<\/p>\n<p><a href=\"http:\/\/www.erfahrungsfeld-schoen-und-gut.de\/wp-content\/uploads\/2012\/03\/Skulptur-mit-provisorischer-Br\u00fccke.jpg\"><img loading=\"lazy\" decoding=\"async\" title=\"Skulptur mit provisorischer Br\u00fccke\" src=\"http:\/\/www.erfahrungsfeld-schoen-und-gut.de\/wp-content\/uploads\/2012\/03\/Skulptur-mit-provisorischer-Br\u00fccke-225x300.jpg\" alt=\"\" width=\"158\" height=\"210\" \/><\/a><\/p>\n<h3><strong>Dezember 2011<\/strong><\/h3>\n<p>Im Zuge der Freiraumarbeiten werden kurz vor Weihnachten alle Anschl\u00fcsse verlegt. In dieser Hinsicht ist das Werkhaus damit betriebsbereit.<\/p>\n<p><a href=\"http:\/\/www.erfahrungsfeld-schoen-und-gut.de\/wp-content\/uploads\/2011\/12\/DSC04299-a1.jpg\"><img loading=\"lazy\" decoding=\"async\" title=\"Alle Stromkabel, Wasser- und Abwasser Leitungen sind fertig verlegt\" src=\"http:\/\/www.erfahrungsfeld-schoen-und-gut.de\/wp-content\/uploads\/2011\/12\/DSC04299-a1-300x200.jpg\" alt=\"\" width=\"180\" height=\"120\" \/><\/a><\/p>\n<p>Und noch eine frohe Botschaft in der Weihnachtszeit: Das Landesjugendamt des LWL sagt die Finanzierung einer <strong>Jugendwerkstatt<\/strong> zu. Darin werden ab 2012 bis zu 16 Jugendliche angeleitet und qualifiziert.<\/p>\n<p>Kooperationspartner der Hoppmann Stiftung ist das <strong>Katholische Jugendwerk F\u00f6rderband Siegen-Wittgenstein e.V.<\/strong><\/p>\n<p>Zum Jahresende kommt damit auch viel \u201cDruck auf den Kessel\u201d, denn im Verlauf des Januars muss der Werkstattbereich im Werkhaus fertig eingerichtet sein.<\/p>\n<h3><strong>November 2011<\/strong><\/h3>\n<p>Nur drei Wochen nach Beginn der Skulpturarbeiten ist das \u201cGerippe\u201d schon hochgezogen. Nachdem auch das Ger\u00fcst steht, wird innerhalb der kommenden drei bis vier Wochen die sogenannte Verlattung angebracht, sprich: die Holzfassade wird montiert. Nach Abschluss des Projekts wird sich dem Besucher damit direkt im Eingangsbereich ein weiterer erstaunlicher Blickfang bieten.<\/p>\n<p>Die vier vormontierten Module werden mit einem Kran an die passende Stelle verfrachtet.<\/p>\n<p>[singlepic id=180 w=320 h=240 float=left]<\/p>\n<p>[singlepic id=183 w=320 h=240 float=left]<\/p>\n<p>Vier Module an Ort und Stelle, Beginn des Ger\u00fcstbaus<\/p>\n<p>Ende des Monats November m\u00fcssen zus\u00e4tzlich Holzlatten bestellt werden. F\u00fcr die Unterkonstruktion war doch mehr als geplant verbaut worden, um darauf die Verschalung optimal anbringen zu k\u00f6nnen.<\/p>\n<p>Alle Beteiligten freuen sich schon auf den Moment, in dem das Ger\u00fcst wieder abmontiert wird und man \u201cfreie Sicht\u201d auf die fertige rotbraun leuchtende Skulptur hat.<\/p>\n<p>&nbsp;<\/p>\n<p><a href=\"http:\/\/www.erfahrungsfeld-schoen-und-gut.de\/wp-content\/uploads\/2012\/01\/2011-12-27-Skulptur-11.jpg\"><img loading=\"lazy\" decoding=\"async\" title=\"2011 12 27 Skulptur (1)\" src=\"http:\/\/www.erfahrungsfeld-schoen-und-gut.de\/wp-content\/uploads\/2012\/01\/2011-12-27-Skulptur-11-225x300.jpg\" alt=\"\" width=\"158\" height=\"210\" \/><\/a><\/p>\n<h3><strong>Oktober 2011<\/strong><\/h3>\n<p>Start des n\u00e4chsten Bauabschnitts: Freiraumarbeiten rund um das Werkhaus mit schwerem Ger\u00e4t. Parallel dazu werden der L\u00f6schteich und die Festwiese angelegt sowie die Terrassierung im hinteren Bereich der Eingangsskulptur in Angriff genommen. Am 24.10. wurde auch wieder ein Projekt mit arbeitslosen Jugendlichen gestartet. Es wird ca. 8 Wochen dauern. In dieser Zeit werden insgesamt vier junge M\u00e4nner und Frauen zusammen mit einem Zimmermeister die 9 Meter hohe und begehbare Holzskulptur errichten.<\/p>\n<p><a href=\"http:\/\/www.erfahrungsfeld-schoen-und-gut.de\/wp-content\/uploads\/2011\/09\/Entwurf-Beck-01-2011-Nr-04.jpg\"><img loading=\"lazy\" decoding=\"async\" title=\"Entwurf Beck 01 2011 Nr 04\" src=\"http:\/\/www.erfahrungsfeld-schoen-und-gut.de\/wp-content\/uploads\/2011\/09\/Entwurf-Beck-01-2011-Nr-04-300x210.jpg\" alt=\"\" width=\"210\" height=\"147\" \/><\/a><\/p>\n<h3><strong>September 2011<\/strong><\/h3>\n<p>Vorbereitung der Auftragsvergabe<\/p>\n<h3><strong>August 2011<\/strong><\/h3>\n<p>Ausschreibung der Freiraumplanung<\/p>\n<h3><strong>Juni 2011<\/strong><\/h3>\n<p>Fertigstellung der Rohbauarbeiten des Werkhauses<\/p>\n<p><a href=\"http:\/\/www.erfahrungsfeld-schoen-und-gut.de\/wp-content\/uploads\/2011\/09\/7Fertigstellung-der-Rohbauarbeiten1.jpg\"><img loading=\"lazy\" decoding=\"async\" title=\"7Fertigstellung der Rohbauarbeiten\" src=\"http:\/\/www.erfahrungsfeld-schoen-und-gut.de\/wp-content\/uploads\/2011\/09\/7Fertigstellung-der-Rohbauarbeiten1-300x225.jpg\" alt=\"\" width=\"210\" height=\"158\" \/><\/a><\/p>\n<p><strong>M\u00e4rz 2011<\/strong><\/p>\n<p>Richtfest am 24.03.<\/p>\n<p><a href=\"http:\/\/www.erfahrungsfeld-schoen-und-gut.de\/wp-content\/uploads\/2011\/09\/7Fertigstellung-der-Rohbauarbeiten21.jpg\"><img loading=\"lazy\" decoding=\"async\" title=\"7Fertigstellung der Rohbauarbeiten2\" src=\"http:\/\/www.erfahrungsfeld-schoen-und-gut.de\/wp-content\/uploads\/2011\/09\/7Fertigstellung-der-Rohbauarbeiten21-300x225.jpg\" alt=\"\" width=\"240\" height=\"180\" \/><\/a><\/p>\n<p>Bauantrag f\u00fcr die Eingangsskulptur<\/p>\n<p><a href=\"http:\/\/www.erfahrungsfeld-schoen-und-gut.de\/wp-content\/uploads\/2011\/09\/08-2009-Entwurf-Eingangsraumskulptur.jpg\"><img loading=\"lazy\" decoding=\"async\" title=\"08 2009 Entwurf Eingangsraumskulptur\" src=\"http:\/\/www.erfahrungsfeld-schoen-und-gut.de\/wp-content\/uploads\/2011\/09\/08-2009-Entwurf-Eingangsraumskulptur-300x189.jpg\" alt=\"\" width=\"210\" height=\"132\" \/><\/a><\/p>\n<h3><strong>Ende Januar 2011<\/strong><\/h3>\n<p>Endlich kann es weitergehen.<\/p>\n<p><a href=\"http:\/\/www.erfahrungsfeld-schoen-und-gut.de\/wp-content\/uploads\/2011\/09\/4Schaffung-von-5-Zusatzjobs1.jpg\"><img loading=\"lazy\" decoding=\"async\" title=\"4Schaffung von 5 Zusatzjobs\" src=\"http:\/\/www.erfahrungsfeld-schoen-und-gut.de\/wp-content\/uploads\/2011\/09\/4Schaffung-von-5-Zusatzjobs1-300x225.jpg\" alt=\"\" width=\"240\" height=\"180\" \/><\/a><\/p>\n<p><a href=\"http:\/\/www.erfahrungsfeld-schoen-und-gut.de\/wp-content\/uploads\/2011\/09\/5Baubeginn-des-Werkhauses21.jpg\"><img loading=\"lazy\" decoding=\"async\" title=\"5Baubeginn des Werkhauses2\" src=\"http:\/\/www.erfahrungsfeld-schoen-und-gut.de\/wp-content\/uploads\/2011\/09\/5Baubeginn-des-Werkhauses21-300x225.jpg\" alt=\"\" width=\"240\" height=\"180\" \/><\/a><\/p>\n<p><a href=\"http:\/\/www.erfahrungsfeld-schoen-und-gut.de\/wp-content\/uploads\/2011\/09\/4Schaffung-von-5-Zusatzjobs21.jpg\"><img loading=\"lazy\" decoding=\"async\" title=\"4Schaffung von 5 Zusatzjobs2\" src=\"http:\/\/www.erfahrungsfeld-schoen-und-gut.de\/wp-content\/uploads\/2011\/09\/4Schaffung-von-5-Zusatzjobs21-300x225.jpg\" alt=\"\" width=\"240\" height=\"180\" \/><\/a><\/p>\n<h3><strong>Dezember 2010 \u2013 Januar 2011<\/strong><\/h3>\n<p>Bauunterbrechung wegen des strengen Winters<\/p>\n<p><a href=\"http:\/\/www.erfahrungsfeld-schoen-und-gut.de\/wp-content\/uploads\/2011\/09\/6Bauunterbrechung21.jpg\"><img loading=\"lazy\" decoding=\"async\" title=\"6Bauunterbrechung2\" src=\"http:\/\/www.erfahrungsfeld-schoen-und-gut.de\/wp-content\/uploads\/2011\/09\/6Bauunterbrechung21-300x225.jpg\" alt=\"\" width=\"180\" height=\"135\" \/><\/a><\/p>\n<p><a href=\"http:\/\/www.erfahrungsfeld-schoen-und-gut.de\/wp-content\/uploads\/2011\/09\/6Bauunterbrechung1.jpg\"><img loading=\"lazy\" decoding=\"async\" title=\"6Bauunterbrechung\" src=\"http:\/\/www.erfahrungsfeld-schoen-und-gut.de\/wp-content\/uploads\/2011\/09\/6Bauunterbrechung1-300x225.jpg\" alt=\"\" width=\"180\" height=\"135\" \/><\/a><\/p>\n<h3><strong>November 2010<\/strong><\/h3>\n<p>Baubeginn des Werkhauses<\/p>\n<p><a href=\"http:\/\/www.erfahrungsfeld-schoen-und-gut.de\/wp-content\/uploads\/2011\/09\/5Baubeginn-des-Werkhauses1.jpg\"><img loading=\"lazy\" decoding=\"async\" title=\"5Baubeginn des Werkhauses\" src=\"http:\/\/www.erfahrungsfeld-schoen-und-gut.de\/wp-content\/uploads\/2011\/09\/5Baubeginn-des-Werkhauses1-300x225.jpg\" alt=\"\" width=\"180\" height=\"135\" \/><\/a><\/p>\n<h3><strong>September 2010<\/strong><\/h3>\n<p>Der Auftrag des Werkhauses wird an einen Generalunternehmer vergeben.<\/p>\n<h3><strong>Juli 2010<\/strong><\/h3>\n<p>Die ARGE Siegen-Wittgenstein bewilligt F\u00f6rderleistungen zur Schaffung von f\u00fcnf Zusatzjobs.<\/p>\n<h3><strong>Juni 2010<\/strong><\/h3>\n<p>Die Ausschreibung des Werkhauses mit verschiedenen Losen wird vorbereitet. In LOS 1 (Holzbau, Innenausbau) sollen 6 arbeitslose junge Menschen eingebunden werden. Antrag an die ARGE Siegen-Wittgenstein durch die Stadt auf Bezuschussung von 6 arbeitslosen jungen Menschen f\u00fcr den Bau des Werkhauses im Wege von Arbeitsgelegenheiten auf Entgeltbasis.<\/p>\n<h3><strong>Mai 2010<\/strong><\/h3>\n<p>Der Bauantrag f\u00fcr das Werkhaus wird gestellt.<\/p>\n<h3><strong>M\u00e4rz 2010<\/strong><\/h3>\n<p>Der Architektenauftrag f\u00fcr den Bau des Werkhauses und der Freiraumplanung wird vergeben.<\/p>\n<h3><strong>Dezember 2009<\/strong><\/h3>\n<p>Der Bewilligungsbescheid f\u00fcr den 2. Bauabschnitt geht ein.<\/p>\n<p><strong>Oktober 2009<\/strong><\/p>\n<p>Abriss von 15 Schussf\u00e4ngen (jede 80 [!] qm gro\u00df); das Material wird in kleine Steine zermahlen und soll zu einem sp\u00e4teren Zeitpunkt auf dem Gel\u00e4nde eine neue Verwendung finden; 3 Platten bleiben als Erinnerung an die fr\u00fchere Gel\u00e4ndenutzung stehen.<\/p>\n<p>Gr\u00fcndung eines Kuratoriums mit Vertreterinnen und Vertretern von Arbeitgeber- und Arbeitnehmerverb\u00e4nden, Kirchen, Kreis Siegen-Wittgenstein, Stadt, Universit\u00e4t, Kulturverein und Agentur f\u00fcr Arbeit.<\/p>\n<p><a href=\"http:\/\/www.erfahrungsfeld-schoen-und-gut.de\/wp-content\/uploads\/2011\/09\/3Fertigstellung-der-Abbrucharbeiten1.jpg\"><img loading=\"lazy\" decoding=\"async\" title=\"3Fertigstellung der Abbrucharbeiten\" src=\"http:\/\/www.erfahrungsfeld-schoen-und-gut.de\/wp-content\/uploads\/2011\/09\/3Fertigstellung-der-Abbrucharbeiten1-300x225.jpg\" alt=\"\" width=\"180\" height=\"135\" \/><\/a><\/p>\n<p><a href=\"http:\/\/www.erfahrungsfeld-schoen-und-gut.de\/wp-content\/uploads\/2011\/09\/3Fertigstellung-der-Abbrucharbeiten31.jpg\"><img loading=\"lazy\" decoding=\"async\" title=\"3Fertigstellung der Abbrucharbeiten3\" src=\"http:\/\/www.erfahrungsfeld-schoen-und-gut.de\/wp-content\/uploads\/2011\/09\/3Fertigstellung-der-Abbrucharbeiten31-300x225.jpg\" alt=\"\" width=\"180\" height=\"135\" \/><\/a><\/p>\n<p><a href=\"http:\/\/www.erfahrungsfeld-schoen-und-gut.de\/wp-content\/uploads\/2011\/09\/3Fertigstellung-der-Abbrucharbeiten21.jpg\"><img loading=\"lazy\" decoding=\"async\" title=\"3Fertigstellung der Abbrucharbeiten2\" src=\"http:\/\/www.erfahrungsfeld-schoen-und-gut.de\/wp-content\/uploads\/2011\/09\/3Fertigstellung-der-Abbrucharbeiten21-300x200.jpg\" alt=\"\" width=\"180\" height=\"120\" \/><\/a><\/p>\n<h3><strong>September 2009<\/strong><\/h3>\n<p>Fertigstellung der Zufahrtsstra\u00dfe<\/p>\n<p><a href=\"http:\/\/www.erfahrungsfeld-schoen-und-gut.de\/wp-content\/uploads\/2011\/09\/2Fertigstellung-der-Zufahrtsstra\u00dfe1.jpg\"><img loading=\"lazy\" decoding=\"async\" title=\"2Fertigstellung der Zufahrtsstra\u00dfe\" src=\"http:\/\/www.erfahrungsfeld-schoen-und-gut.de\/wp-content\/uploads\/2011\/09\/2Fertigstellung-der-Zufahrtsstra\u00dfe1-300x225.jpg\" alt=\"\" width=\"180\" height=\"135\" \/><\/a>\u00a0 <a href=\"http:\/\/www.erfahrungsfeld-schoen-und-gut.de\/wp-content\/uploads\/2011\/09\/2Fertigstellung-der-Zufahrtsstra\u00dfe21.jpg\"><img loading=\"lazy\" decoding=\"async\" title=\"2Fertigstellung der Zufahrtsstra\u00dfe2\" src=\"http:\/\/www.erfahrungsfeld-schoen-und-gut.de\/wp-content\/uploads\/2011\/09\/2Fertigstellung-der-Zufahrtsstra\u00dfe21-300x225.jpg\" alt=\"\" width=\"180\" height=\"135\" \/><\/a><\/p>\n<h3><strong>Juli 2009<\/strong><\/h3>\n<p>Spatenstich f\u00fcr den Stra\u00dfenbau. Beginn des Kanal- und Stra\u00dfenbaus. Antrag auf einen 2. Bauabschnitt mit einem Volumen von 520.000 EUR.<\/p>\n<p>[singlepic id=154 w=320 h=240 float=none]<\/p>\n<h3><strong>Juni 2009<\/strong><\/h3>\n<p>Der F\u00f6rdervertrag zwischen der Sparkassenstiftung Zukunft, der Sparkasse Siegen und der Hoppmann Stiftung \u00fcber zun\u00e4chst 5 Jahre wird unterzeichnet.<\/p>\n<h3><strong>Januar 2009<\/strong><\/h3>\n<p>Die Hoppmann Stiftung pachtet \u00fcber einen Zeitraum von 30 Jahren das Gel\u00e4nde von der Stadt. Ausschreibung und Vergabe der Erschlie\u00dfung und des Stra\u00dfenbaus. Ausschreibung und Vergabe der Abbrucharbeiten.<\/p>\n<p><a href=\"http:\/\/www.erfahrungsfeld-schoen-und-gut.de\/wp-content\/uploads\/2012\/01\/Unterzeichnung-des-Pachtvertrags-durch-Martin-Schneider-und-Wolfgang-Belitz.jpg\"><img loading=\"lazy\" decoding=\"async\" title=\"Wolfgang Belitz und Martin Schneider von der Hoppmann Stiftung unterzeichnen den Erbpachtvertrag mit der Stadt Siegen\" src=\"http:\/\/www.erfahrungsfeld-schoen-und-gut.de\/wp-content\/uploads\/2012\/01\/Unterzeichnung-des-Pachtvertrags-durch-Martin-Schneider-und-Wolfgang-Belitz-150x150.jpg\" alt=\"\" width=\"105\" height=\"105\" \/><\/a><\/p>\n<h3><strong>Dezember 2008<\/strong><\/h3>\n<p>Die Stadt erwirbt das Grundst\u00fcck von der Anstalt f\u00fcr Immobilienaufgaben des Bundes.<\/p>\n<h3><strong>September 2008<\/strong><\/h3>\n<p>Einstellung des Projektleiters<\/p>\n<h3><strong>Januar 2008<\/strong><\/h3>\n<p>Beginn der Verhandlungen mit der Bundesanstalt f\u00fcr Immobilienaufgaben zum Erwerb des Grundst\u00fccks durch die Stadt Siegen und Vorbereitung des Erbbaurechtsvertrages mit der Hoppmann Stiftung \u201eDemokratie im Alltag\u201c.<\/p>\n<h3><strong>Dezember 2007<\/strong><\/h3>\n<p>Der Regierungspr\u00e4sident \u00fcberreicht den Bewilligungsbescheid.<\/p>\n<h3><strong>September 2007<\/strong><\/h3>\n<p>Der Architekt erh\u00e4lt den Auftrag, eine Rahmenplanung f\u00fcr das Gel\u00e4nde zu erarbeiten. Das 1. Rahmenkonzept wird vorgelegt.<\/p>\n<p><a href=\"http:\/\/www.erfahrungsfeld-schoen-und-gut.de\/wp-content\/uploads\/2012\/01\/Rahmenplan1.jpg\"><img loading=\"lazy\" decoding=\"async\" title=\"Rahmenplan\" src=\"http:\/\/www.erfahrungsfeld-schoen-und-gut.de\/wp-content\/uploads\/2012\/01\/Rahmenplan1-1024x641.jpg\" alt=\"\" width=\"584\" height=\"365\" \/><\/a><\/p>\n<h3><strong>April 2007<\/strong><\/h3>\n<p>Stadt und Hoppmann Stiftung richten eine Lenkungsgruppe zur Steuerung des Projekts ein. Jede Partei stellt drei Mitglieder und eine\/n Berater\/Beraterin.<\/p>\n<h3><strong>M\u00e4rz 2007<\/strong><\/h3>\n<p>Der Rat der Stadt Siegen beschlie\u00dft die Unterst\u00fctzung des Projekts.<\/p>\n<h3><strong>Februar 2007<\/strong><\/h3>\n<p>Die Jury aus Vertretern des Bundesministerium f\u00fcr Verkehr, Bau und Stadtentwicklung, des Ministeriums f\u00fcr Bauen und Verkehr des Landes Nordrhein Westfalen und des Instituts f\u00fcr Landes- und Stadtentwicklung des Landes NRW nimmt das Projekt in die F\u00f6rderung. Die Stadt erh\u00e4lt bei f\u00f6rderf\u00e4higen Kosten von 857.000 EUR einen Zuschuss von 600.000 EUR. 170.000 EUR werden von der Stiftung und 85.000 EUR von der Stadt Siegen bereit gestellt.<\/p>\n<h3><strong>September 2006<\/strong><\/h3>\n<p>Die Stadt geht in den Wettbewerb um die Mittel aus dem \u201eSoziale Stadt\u201c Programm.<\/p>\n<h3><strong>Juli 2006<\/strong><\/h3>\n<p>Das Ministerium des Landes NRW k\u00fcndigt das Modellprogramm \u201eSoziale Stadt \u2013 Wir setzen Zeichen\u201c an.<\/p>\n<h3><strong>Juni 2006<\/strong><\/h3>\n<p>Die Stiftung informiert Herrn B\u00fcrgermeister Ulf St\u00f6tzel \u00fcber das Projekt. Herr St\u00f6tzel sagt Unterst\u00fctzung zu.<\/p>\n<h3><strong>Mai 2006<\/strong><\/h3>\n<p>Wolfgang Belitz und Andrea Dittmann (beide im Vorstand der Hoppmann Stiftung) pr\u00e4sentieren die Projektidee im Stadtteilb\u00fcro Fischbacherberg.<\/p>\n<h2><strong>Vorgeschichte:<\/strong><\/h2>\n<p>Das Gel\u00e4nde wurde bereits Ende der 1930er Jahre von der Deutschen Wehrmacht als Schie\u00df\u00fcbungsplatz genutzt. Die Nutzung ging in der Besatzungszeit nach dem 2. Weltkrieg auf die belgische Garnison \u00fcber und endete nach deren Abzug in 1991.<\/p>\n<p>1997 wurde im Stadtteil Fischbacherberg ein einw\u00f6chiger Workshop mit Sch\u00fclerinnen und Sch\u00fclern der Hauptschule Achenbach durchgef\u00fchrt. Die Sch\u00fclerinnen und Sch\u00fcler sollten Ma\u00dfnahme- und Entwicklungspotenziale f\u00fcr ihren Stadtteil ausarbeiten. Als Ma\u00dfnahmeempfehlung in Priorit\u00e4t 1 wurde die Umwandlung des Schie\u00dfstandes in einen Sport- und Freizeitpark vorgeschlagen und dem damaligen Stadtdirektor unterbreitet.<\/p>\n<p>1998 besch\u00e4ftigte sich der Hauptausschuss der Stadt Siegen als Planungsausschuss mit dem Gel\u00e4nde und legte in seinem Beschluss eine Nutzung zu Sport-, Freizeit- und Erholungszwecken fest.<\/p>\n","protected":false},"excerpt":{"rendered":"<p>30. September 2025: Im September konnte mit einer gro\u00dfz\u00fcgigen finanziellen Unterst\u00fctzung des Zonta Club Siegen Area &#8211; Dankesch\u00f6n \ud83d\ude42 &#8211; die \u201aZOASE&#8216; im Erfahrungsfeld SCH\u00d6NUNDGUT eingeweiht werden. Dieses Projekt wurde auf dem Gel\u00e4nde der Hoppmann Stiftung mit den Teilnehmenden der &hellip; <a href=\"https:\/\/www.erfahrungsfeld-schoen-und-gut.de\/?page_id=617\">Weiterlesen <span class=\"meta-nav\">&rarr;<\/span><\/a><\/p>\n","protected":false},"author":2,"featured_media":0,"parent":0,"menu_order":0,"comment_status":"open","ping_status":"open","template":"","meta":{"footnotes":""},"class_list":["post-617","page","type-page","status-publish","hentry"],"_links":{"self":[{"href":"https:\/\/www.erfahrungsfeld-schoen-und-gut.de\/index.php?rest_route=\/wp\/v2\/pages\/617","targetHints":{"allow":["GET"]}}],"collection":[{"href":"https:\/\/www.erfahrungsfeld-schoen-und-gut.de\/index.php?rest_route=\/wp\/v2\/pages"}],"about":[{"href":"https:\/\/www.erfahrungsfeld-schoen-und-gut.de\/index.php?rest_route=\/wp\/v2\/types\/page"}],"author":[{"embeddable":true,"href":"https:\/\/www.erfahrungsfeld-schoen-und-gut.de\/index.php?rest_route=\/wp\/v2\/users\/2"}],"replies":[{"embeddable":true,"href":"https:\/\/www.erfahrungsfeld-schoen-und-gut.de\/index.php?rest_route=%2Fwp%2Fv2%2Fcomments&post=617"}],"version-history":[{"count":10,"href":"https:\/\/www.erfahrungsfeld-schoen-und-gut.de\/index.php?rest_route=\/wp\/v2\/pages\/617\/revisions"}],"predecessor-version":[{"id":2424,"href":"https:\/\/www.erfahrungsfeld-schoen-und-gut.de\/index.php?rest_route=\/wp\/v2\/pages\/617\/revisions\/2424"}],"wp:attachment":[{"href":"https:\/\/www.erfahrungsfeld-schoen-und-gut.de\/index.php?rest_route=%2Fwp%2Fv2%2Fmedia&parent=617"}],"curies":[{"name":"wp","href":"https:\/\/api.w.org\/{rel}","templated":true}]}}